{"id":16490,"date":"2019-07-27T16:36:30","date_gmt":"2019-07-27T15:36:30","guid":{"rendered":"http:\/\/neb.ist.utl.pt\/~neb.daemon\/site\/?page_id=16490"},"modified":"2024-07-08T18:45:38","modified_gmt":"2024-07-08T17:45:38","slug":"plataforma-erasmus","status":"publish","type":"page","link":"https:\/\/neb.ist.utl.pt\/~neb.daemon\/site\/plataforma-erasmus\/","title":{"rendered":"Plataforma Erasmus"},"content":{"rendered":"<div id=\"pl-16490\"  class=\"panel-layout\" ><div id=\"pg-16490-0\"  class=\"panel-grid panel-has-style\" ><div style=\"padding: 0px 0; \" class=\"panel-row-style panel-row-style-for-16490-0\" ><div id=\"pgc-16490-0-0\"  class=\"panel-grid-cell\" ><a id=\"1\" data-ps2id-target=\"\"><\/a><\/div><\/div><\/div><div id=\"pg-16490-1\"  class=\"panel-grid panel-has-style\" ><div class=\"siteorigin-panels-stretch perth-stretch panel-row-style panel-row-style-for-16490-1\" style=\"background-color: #ffffff;color: #000000;padding: 15px 0; \" data-stretch-type=\"full\" data-hascolor=\"hascolor\" ><div id=\"pgc-16490-1-0\"  class=\"panel-grid-cell panel-grid-cell-empty\" ><\/div><\/div><\/div><div id=\"pg-16490-2\"  class=\"panel-grid panel-has-style\" ><div style=\"padding: 0px 0; \" class=\"panel-row-style panel-row-style-for-16490-2\" ><div id=\"pgc-16490-2-0\"  class=\"panel-grid-cell\" ><div id=\"panel-16490-2-0-0\" class=\"so-panel widget widget_sow-editor panel-first-child\" data-index=\"1\" ><div class=\"panel-widget-style panel-widget-style-for-16490-2-0-0\" ><div\n\t\t\t\n\t\t\tclass=\"so-widget-sow-editor so-widget-sow-editor-base\"\n\t\t\t\n\t\t><h3 class=\"widget-title\">Plataforma Erasmus<\/h3>\n<div class=\"siteorigin-widget-tinymce textwidget\">\n\t<div class=\"siteorigin-widget-tinymce textwidget\">\n<p style=\"text-align: justify;\">Conhecer um pa\u00eds, novas pessoas e culturas enquanto completas o teu curso? Abra\u00e7a o conceito Erasmus e vais de certeza sair a ganhar! Fica a saber um pouco mais sobre as universidades mais procuradas pelos alunos de Biol\u00f3gica.<\/p>\n<p style=\"text-align: justify;\">N\u00e3o percas tamb\u00e9m os testemunhos dos teus colegas que j\u00e1 passaram por estas universidades.<\/p>\n<p>Se j\u00e1 foste de Erasmus e queres partilhar a tua experi\u00eancia envia-nos um <a href=\"mailto:neb@tecnico.ulisboa.pt\">e-mail<\/a>, toda a ajuda \u00e9 bem-vinda!<\/p>\n<div class=\"vc_row wpb_row vc_row-fluid dt-default\">\n<div class=\"wpb_column vc_column_container vc_col-sm-12\">\n<div class=\"vc_column-inner \">\n<div class=\"wpb_wrapper\">&nbsp;<\/div>\n<\/div>\n<\/div>\n<\/div>\n<\/div>\n<\/div>\n<\/div><\/div><\/div><div id=\"panel-16490-2-0-1\" class=\"so-panel widget widget_pt_tabs pt-widget-tabs panel-last-child\" data-index=\"2\" ><div class=\"panel-widget-style panel-widget-style-for-16490-2-0-1\" >\t\t\t<div class=\"pt-tabs\">\n\t\t\t\t\n\t\t\t\t\t\t\t\t\t<ul class=\"pt-tabs__navigation  nav  nav-tabs\" role=\"tablist\">\n\t\t\t\t\t\t\t\t\t\t\t\t\t<li class=\"nav-item  active\">\n\t\t\t\t\t\t\t\t<a class=\"nav-link\" data-toggle=\"tab\" href=\"#tab-it\u00e1lia\" role=\"tab\">It\u00e1lia<\/a>\n\t\t\t\t\t\t\t<\/li>\n\t\t\t\t\t\t\t\t\t\t\t\t\t<li class=\"nav-item\">\n\t\t\t\t\t\t\t\t<a class=\"nav-link\" data-toggle=\"tab\" href=\"#tab-noruega\" role=\"tab\">Noruega<\/a>\n\t\t\t\t\t\t\t<\/li>\n\t\t\t\t\t\t\t\t\t\t\t\t\t<li class=\"nav-item\">\n\t\t\t\t\t\t\t\t<a class=\"nav-link\" data-toggle=\"tab\" href=\"#tab-fran\u00e7a\" role=\"tab\">Fran\u00e7a<\/a>\n\t\t\t\t\t\t\t<\/li>\n\t\t\t\t\t\t\t\t\t\t\t\t\t<li class=\"nav-item\">\n\t\t\t\t\t\t\t\t<a class=\"nav-link\" data-toggle=\"tab\" href=\"#tab-dinamarca\" role=\"tab\">Dinamarca<\/a>\n\t\t\t\t\t\t\t<\/li>\n\t\t\t\t\t\t\t\t\t\t\t\t\t<li class=\"nav-item\">\n\t\t\t\t\t\t\t\t<a class=\"nav-link\" data-toggle=\"tab\" href=\"#tab-su\u00e9cia\" role=\"tab\">Su\u00e9cia<\/a>\n\t\t\t\t\t\t\t<\/li>\n\t\t\t\t\t\t\t\t\t\t\t\t\t<li class=\"nav-item\">\n\t\t\t\t\t\t\t\t<a class=\"nav-link\" data-toggle=\"tab\" href=\"#tab-su\u00ed\u00e7a\" role=\"tab\">Su\u00ed\u00e7a<\/a>\n\t\t\t\t\t\t\t<\/li>\n\t\t\t\t\t\t\t\t\t\t\t\t\t<li class=\"nav-item\">\n\t\t\t\t\t\t\t\t<a class=\"nav-link\" data-toggle=\"tab\" href=\"#tab-b\u00e9lgica\" role=\"tab\">B\u00e9lgica<\/a>\n\t\t\t\t\t\t\t<\/li>\n\t\t\t\t\t\t\t\t\t\t\t\t\t<li class=\"nav-item\">\n\t\t\t\t\t\t\t\t<a class=\"nav-link\" data-toggle=\"tab\" href=\"#tab-alemanha\" role=\"tab\">Alemanha<\/a>\n\t\t\t\t\t\t\t<\/li>\n\t\t\t\t\t\t\t\t\t\t\t\t\t<li class=\"nav-item\">\n\t\t\t\t\t\t\t\t<a class=\"nav-link\" data-toggle=\"tab\" href=\"#tab-pa\u00edses-baixos\" role=\"tab\">Pa\u00edses Baixos<\/a>\n\t\t\t\t\t\t\t<\/li>\n\t\t\t\t\t\t\t\t\t\t\t\t\t<li class=\"nav-item\">\n\t\t\t\t\t\t\t\t<a class=\"nav-link\" data-toggle=\"tab\" href=\"#tab-\u00c1ustria\" role=\"tab\">\u00c1ustria<\/a>\n\t\t\t\t\t\t\t<\/li>\n\t\t\t\t\t\t\t\t\t\t\t\t\t<li class=\"nav-item\">\n\t\t\t\t\t\t\t\t<a class=\"nav-link\" data-toggle=\"tab\" href=\"#tab-rep\u00fablica-checa\" role=\"tab\">Rep\u00fablica Checa<\/a>\n\t\t\t\t\t\t\t<\/li>\n\t\t\t\t\t\t\t\t\t\t\t\t\t<li class=\"nav-item\">\n\t\t\t\t\t\t\t\t<a class=\"nav-link\" data-toggle=\"tab\" href=\"#tab-outras\" role=\"tab\">Outras<\/a>\n\t\t\t\t\t\t\t<\/li>\n\t\t\t\t\t\t\t\t\t\t\t<\/ul>\n\n\t\t\t\t\t<div class=\"pt-tabs__content  tab-content\">\n\t\t\t\t\t\t\t\t\t\t\t<div class=\"tab-pane  fade  in  active\" id=\"tab-it\u00e1lia\" role=\"tabpanel\">\n\t\t\t\t\t\t\t<div id=\"pl-w668c25c29444c\"  class=\"panel-layout\" ><div id=\"pg-w668c25c29444c-0\"  class=\"panel-grid panel-has-style\" ><div class=\"siteorigin-panels-stretch perth-stretch panel-row-style panel-row-style-for-w668c25c29444c-0\" style=\"background-color: #ffffff;color: #000000;padding: 25px 0; \" data-stretch-type=\"full\" data-hascolor=\"hascolor\" ><div id=\"pgc-w668c25c29444c-0-0\"  class=\"panel-grid-cell panel-grid-cell-empty\" ><\/div><\/div><\/div><div id=\"pg-w668c25c29444c-1\"  class=\"panel-grid panel-has-style\" ><div class=\"siteorigin-panels-stretch perth-stretch panel-row-style panel-row-style-for-w668c25c29444c-1\" style=\"padding: 0px 0; \" data-stretch-type=\"full\" ><div id=\"pgc-w668c25c29444c-1-0\"  class=\"panel-grid-cell\" ><div id=\"panel-w668c25c29444c-1-0-0\" class=\"so-panel widget widget_sow-editor panel-first-child panel-last-child\" data-index=\"0\" ><div class=\"panel-widget-style panel-widget-style-for-w668c25c29444c-1-0-0\" ><div\n\t\t\t\n\t\t\tclass=\"so-widget-sow-editor so-widget-sow-editor-base\"\n\t\t\t\n\t\t><h3 class=\"widget-title\">Universit\u00e0 Degli Studi di Milano<\/h3>\n<div class=\"siteorigin-widget-tinymce textwidget\">\n\t<\/div>\n<\/div><\/div><\/div><\/div><\/div><\/div><div id=\"pg-w668c25c29444c-2\"  class=\"panel-grid panel-has-style\" ><div style=\"padding: 0px 0; \" class=\"panel-row-style panel-row-style-for-w668c25c29444c-2\" ><div id=\"pgc-w668c25c29444c-2-0\"  class=\"panel-grid-cell\" ><div id=\"panel-w668c25c29444c-2-0-0\" class=\"so-panel widget widget_sow-image panel-first-child panel-last-child\" data-index=\"1\" ><div class=\"panel-widget-style panel-widget-style-for-w668c25c29444c-2-0-0\" ><div\n\t\t\t\n\t\t\tclass=\"so-widget-sow-image so-widget-sow-image-default-8b5b6f678277-16490\"\n\t\t\t\n\t\t>\n\n<div class=\"sow-image-container\">\n\t\t<img fetchpriority=\"high\" decoding=\"async\" src=\"https:\/\/i0.wp.com\/neb.ist.utl.pt\/~neb.daemon\/site\/wp-content\/uploads\/2024\/07\/OIP.jpg?fit=474%2C266&amp;ssl=1\" width=\"474\" height=\"266\" srcset=\"https:\/\/i0.wp.com\/neb.ist.utl.pt\/~neb.daemon\/site\/wp-content\/uploads\/2024\/07\/OIP.jpg?w=474&amp;ssl=1 474w, https:\/\/i0.wp.com\/neb.ist.utl.pt\/~neb.daemon\/site\/wp-content\/uploads\/2024\/07\/OIP.jpg?resize=300%2C168&amp;ssl=1 300w, https:\/\/i0.wp.com\/neb.ist.utl.pt\/~neb.daemon\/site\/wp-content\/uploads\/2024\/07\/OIP.jpg?resize=410%2C230&amp;ssl=1 410w, https:\/\/i0.wp.com\/neb.ist.utl.pt\/~neb.daemon\/site\/wp-content\/uploads\/2024\/07\/OIP.jpg?resize=100%2C56&amp;ssl=1 100w, https:\/\/i0.wp.com\/neb.ist.utl.pt\/~neb.daemon\/site\/wp-content\/uploads\/2024\/07\/OIP.jpg?resize=275%2C154&amp;ssl=1 275w\" alt=\"\" \t\tclass=\"so-widget-image\"\/>\n\t<\/div>\n\n<\/div><\/div><\/div><\/div><div id=\"pgc-w668c25c29444c-2-1\"  class=\"panel-grid-cell\" ><div id=\"panel-w668c25c29444c-2-1-0\" class=\"so-panel widget widget_sow-editor panel-first-child panel-last-child\" data-index=\"2\" ><div class=\"panel-widget-style panel-widget-style-for-w668c25c29444c-2-1-0\" ><div\n\t\t\t\n\t\t\tclass=\"so-widget-sow-editor so-widget-sow-editor-base\"\n\t\t\t\n\t\t>\n<div class=\"siteorigin-widget-tinymce textwidget\">\n\t<p style=\"text-align: justify;\">A\u00a0Universit\u00e0 Degli Studi di Milano, conhecida tamb\u00e9m como\u00a0la Statale, \u00e9 uma universidade p\u00fablica de pesquisa em Mil\u00e3o, It\u00e1lia.\u00a0Ela \u00e9 uma das maiores universidades da Europa, com cerca de 60.000 estudantes e um corpo docente permanente de aproximadamente 2.000 professores. Fundada em 1923, o seu compromisso com a pesquisa \u00e9 evidenciado por seus 31 departamentos, 62 centros de pesquisa e mais de 6.800 publica\u00e7\u00f5es em 2022. Al\u00e9m disso, a Universidade de Mil\u00e3o est\u00e1 envolvida em projetos de inova\u00e7\u00e3o e colabora\u00e7\u00f5es internacionais, promovendo uma abordagem \u00e9tica e transparente para a intelig\u00eancia artificial e outras \u00e1reas.<\/p>\n<\/div>\n<\/div><\/div><\/div><\/div><\/div><\/div><div id=\"pg-w668c25c29444c-3\"  class=\"panel-grid panel-has-style\" ><div style=\"padding: 0px 0px 0px 0; \" class=\"panel-row-style panel-row-style-for-w668c25c29444c-3\" ><div id=\"pgc-w668c25c29444c-3-0\"  class=\"panel-grid-cell\" ><div id=\"panel-w668c25c29444c-3-0-0\" class=\"so-panel widget widget_lsow-testimonials-slider panel-first-child panel-last-child\" data-index=\"3\" ><div class=\"panel-widget-style panel-widget-style-for-w668c25c29444c-3-0-0\" ><div\n\t\t\t\n\t\t\tclass=\"so-widget-lsow-testimonials-slider so-widget-lsow-testimonials-slider-default-d75171398898-16490\"\n\t\t\t\n\t\t>\n<div class=\"lsow-testimonials-slider lsow-flexslider lsow-container\" data-settings='{\"slide_animation\":\"fade\",\"direction\":\"horizontal\",\"slideshow_speed\":5000,\"animation_speed\":600,\"control_nav\":\"\",\"direction_nav\":\"on\",\"pause_on_hover\":\"on\",\"pause_on_action\":\"on\"}'><div class=\"lsow-slides\"><div class=\"lsow-slide lsow-testimonial-wrapper\"><div class=\"lsow-testimonial\"><div class=\"lsow-testimonial-text\"><i class=\"lsow-icon-quote\"><\/i><span style=\"font-weight: 400;\">O meu nome \u00e9 Marta Lopes e fiz ERASMUS na Univerist\u00e0 degli Studi di Milano (Unimi) no segundo semestre do 1\u00ba ano de mestrado ano letivo 2021\/2022. Foi uma experi\u00eancia incr\u00edvel porque tive a oportunidade de viajar muito por It\u00e1lia e n\u00e3o estudar quase nada durante 5 meses. Mil\u00e3o \u00e9 uma cidade enorme com muita coisa a acontecer, muitas pessoas internacionais, excelente sistema de transportes e muito bem localizada para n\u00e3o s\u00f3 conhecer It\u00e1lia (que tem muitas cidades incr\u00edveis) mas tamb\u00e9m outros pa\u00edses. A comida \u00e9 incr\u00edvel (obviamente) e o tempo \u00e9 parecido a Portugal.<\/span>\n\n<span style=\"font-weight: 400;\">Em geral, a comida, transportes e outros gastos do dia-a-dia s\u00e3o parecidos a Portugal mas o alojamento \u00e9 mesmo muito caro e dif\u00edcil de arranjar. Eu dividi um apartmento encontrado no Uniplaces com amigos portugueses e pagava 500 euros por m\u00eas, o que \u00e9 quase o m\u00ednimo para Mil\u00e3o.<\/span>\n\n<span style=\"font-weight: 400;\">As aulas eram muito t\u00e9oricas (poucos trabalhos) e tive muito tempo livre durante o semestre comparado com o T\u00e9cnico. Na Unimi existem muitas disciplinas lecionadas em Ingl\u00eas (e muito interessantes tamb\u00e9m) mas por curiosidade tamb\u00e9m aprendi um bocado de Italiano porque acho um l\u00edngua muito bonita. Conheci pessoas de todo o mundo e tenho muitas saudades desta altura da minha vida. Recomendo bastante!<\/span><\/div><div class=\"lsow-testimonial-user\"><div class=\"lsow-image-wrapper\"><img decoding=\"async\" width=\"150\" height=\"150\" src=\"https:\/\/i0.wp.com\/neb.ist.utl.pt\/~neb.daemon\/site\/wp-content\/uploads\/2024\/07\/unnamed.jpg?resize=150%2C150&amp;ssl=1\" class=\"lsow-image full\" alt=\"\" srcset=\"https:\/\/i0.wp.com\/neb.ist.utl.pt\/~neb.daemon\/site\/wp-content\/uploads\/2024\/07\/unnamed.jpg?resize=150%2C150&amp;ssl=1 150w, https:\/\/i0.wp.com\/neb.ist.utl.pt\/~neb.daemon\/site\/wp-content\/uploads\/2024\/07\/unnamed.jpg?zoom=2&amp;resize=150%2C150&amp;ssl=1 300w\" sizes=\"(max-width: 150px) 100vw, 150px\" data-attachment-id=\"28281\" data-permalink=\"https:\/\/neb.ist.utl.pt\/~neb.daemon\/site\/plataforma-erasmus\/unnamed-3\/\" data-orig-file=\"https:\/\/i0.wp.com\/neb.ist.utl.pt\/~neb.daemon\/site\/wp-content\/uploads\/2024\/07\/unnamed.jpg?fit=420%2C512&amp;ssl=1\" data-orig-size=\"420,512\" data-comments-opened=\"1\" data-image-meta=\"{&quot;aperture&quot;:&quot;0&quot;,&quot;credit&quot;:&quot;&quot;,&quot;camera&quot;:&quot;&quot;,&quot;caption&quot;:&quot;&quot;,&quot;created_timestamp&quot;:&quot;0&quot;,&quot;copyright&quot;:&quot;&quot;,&quot;focal_length&quot;:&quot;0&quot;,&quot;iso&quot;:&quot;0&quot;,&quot;shutter_speed&quot;:&quot;0&quot;,&quot;title&quot;:&quot;&quot;,&quot;orientation&quot;:&quot;0&quot;}\" data-image-title=\"unnamed\" data-image-description=\"\" data-image-caption=\"\" data-medium-file=\"https:\/\/i0.wp.com\/neb.ist.utl.pt\/~neb.daemon\/site\/wp-content\/uploads\/2024\/07\/unnamed.jpg?fit=246%2C300&amp;ssl=1\" data-large-file=\"https:\/\/i0.wp.com\/neb.ist.utl.pt\/~neb.daemon\/site\/wp-content\/uploads\/2024\/07\/unnamed.jpg?fit=420%2C512&amp;ssl=1\" tabindex=\"0\" role=\"button\" \/><\/div><!-- .lsow-image-wrapper --><div class=\"lsow-text\"><h3 class=\"lsow-author-name\">Marta Lopes<\/h3><div class=\"lsow-author-credentials\">2021\/2022<\/div><\/div><\/div><!-- .lsow-testimonial-user --><\/div><!-- .lsow-testimonial --><\/div><!-- .lsow-testimonial-wrapper.lsow-slide --><div class=\"lsow-slide lsow-testimonial-wrapper\"><div class=\"lsow-testimonial\"><div class=\"lsow-testimonial-text\"><i class=\"lsow-icon-quote\"><\/i><span style=\"font-weight: 400;\">Ol\u00e1! O meu nome \u00e9 Margarida e fiz ERASMUS em Mil\u00e3o, nomeadamente na Universit\u00e0 Degli Studi di Milano.<\/span>\n\n<span style=\"font-weight: 400;\">A qualidade de ensino nesta faculdade \u00e9 muito boa, para come\u00e7ar h\u00e1 uma lista gigante de cadeiras que podem escolher, o mais dif\u00edcil \u00e9 mesmo escolher entre tantas. Relativamente \u00e0 avalia\u00e7\u00e3o destas cadeiras, maioritariamente \u00e9 feita por exames, a n\u00e3o ser cadeiras mais pr\u00e1ticas que podem envolver projetos. A maior diferen\u00e7a relativamente ao T\u00e9cnico, \u00e9 o facto de muitos destes exames serem orais... Contudo, os professores s\u00e3o super simp\u00e1ticos e ajudam em tudo o que for preciso. Para al\u00e9m disso, existem imensas datas para fazer os exames, no segundo semestre \u00e9 desde junho desse ano at\u00e9 janeiro do ano seguinte, sendo que podem ir a qualquer uma destas fases. A melhor parte, na minha opini\u00e3o, foi mesmo ter o regime semestral e n\u00e3o ter aulas obrigat\u00f3rias porque foi poss\u00edvel viajar e conhecer um pouco da cultura italiana.<\/span>\n\n<span style=\"font-weight: 400;\">It\u00e1lia \u00e9 um pa\u00eds muito diversificado, em que cada cidade tem a sua pr\u00f3pria hist\u00f3ria e Mil\u00e3o \u00e9 mesmo diferente de tudo o resto, muito mais industrializado e sempre com eventos a ocorrer em todo o lado, atividades para fazer \u00e9 algo que n\u00e3o vos vai faltar. Para al\u00e9m disso, t\u00eam a ESN que organiza v\u00e1rios eventos sociais para os alunos estrangeiros, como torneios, jantares, festas e at\u00e9 mesmo viagens. As pessoas em It\u00e1lia s\u00e3o muito simp\u00e1ticas, contudo muito patriotas e poucas sabem falar ingl\u00eas, sendo importante saber um pouco de italiano ou pelo menos ter o Google tradutor \u00e0 m\u00e3o sempre que precisem de informa\u00e7\u00f5es.<\/span>\n\n<span style=\"font-weight: 400;\">Em conclus\u00e3o, foi uma experi\u00eancia de vida incr\u00edvel que recomendo imenso para pessoas que queiram aproveitar ERASMUS n\u00e3o s\u00f3 a n\u00edvel acad\u00e9mico mas tamb\u00e9m pessoal. Qualquer d\u00favida que tenham, n\u00e3o hesitem em falar comigo!<\/span><\/div><div class=\"lsow-testimonial-user\"><div class=\"lsow-image-wrapper\"><img decoding=\"async\" width=\"150\" height=\"150\" src=\"https:\/\/i0.wp.com\/neb.ist.utl.pt\/~neb.daemon\/site\/wp-content\/uploads\/2024\/07\/unnamed-1.jpg?resize=150%2C150&amp;ssl=1\" class=\"lsow-image full\" alt=\"\" srcset=\"https:\/\/i0.wp.com\/neb.ist.utl.pt\/~neb.daemon\/site\/wp-content\/uploads\/2024\/07\/unnamed-1.jpg?resize=150%2C150&amp;ssl=1 150w, https:\/\/i0.wp.com\/neb.ist.utl.pt\/~neb.daemon\/site\/wp-content\/uploads\/2024\/07\/unnamed-1.jpg?zoom=2&amp;resize=150%2C150&amp;ssl=1 300w\" sizes=\"(max-width: 150px) 100vw, 150px\" data-attachment-id=\"28282\" data-permalink=\"https:\/\/neb.ist.utl.pt\/~neb.daemon\/site\/plataforma-erasmus\/unnamed-1\/\" data-orig-file=\"https:\/\/i0.wp.com\/neb.ist.utl.pt\/~neb.daemon\/site\/wp-content\/uploads\/2024\/07\/unnamed-1.jpg?fit=410%2C512&amp;ssl=1\" data-orig-size=\"410,512\" data-comments-opened=\"1\" data-image-meta=\"{&quot;aperture&quot;:&quot;0&quot;,&quot;credit&quot;:&quot;&quot;,&quot;camera&quot;:&quot;&quot;,&quot;caption&quot;:&quot;&quot;,&quot;created_timestamp&quot;:&quot;0&quot;,&quot;copyright&quot;:&quot;&quot;,&quot;focal_length&quot;:&quot;0&quot;,&quot;iso&quot;:&quot;0&quot;,&quot;shutter_speed&quot;:&quot;0&quot;,&quot;title&quot;:&quot;&quot;,&quot;orientation&quot;:&quot;0&quot;}\" data-image-title=\"unnamed (1)\" data-image-description=\"\" data-image-caption=\"\" data-medium-file=\"https:\/\/i0.wp.com\/neb.ist.utl.pt\/~neb.daemon\/site\/wp-content\/uploads\/2024\/07\/unnamed-1.jpg?fit=240%2C300&amp;ssl=1\" data-large-file=\"https:\/\/i0.wp.com\/neb.ist.utl.pt\/~neb.daemon\/site\/wp-content\/uploads\/2024\/07\/unnamed-1.jpg?fit=410%2C512&amp;ssl=1\" tabindex=\"0\" role=\"button\" \/><\/div><!-- .lsow-image-wrapper --><div class=\"lsow-text\"><h3 class=\"lsow-author-name\">Margarida Duarte<\/h3><div class=\"lsow-author-credentials\">2022\/2023<\/div><\/div><\/div><!-- .lsow-testimonial-user --><\/div><!-- .lsow-testimonial --><\/div><!-- .lsow-testimonial-wrapper.lsow-slide --><\/div><!-- .lsow-slides --><\/div><!-- .lsow-testimonials-slider --><\/div><\/div><\/div><\/div><\/div><\/div><div id=\"pg-w668c25c29444c-4\"  class=\"panel-grid panel-has-style\" ><div style=\"padding: 100px 0; \" class=\"panel-row-style panel-row-style-for-w668c25c29444c-4\" ><div id=\"pgc-w668c25c29444c-4-0\"  class=\"panel-grid-cell panel-grid-cell-empty\" ><\/div><\/div><\/div><div id=\"pg-w668c25c29444c-5\"  class=\"panel-grid panel-has-style\" ><div class=\"siteorigin-panels-stretch perth-stretch panel-row-style panel-row-style-for-w668c25c29444c-5\" style=\"padding: 0px 0; \" data-stretch-type=\"full\" ><div id=\"pgc-w668c25c29444c-5-0\"  class=\"panel-grid-cell\" ><div id=\"panel-w668c25c29444c-5-0-0\" class=\"so-panel widget widget_sow-editor panel-first-child panel-last-child\" data-index=\"4\" ><div class=\"panel-widget-style panel-widget-style-for-w668c25c29444c-5-0-0\" ><div\n\t\t\t\n\t\t\tclass=\"so-widget-sow-editor so-widget-sow-editor-base\"\n\t\t\t\n\t\t><h3 class=\"widget-title\">Politecnico di Milano<\/h3>\n<div class=\"siteorigin-widget-tinymce textwidget\">\n\t<\/div>\n<\/div><\/div><\/div><\/div><\/div><\/div><div id=\"pg-w668c25c29444c-6\"  class=\"panel-grid panel-has-style\" ><div style=\"padding: 0px 0; \" class=\"panel-row-style panel-row-style-for-w668c25c29444c-6\" ><div id=\"pgc-w668c25c29444c-6-0\"  class=\"panel-grid-cell\" ><div id=\"panel-w668c25c29444c-6-0-0\" class=\"so-panel widget widget_sow-image panel-first-child panel-last-child\" data-index=\"5\" ><div\n\t\t\t\n\t\t\tclass=\"so-widget-sow-image so-widget-sow-image-default-8b5b6f678277-16490\"\n\t\t\t\n\t\t>\n\n<div class=\"sow-image-container\">\n\t\t<img loading=\"lazy\" decoding=\"async\" src=\"https:\/\/i0.wp.com\/neb.ist.utl.pt\/~neb.daemon\/site\/wp-content\/uploads\/2021\/02\/POLIMI.jpg?fit=723%2C484&amp;ssl=1\" width=\"723\" height=\"484\" srcset=\"https:\/\/i0.wp.com\/neb.ist.utl.pt\/~neb.daemon\/site\/wp-content\/uploads\/2021\/02\/POLIMI.jpg?w=723&amp;ssl=1 723w, https:\/\/i0.wp.com\/neb.ist.utl.pt\/~neb.daemon\/site\/wp-content\/uploads\/2021\/02\/POLIMI.jpg?resize=300%2C201&amp;ssl=1 300w, https:\/\/i0.wp.com\/neb.ist.utl.pt\/~neb.daemon\/site\/wp-content\/uploads\/2021\/02\/POLIMI.jpg?resize=480%2C321&amp;ssl=1 480w, https:\/\/i0.wp.com\/neb.ist.utl.pt\/~neb.daemon\/site\/wp-content\/uploads\/2021\/02\/POLIMI.jpg?resize=410%2C274&amp;ssl=1 410w, https:\/\/i0.wp.com\/neb.ist.utl.pt\/~neb.daemon\/site\/wp-content\/uploads\/2021\/02\/POLIMI.jpg?resize=100%2C67&amp;ssl=1 100w, https:\/\/i0.wp.com\/neb.ist.utl.pt\/~neb.daemon\/site\/wp-content\/uploads\/2021\/02\/POLIMI.jpg?resize=275%2C184&amp;ssl=1 275w, https:\/\/i0.wp.com\/neb.ist.utl.pt\/~neb.daemon\/site\/wp-content\/uploads\/2021\/02\/POLIMI.jpg?resize=272%2C182&amp;ssl=1 272w\" alt=\"\" \t\tclass=\"so-widget-image\"\/>\n\t<\/div>\n\n<\/div><\/div><\/div><div id=\"pgc-w668c25c29444c-6-1\"  class=\"panel-grid-cell\" ><div id=\"panel-w668c25c29444c-6-1-0\" class=\"so-panel widget widget_sow-editor panel-first-child panel-last-child\" data-index=\"6\" ><div class=\"panel-widget-style panel-widget-style-for-w668c25c29444c-6-1-0\" ><div\n\t\t\t\n\t\t\tclass=\"so-widget-sow-editor so-widget-sow-editor-base\"\n\t\t\t\n\t\t>\n<div class=\"siteorigin-widget-tinymce textwidget\">\n\t<p style=\"text-align: justify;\">O Politecnico di Milano \u00e9 uma universidade cient\u00edfico-tecnol\u00f3gica que forma engenheiros, arquitetos e designers industriais. A universidade foca-se na qualidade e na inova\u00e7\u00e3o do seu ensino e investiga\u00e7\u00e3o, desenvolvendo uma rela\u00e7\u00e3o frut\u00edfera com o mundo empresarial atrav\u00e9s da investiga\u00e7\u00e3o e transfer\u00eancia de tecnologia.<br \/>\nNa sua \u00f3tica, a investiga\u00e7\u00e3o est\u00e1 sempre ligada ao ensino permitindo ao Politecnico di Milano atingir resultados de elevada qualidade a n\u00edvel internacional bem como aproxim\u00e1-lo do mundo empresarial. Desta forma, a investiga\u00e7\u00e3o constitui um caminho paralelo para esse fim, cooperando e formando alian\u00e7as com o sistema industrial.<\/p>\n<\/div>\n<\/div><\/div><\/div><\/div><\/div><\/div><div id=\"pg-w668c25c29444c-7\"  class=\"panel-grid panel-has-style\" ><div class=\"siteorigin-panels-stretch perth-stretch panel-row-style panel-row-style-for-w668c25c29444c-7\" style=\"padding: 0px 0; \" data-stretch-type=\"full-stretched\" ><div id=\"pgc-w668c25c29444c-7-0\"  class=\"panel-grid-cell\" ><div id=\"panel-w668c25c29444c-7-0-0\" class=\"so-panel widget widget_lsow-testimonials-slider panel-first-child panel-last-child\" data-index=\"7\" ><div\n\t\t\t\n\t\t\tclass=\"so-widget-lsow-testimonials-slider so-widget-lsow-testimonials-slider-default-d75171398898-16490\"\n\t\t\t\n\t\t>\n<div class=\"lsow-testimonials-slider lsow-flexslider lsow-container\" data-settings='{\"slide_animation\":\"fade\",\"direction\":\"horizontal\",\"slideshow_speed\":5000,\"animation_speed\":600,\"control_nav\":\"\",\"direction_nav\":\"on\",\"pause_on_hover\":\"on\",\"pause_on_action\":\"on\"}'><div class=\"lsow-slides\"><div class=\"lsow-slide lsow-testimonial-wrapper\"><div class=\"lsow-testimonial\"><div class=\"lsow-testimonial-text\"><i class=\"lsow-icon-quote\"><\/i><p style=\"text-align: justify;\">Foi uma experi\u00eancia muito enriquecedora. Do ponto de vista acad\u00e9mico permitiu-me avaliar, comparar e beneficiar de uma escola diferente do T\u00e9cnico. A qualidade do ensino no Politecnico \u00e9 muito boa e os professores s\u00e3o muito acess\u00edveis. O m\u00e9todo de ensino \u00e9 mais te\u00f3rico, mas com uma abordagem mais objetiva e global das mat\u00e9rias. Senti uma grande proximidade entre a universidade e a ind\u00fastria, que se revelou quer nas palestras quer nas visitas de estudo a que fui. A avalia\u00e7\u00e3o \u00e9 toda por exames, o que me permitiu aproveitar muito bem a vida de Erasmus durante o semestre. Do ponto de vista pessoal foi tamb\u00e9m em grande: ganhei independ\u00eancia, vivi 5 meses numa cidade diferente, muito cosmopolita, com muito para oferecer em termos culturais e sociais, viajei muito em It\u00e1lia e nos pa\u00edses vizinhos, contactei com outras culturas. Vivi com pessoas de onze nacionalidades diferentes e fiz grandes amigos. Experienciar estudar fora do pa\u00eds e ainda por cima numa faculdade com reputa\u00e7\u00e3o foi sem d\u00favida um acr\u00e9scimo a n\u00edvel escolar e pessoal. Aconselho a 100% e fala comigo se tiveres d\u00favidas!<\/p><\/div><div class=\"lsow-testimonial-user\"><div class=\"lsow-image-wrapper\"><img loading=\"lazy\" decoding=\"async\" width=\"150\" height=\"150\" src=\"https:\/\/i0.wp.com\/neb.ist.utl.pt\/~neb.daemon\/site\/wp-content\/uploads\/2019\/09\/Imagem1.jpg?resize=150%2C150&amp;ssl=1\" class=\"lsow-image full\" alt=\"\" srcset=\"https:\/\/i0.wp.com\/neb.ist.utl.pt\/~neb.daemon\/site\/wp-content\/uploads\/2019\/09\/Imagem1.jpg?resize=150%2C150&amp;ssl=1 150w, https:\/\/i0.wp.com\/neb.ist.utl.pt\/~neb.daemon\/site\/wp-content\/uploads\/2019\/09\/Imagem1.jpg?zoom=2&amp;resize=150%2C150&amp;ssl=1 300w, https:\/\/i0.wp.com\/neb.ist.utl.pt\/~neb.daemon\/site\/wp-content\/uploads\/2019\/09\/Imagem1.jpg?zoom=3&amp;resize=150%2C150&amp;ssl=1 450w\" sizes=\"(max-width: 150px) 100vw, 150px\" data-attachment-id=\"17422\" data-permalink=\"https:\/\/neb.ist.utl.pt\/~neb.daemon\/site\/imagem1-2\/\" data-orig-file=\"https:\/\/i0.wp.com\/neb.ist.utl.pt\/~neb.daemon\/site\/wp-content\/uploads\/2019\/09\/Imagem1.jpg?fit=761%2C720&amp;ssl=1\" data-orig-size=\"761,720\" data-comments-opened=\"1\" data-image-meta=\"{&quot;aperture&quot;:&quot;0&quot;,&quot;credit&quot;:&quot;&quot;,&quot;camera&quot;:&quot;&quot;,&quot;caption&quot;:&quot;&quot;,&quot;created_timestamp&quot;:&quot;0&quot;,&quot;copyright&quot;:&quot;&quot;,&quot;focal_length&quot;:&quot;0&quot;,&quot;iso&quot;:&quot;0&quot;,&quot;shutter_speed&quot;:&quot;0&quot;,&quot;title&quot;:&quot;&quot;,&quot;orientation&quot;:&quot;0&quot;}\" data-image-title=\"Madalena Beatriz\" data-image-description=\"&lt;p&gt;madalena&lt;\/p&gt;\n\" data-image-caption=\"&lt;p&gt;madalena&lt;\/p&gt;\n\" data-medium-file=\"https:\/\/i0.wp.com\/neb.ist.utl.pt\/~neb.daemon\/site\/wp-content\/uploads\/2019\/09\/Imagem1.jpg?fit=300%2C284&amp;ssl=1\" data-large-file=\"https:\/\/i0.wp.com\/neb.ist.utl.pt\/~neb.daemon\/site\/wp-content\/uploads\/2019\/09\/Imagem1.jpg?fit=761%2C720&amp;ssl=1\" tabindex=\"0\" role=\"button\" \/><\/div><!-- .lsow-image-wrapper --><div class=\"lsow-text\"><h3 class=\"lsow-author-name\">Madalena Beatriz<\/h3><div class=\"lsow-author-credentials\">2018\/2019<\/div><\/div><\/div><!-- .lsow-testimonial-user --><\/div><!-- .lsow-testimonial --><\/div><!-- .lsow-testimonial-wrapper.lsow-slide --><\/div><!-- .lsow-slides --><\/div><!-- .lsow-testimonials-slider --><\/div><\/div><\/div><\/div><\/div><\/div>\t\t\t\t\t\t<\/div>\n\t\t\t\t\t\t\t\t\t\t\t<div class=\"tab-pane  fade\" id=\"tab-noruega\" role=\"tabpanel\">\n\t\t\t\t\t\t\t<div id=\"pl-w668c25c294455\"  class=\"panel-layout\" ><div id=\"pg-w668c25c294455-0\"  class=\"panel-grid panel-has-style\" ><div class=\"siteorigin-panels-stretch perth-stretch panel-row-style panel-row-style-for-w668c25c294455-0\" style=\"background-color: #ffffff;color: #000000;padding: 25px 0; \" data-stretch-type=\"full\" data-hascolor=\"hascolor\" ><div id=\"pgc-w668c25c294455-0-0\"  class=\"panel-grid-cell panel-grid-cell-empty\" ><\/div><\/div><\/div><div id=\"pg-w668c25c294455-1\"  class=\"panel-grid panel-has-style\" ><div class=\"siteorigin-panels-stretch perth-stretch panel-row-style panel-row-style-for-w668c25c294455-1\" style=\"padding: 0px 0; \" data-stretch-type=\"full\" ><div id=\"pgc-w668c25c294455-1-0\"  class=\"panel-grid-cell\" ><div id=\"panel-w668c25c294455-1-0-0\" class=\"so-panel widget widget_sow-editor panel-first-child panel-last-child\" data-index=\"0\" ><div class=\"panel-widget-style panel-widget-style-for-w668c25c294455-1-0-0\" ><div\n\t\t\t\n\t\t\tclass=\"so-widget-sow-editor so-widget-sow-editor-base\"\n\t\t\t\n\t\t><h3 class=\"widget-title\">Norwegian University of Science and Technology<\/h3>\n<div class=\"siteorigin-widget-tinymce textwidget\">\n\t<\/div>\n<\/div><\/div><\/div><\/div><\/div><\/div><div id=\"pg-w668c25c294455-2\"  class=\"panel-grid panel-has-style\" ><div style=\"padding: 0px 0; \" class=\"panel-row-style panel-row-style-for-w668c25c294455-2\" ><div id=\"pgc-w668c25c294455-2-0\"  class=\"panel-grid-cell\" ><div id=\"panel-w668c25c294455-2-0-0\" class=\"so-panel widget widget_sow-image panel-first-child panel-last-child\" data-index=\"1\" ><div\n\t\t\t\n\t\t\tclass=\"so-widget-sow-image so-widget-sow-image-default-8b5b6f678277-16490\"\n\t\t\t\n\t\t>\n\n<div class=\"sow-image-container\">\n\t\t<img loading=\"lazy\" decoding=\"async\" src=\"https:\/\/i0.wp.com\/neb.ist.utl.pt\/~neb.daemon\/site\/wp-content\/uploads\/2021\/02\/NTNU.jpg?fit=2339%2C1754&amp;ssl=1\" width=\"2339\" height=\"1754\" srcset=\"https:\/\/i0.wp.com\/neb.ist.utl.pt\/~neb.daemon\/site\/wp-content\/uploads\/2021\/02\/NTNU.jpg?w=2339&amp;ssl=1 2339w, https:\/\/i0.wp.com\/neb.ist.utl.pt\/~neb.daemon\/site\/wp-content\/uploads\/2021\/02\/NTNU.jpg?resize=300%2C225&amp;ssl=1 300w, https:\/\/i0.wp.com\/neb.ist.utl.pt\/~neb.daemon\/site\/wp-content\/uploads\/2021\/02\/NTNU.jpg?resize=1024%2C768&amp;ssl=1 1024w, https:\/\/i0.wp.com\/neb.ist.utl.pt\/~neb.daemon\/site\/wp-content\/uploads\/2021\/02\/NTNU.jpg?resize=768%2C576&amp;ssl=1 768w, https:\/\/i0.wp.com\/neb.ist.utl.pt\/~neb.daemon\/site\/wp-content\/uploads\/2021\/02\/NTNU.jpg?resize=1536%2C1152&amp;ssl=1 1536w, https:\/\/i0.wp.com\/neb.ist.utl.pt\/~neb.daemon\/site\/wp-content\/uploads\/2021\/02\/NTNU.jpg?resize=2048%2C1536&amp;ssl=1 2048w, https:\/\/i0.wp.com\/neb.ist.utl.pt\/~neb.daemon\/site\/wp-content\/uploads\/2021\/02\/NTNU.jpg?resize=480%2C360&amp;ssl=1 480w, https:\/\/i0.wp.com\/neb.ist.utl.pt\/~neb.daemon\/site\/wp-content\/uploads\/2021\/02\/NTNU.jpg?resize=410%2C307&amp;ssl=1 410w, https:\/\/i0.wp.com\/neb.ist.utl.pt\/~neb.daemon\/site\/wp-content\/uploads\/2021\/02\/NTNU.jpg?resize=100%2C75&amp;ssl=1 100w, https:\/\/i0.wp.com\/neb.ist.utl.pt\/~neb.daemon\/site\/wp-content\/uploads\/2021\/02\/NTNU.jpg?resize=275%2C206&amp;ssl=1 275w\" alt=\"\" \t\tclass=\"so-widget-image\"\/>\n\t<\/div>\n\n<\/div><\/div><\/div><div id=\"pgc-w668c25c294455-2-1\"  class=\"panel-grid-cell\" ><div id=\"panel-w668c25c294455-2-1-0\" class=\"so-panel widget widget_sow-editor panel-first-child panel-last-child\" data-index=\"2\" ><div class=\"panel-widget-style panel-widget-style-for-w668c25c294455-2-1-0\" ><div\n\t\t\t\n\t\t\tclass=\"so-widget-sow-editor so-widget-sow-editor-base\"\n\t\t\t\n\t\t>\n<div class=\"siteorigin-widget-tinymce textwidget\">\n\t<p style=\"text-align: justify;\">O objetivo da NTNU, Norwegian University of Science and Technology, \u00e9 criar conhecimento para um mundo melhor e solu\u00e7\u00f5es que possam alterar o nosso dia-a-dia.<br \/>\nA NTNU \u00e9 uma universidade com foco internacional, mas com sede em Trondheim e campus em \u00c5lesund e Gj\u00f8vik. Tem como principal perfil a ci\u00eancia e a tecnologia, mas tamb\u00e9m engloba uma grande variedade de programas de estudo profissional, incluindo as humanidades, ci\u00eancias sociais, economia, medicina, ci\u00eancias da sa\u00fade, ci\u00eancia educacional, arquitetura, empreendedorismo e artes. A NTNU tem quatro principais \u00e1reas de investiga\u00e7\u00e3o: sustentabilidade, energia, oceanos e sa\u00fade.<\/p>\n<\/div>\n<\/div><\/div><\/div><\/div><\/div><\/div><div id=\"pg-w668c25c294455-3\"  class=\"panel-grid panel-has-style\" ><div style=\"padding: 80px 0; \" class=\"panel-row-style panel-row-style-for-w668c25c294455-3\" ><div id=\"pgc-w668c25c294455-3-0\"  class=\"panel-grid-cell\" ><div id=\"panel-w668c25c294455-3-0-0\" class=\"so-panel widget widget_lsow-testimonials-slider panel-first-child panel-last-child\" data-index=\"3\" ><div\n\t\t\t\n\t\t\tclass=\"so-widget-lsow-testimonials-slider so-widget-lsow-testimonials-slider-default-d75171398898-16490\"\n\t\t\t\n\t\t>\n<div class=\"lsow-testimonials-slider lsow-flexslider lsow-container\" data-settings='{\"slide_animation\":\"fade\",\"direction\":\"horizontal\",\"slideshow_speed\":500000,\"animation_speed\":600,\"control_nav\":\"\",\"direction_nav\":\"on\",\"pause_on_hover\":\"on\",\"pause_on_action\":\"on\"}'><div class=\"lsow-slides\"><div class=\"lsow-slide lsow-testimonial-wrapper\"><div class=\"lsow-testimonial\"><div class=\"lsow-testimonial-text\"><i class=\"lsow-icon-quote\"><\/i><p style=\"text-align: justify;\">O ensino na NTNU \u00e9 bastante bom, com professores empenhados e dedicados em tirar todas as d\u00favidas e explicar tudo para que todos os alunos percebessem os conte\u00fados, e estavam tamb\u00e9m dispon\u00edveis para esclarecimentos fora das aulas. As UCs est\u00e3o todas bem descritas no website da NTNU, n\u00e3o havendo surpresas sobre os seus conte\u00fados e m\u00e9todos de ensino, mas, no entanto, a UC que faz equival\u00eancia com DSCP foi bastante dif\u00edcil, pois requer conhecimentos que n\u00e3o temos. Claro que \u00e9 poss\u00edvel faz\u00ea-la, eu fiz, mas foi bastante dif\u00edcil, sem d\u00favida a mais dif\u00edcil de todas. H\u00e1 v\u00e1rios projetos a muitas cadeiras, mas gostei de todos os que fiz. H\u00e1 tamb\u00e9m bastantes trabalhos de casa semanais a praticamente todas as UCs, mas achei que me ajudaram bastante a acompanhar a mat\u00e9ria, apesar de algumas situa\u00e7\u00f5es em que eram excecionalmente dif\u00edceis e trabalhosos. Chegar atrasado ao in\u00edcio das aulas envolveu algum esfor\u00e7o para acompanhar a mat\u00e9ria, n\u00e3o foi muito problem\u00e1tico. Os exames e testes pareceram-me ser do mesmo estilo que os nossos, mas bastante maiores (3 e 4 horas). A faculdade \u00e9 excelente, com salas boas com equipamento bastante moderno, v\u00e1rios espa\u00e7os para estudo e para descanso, muito agrad\u00e1vel mesmo.\nA universidade tem uma organiza\u00e7\u00e3o de resid\u00eancias em v\u00e1rios locais pela cidade, a SIT, que foi sempre impec\u00e1vel em qualquer contacto necess\u00e1rio. As casas s\u00e3o boas, modernas, estando bem descritas no website das resid\u00eancias. Em todas as resid\u00eancias que vi as pessoas pareceram-me bem felizes com a sua casa\/quarto (eu inclu\u00eddo). As \u00fanicas queixas que ouvi eram sobre a localiza\u00e7\u00e3o de algumas resid\u00eancias ser afastada do centro (lembro-me da Steinan, por exemplo), mas ainda assim pareceu-me melhor do que estar em quartos privados, pelas facilidades proporcionadas. Para quartos privados existem dois websites em que ainda procurei casa: hybel.no e finn.no, mas acabei por escolher uma das resid\u00eancias, para ficar com estudantes. Eu fiquei na Berg studentby, da qual tenho apenas a queixa de que, apesar de j\u00e1 saber isso, a casa n\u00e3o tinha mob\u00edlia nem loi\u00e7a. Foi necess\u00e1ria uma semana a mover coisas pela cidade, a p\u00e9 e de autocarro, at\u00e9 estar bem instalado (vejam o finn.no e o Student's Market Trondheim no facebook para coisas em 2\u00aa m\u00e3o). Moholt \u00e9 a maior e mais famosa resid\u00eancia, onde acontecem a maioria das atividades e festas.\nToda a cidade est\u00e1 bem ligada por bons e frequentes autocarros, com o pre\u00e7o do passe de autocarro pouco abaixo dos 50 euros por m\u00eas. A comida que comprei nos supermercados sempre foi de boa qualidade, apesar de haver muito pouca variedade de produtos e ser tudo sempre muito caro e diferente. Um pacote de leite de 1.75L custa mais de 2 euros, comprar dos p\u00e3es de forma mais baratos fica \u00e0 volta de 3-4 euros, um caf\u00e9 na universidade custa \u00e0 volta de 3 euros (recomendo, portanto, um grande pacote de caf\u00e9 sol\u00favel e levar de casa), e a cerveja mais barata custa 2 euros por lata. De uma maneira geral fiquei com a ideia de que gastava o dobro do que se gasta em Portugal.\nA faculdade tem imensos estudantes de ERASMUS de todos os cursos, e tanto estrangeiros como noruegueses foram bastante simp\u00e1ticos, mas por causa da diferen\u00e7a nos calend\u00e1rios acad\u00e9micos, perdemos a semana de acolhimento dos exchange students, o que dificultou a integra\u00e7\u00e3o. Ainda assim, com trabalhos de grupo e intervalos entre as aulas, festas e roommates nas resid\u00eancias, viagens de grupo (por exemplo com a ESN), h\u00e1 imensas oportunidades de conhecer gente para fazer novos amigos. A faculdade tamb\u00e9m tem um grupo que disponibiliza, por exemplo durante um fim de semana, cabanas afastadas da cidade (Cabin Trips), isoladas em v\u00e1rias montanhas e florestas, bom para fazer com um grupo de amigos. Outra atividade que recomendo passa por outro grupo da universidade, a NTNUi, que aluga sem qualquer custo equipamento para acampar, fazer ski\/snowboard, patinagem no gelo, etc. Bastava apanhar um autocarro e passei algumas manh\u00e3s a fazer cross-country ski. Recomendo imenso viajar, tanto de comboio como de autocarro, tendo preferido autocarro. A rede de expressos, vy.no, tem autocarros confort\u00e1veis e acess\u00edveis para imensos s\u00edtios. Viajar de avi\u00e3o tamb\u00e9m \u00e9 uma hip\u00f3tese, pois a airline norueguesa tem desconto jovem.<\/p><\/div><div class=\"lsow-testimonial-user\"><div class=\"lsow-image-wrapper\"><img loading=\"lazy\" decoding=\"async\" width=\"150\" height=\"150\" src=\"https:\/\/i0.wp.com\/neb.ist.utl.pt\/~neb.daemon\/site\/wp-content\/uploads\/2019\/09\/Rafael-Alves.jpg?resize=150%2C150&amp;ssl=1\" class=\"lsow-image full\" alt=\"\" srcset=\"https:\/\/i0.wp.com\/neb.ist.utl.pt\/~neb.daemon\/site\/wp-content\/uploads\/2019\/09\/Rafael-Alves.jpg?resize=150%2C150&amp;ssl=1 150w, https:\/\/i0.wp.com\/neb.ist.utl.pt\/~neb.daemon\/site\/wp-content\/uploads\/2019\/09\/Rafael-Alves.jpg?zoom=2&amp;resize=150%2C150&amp;ssl=1 300w, https:\/\/i0.wp.com\/neb.ist.utl.pt\/~neb.daemon\/site\/wp-content\/uploads\/2019\/09\/Rafael-Alves.jpg?zoom=3&amp;resize=150%2C150&amp;ssl=1 450w\" sizes=\"(max-width: 150px) 100vw, 150px\" data-attachment-id=\"17436\" data-permalink=\"https:\/\/neb.ist.utl.pt\/~neb.daemon\/site\/plataforma-erasmus\/rafael-alves\/\" data-orig-file=\"https:\/\/i0.wp.com\/neb.ist.utl.pt\/~neb.daemon\/site\/wp-content\/uploads\/2019\/09\/Rafael-Alves.jpg?fit=746%2C960&amp;ssl=1\" data-orig-size=\"746,960\" data-comments-opened=\"1\" data-image-meta=\"{&quot;aperture&quot;:&quot;0&quot;,&quot;credit&quot;:&quot;&quot;,&quot;camera&quot;:&quot;&quot;,&quot;caption&quot;:&quot;&quot;,&quot;created_timestamp&quot;:&quot;0&quot;,&quot;copyright&quot;:&quot;&quot;,&quot;focal_length&quot;:&quot;0&quot;,&quot;iso&quot;:&quot;0&quot;,&quot;shutter_speed&quot;:&quot;0&quot;,&quot;title&quot;:&quot;&quot;,&quot;orientation&quot;:&quot;0&quot;}\" data-image-title=\"Rafael Alves\" data-image-description=\"&lt;p&gt;Rafael&lt;\/p&gt;\n\" data-image-caption=\"&lt;p&gt;Rafael&lt;\/p&gt;\n\" data-medium-file=\"https:\/\/i0.wp.com\/neb.ist.utl.pt\/~neb.daemon\/site\/wp-content\/uploads\/2019\/09\/Rafael-Alves.jpg?fit=233%2C300&amp;ssl=1\" data-large-file=\"https:\/\/i0.wp.com\/neb.ist.utl.pt\/~neb.daemon\/site\/wp-content\/uploads\/2019\/09\/Rafael-Alves.jpg?fit=746%2C960&amp;ssl=1\" tabindex=\"0\" role=\"button\" \/><\/div><!-- .lsow-image-wrapper --><div class=\"lsow-text\"><h3 class=\"lsow-author-name\">Rafael Alves<\/h3><div class=\"lsow-author-credentials\">2017\/2018<\/div><\/div><\/div><!-- .lsow-testimonial-user --><\/div><!-- .lsow-testimonial --><\/div><!-- .lsow-testimonial-wrapper.lsow-slide --><div class=\"lsow-slide lsow-testimonial-wrapper\"><div class=\"lsow-testimonial\"><div class=\"lsow-testimonial-text\"><i class=\"lsow-icon-quote\"><\/i><p style=\"text-align: justify;\">Quando soube que tinha sido aceite na NTNU para Erasmus, a minha primeira rea\u00e7\u00e3o n\u00e3o foi entusiasmo como seria de esperar, mas sim medo. Medo de estar sozinha a 4000 km de casa num pa\u00eds com uma realidade e cultura diferentes. Ainda assim, a vontade de ser independente e partir nesta aventura falou mais alto, fiz as malas e fui sem pensar uma segunda vez.<\/p>\n<p style=\"text-align: justify;\">Assim que aterrei uma onda de choque invadiu-me e s\u00f3 pensava \u201cO que foste fazer \u00e0 tua vida?\u201d Eram 15h e estava completamente de noite, com uma sensa\u00e7\u00e3o t\u00e9rmica de \u2013 10 \u00baC, algo para o qual n\u00e3o estava psicologicamente preparada. Os primeiros dias n\u00e3o foram f\u00e1cies, n\u00e3o vou mentir, nada ajudava, era o frio, a falta de luz solar, a quantidade de trabalho em atraso que tinha das cadeiras (na Noruega o 1\u00ba semestre come\u00e7a no in\u00edcio de janeiro, mas como ainda tinha exames do IST fui quase 3 semanas depois do in\u00edcio das aulas) e as precoces saudades de casa.<\/p>\n<p style=\"text-align: justify;\">Mas os dias foram passando e, como Trondheim \u00e9 uma cidade relativamente pequena onde tudo funciona bem, rapidamente aprendi os caminhos mais r\u00e1pidos, o melhor supermercado onde ir, e andar (mais ou menos) decentemente na neve sem cair. Pouco tempo depois o meu humilde quarto na resid\u00eancia de estudantes j\u00e1 me parecia \u201ccasa\u201d.<\/p>\n<p style=\"text-align: justify;\">Em rela\u00e7\u00e3o \u00e0 universidade, praticamente toda a gente fala ingl\u00eas fluentemente, o que ajuda bastante na adapta\u00e7\u00e3o. As cadeiras t\u00eam uma carga de trabalho consider\u00e1vel durante o semestre porque quase todas t\u00eam <em>assignments<\/em> semanais obrigat\u00f3rios, o que nos fazia ter de trabalhar mais durante a semana para ser poss\u00edvel aproveitar o fim de semana, mas nada que n\u00e3o se fa\u00e7a n\u00e3o se assustem! Por outro lado, achei os exames mais acess\u00edveis comparados com os do IST.<\/p>\n<p style=\"text-align: justify;\">Uma pequena grande desvantagem deste pa\u00eds \u00e9 o custo de vida. \u00c9 realmente caro, desde bens alimentares, alojamentos, viagens e especialmente bebidas alco\u00f3licas. Mas acreditem quando digo que vale cada c\u00eantimo, e se forem para l\u00e1 poupem antes para aproveitar e explorar tudo o que conseguirem, \u00e9 um pa\u00eds com paisagens incr\u00edveis que me faltam palavras para descrever, onde nunca pensei estar e experienciar.<\/p>\n<p style=\"text-align: justify;\">Acho que quando se vive uma experi\u00eancia destas, apercebemo-nos que a vida \u00e9 muito mais que estudar e boas notas, \u00e9 aproveitar os momentos. E mesmo sendo \u201cuma mais valia\u201d para o CV ter uma experi\u00eancia internacional, o crescimento pessoal que adv\u00e9m \u00e9 muito mais importante.<\/p>\n<p style=\"text-align: justify;\">Estar longe de casa numa altura em que se vivia uma pandemia mundial foi especialmente desafiante, mas n\u00e3o podia estar em melhor s\u00edtio. S\u00f3 me resta dizer, chorei porque fui e chorei porque tive de voltar.<\/p><\/div><div class=\"lsow-testimonial-user\"><div class=\"lsow-image-wrapper\"><img loading=\"lazy\" decoding=\"async\" width=\"150\" height=\"150\" src=\"https:\/\/i0.wp.com\/neb.ist.utl.pt\/~neb.daemon\/site\/wp-content\/uploads\/2021\/02\/Rita-Mao-de-Ferro.png?resize=150%2C150&amp;ssl=1\" class=\"lsow-image full\" alt=\"\" srcset=\"https:\/\/i0.wp.com\/neb.ist.utl.pt\/~neb.daemon\/site\/wp-content\/uploads\/2021\/02\/Rita-Mao-de-Ferro.png?resize=150%2C150&amp;ssl=1 150w, https:\/\/i0.wp.com\/neb.ist.utl.pt\/~neb.daemon\/site\/wp-content\/uploads\/2021\/02\/Rita-Mao-de-Ferro.png?zoom=2&amp;resize=150%2C150&amp;ssl=1 300w\" sizes=\"(max-width: 150px) 100vw, 150px\" data-attachment-id=\"22889\" data-permalink=\"https:\/\/neb.ist.utl.pt\/~neb.daemon\/site\/plataforma-erasmus\/rita-mao-de-ferro\/\" data-orig-file=\"https:\/\/i0.wp.com\/neb.ist.utl.pt\/~neb.daemon\/site\/wp-content\/uploads\/2021\/02\/Rita-Mao-de-Ferro.png?fit=386%2C320&amp;ssl=1\" data-orig-size=\"386,320\" data-comments-opened=\"1\" data-image-meta=\"{&quot;aperture&quot;:&quot;0&quot;,&quot;credit&quot;:&quot;&quot;,&quot;camera&quot;:&quot;&quot;,&quot;caption&quot;:&quot;&quot;,&quot;created_timestamp&quot;:&quot;0&quot;,&quot;copyright&quot;:&quot;&quot;,&quot;focal_length&quot;:&quot;0&quot;,&quot;iso&quot;:&quot;0&quot;,&quot;shutter_speed&quot;:&quot;0&quot;,&quot;title&quot;:&quot;&quot;,&quot;orientation&quot;:&quot;0&quot;}\" data-image-title=\"Rita M\u00e3o de Ferro\" data-image-description=\"\" data-image-caption=\"\" data-medium-file=\"https:\/\/i0.wp.com\/neb.ist.utl.pt\/~neb.daemon\/site\/wp-content\/uploads\/2021\/02\/Rita-Mao-de-Ferro.png?fit=300%2C249&amp;ssl=1\" data-large-file=\"https:\/\/i0.wp.com\/neb.ist.utl.pt\/~neb.daemon\/site\/wp-content\/uploads\/2021\/02\/Rita-Mao-de-Ferro.png?fit=386%2C320&amp;ssl=1\" tabindex=\"0\" role=\"button\" \/><\/div><!-- .lsow-image-wrapper --><div class=\"lsow-text\"><h3 class=\"lsow-author-name\">Rita M\u00e3o de Ferro<\/h3><div class=\"lsow-author-credentials\">2019\/2020<\/div><\/div><\/div><!-- .lsow-testimonial-user --><\/div><!-- .lsow-testimonial --><\/div><!-- .lsow-testimonial-wrapper.lsow-slide --><div class=\"lsow-slide lsow-testimonial-wrapper\"><div class=\"lsow-testimonial\"><div class=\"lsow-testimonial-text\"><i class=\"lsow-icon-quote\"><\/i><p style=\"text-align: justify;\">Ol\u00e1! O meu nome \u00e9 Teresa e fui para a NTNU em Trondheim (Noruega) no segundo semestre de 2019-2020. Cheguei l\u00e1 tr\u00eas semanas depois de as aulas terem come\u00e7ado (porque no T\u00e9cnico os exames acabam mais tarde do que o in\u00edcio das aulas l\u00e1 e, para mais, estava a trabalhar). Por isso, as primeiras duas semanas depois de chegar foram intensas a recuperar trabalhos e fichas em atraso, mas o professores foram acess\u00edveis, estenderam prazos e acolheram-nos bem porque sabem da disparidade de semestres. A partir da\u00ed as aulas foram mais f\u00e1ceis de acompanhar (se bem que s\u00f3 percebi realmente alguma coisa quando comecei a estudar para os exames, como sempre). Os Noruegueses da nossa idade n\u00e3o s\u00e3o propriamente soci\u00e1veis - nunca te v\u00e3o convidar para um copo ou integrar-te nos seus grupos de projeto - mas h\u00e1 sempre mais alunos internacionais desejosos de fazer amigos. Sobre os noruegueses s\u00f3 se consegue descobrir qualquer coisa quando est\u00e3o com um copo a mais. Ir no segundo semestre significa chegar no Inverno.<\/p>\n<p style=\"text-align: justify;\">Na Noruega, Inverno \u00e9 sin\u00f3nimo de 4\/5 horas de luz solar por dia e noite escura nas restantes. Um pouco exigente para quem \u00e9 portugu\u00eas e para quem o sol \u00e9 importante. No entanto, \u00e9 a melhor altura para ir passear ao Norte da Noruega (Tromso \u00e9 famoso, mas mesmo em Trondheim) e ir em busca das m\u00edticas auroras boreais. Muita neve e as ruas e paisagens brancas e lindas (a neve s\u00f3 derrete l\u00e1 para Maio). A discoteca local dos estudantes \u00e9 \u00f3tima para as noites (que, para eles, come\u00e7am \u00e0s 21h) (se bem que, no meu semestre, fechou a meio por causa da covid). A cada dia que passa, o dia ganha seis minutos de luz e esta transi\u00e7\u00e3o \u00e9 impressionante. Consegue-se perceber que o dia seguinte \u00e9 maior que o anterior. Vai-se convivendo, cantando, estudando, passeando, esquiando e o semestre vai passando. Em Maio veio a \u00e9poca de exames (\u00e9 mais cedo, porque o semestre come\u00e7a no in\u00edcio de Janeiro). Eu na altura, antes de me atirar aos livros, fui passar 4\/5 dias a sul de Trondheim, numa RoadTrip com as minhas amigas para ver os famosos Fjords - foi espetacular. Estud\u00e1mos cerca de tr\u00eas semanas, sempre com tempo para passear, jantar fora, uma festa ou outra (pequenina - covid), e os exames foram na \u00faltima semana de Maio. Este \u00e9 o melhor m\u00eas para Barbecues ao p\u00e9 do fjord de Trondheim. Findos os exames, fui numa viagem com todos os amigos do mesmo edif\u00edcio que eu na resid\u00eancia (covid - o meu grupo eram os vizinhos) at\u00e9 \u00e0s ilhas Lofoten, onde vimos o sol da meia noite (j\u00e1 n\u00e3o h\u00e1 noite nesta altura no Norte da Noruega), fizemos grandes caminhadas (hikes) e grandes jantaradas. Voltei a Trondheim, fiz as malas, fui visitar o Trolltunga, Bergen e Oslo j\u00e1 s\u00f3 com dois amigos. De Oslo voei para Lisboa j\u00e1 no fim de Junho. A beleza daquele pa\u00eds \u00e9 espetacular! Recomendo muito! A \u00fanica coisa que mudava (mas n\u00e3o est\u00e1 ao nosso alcance) era ir mais cedo para come\u00e7ar o semestre bem e ir aos encontros e festas de boas-vindas dos alunos estrangeiros, mas isso n\u00e3o \u00e9 poss\u00edvel por causa dos nossos exames tardios. Que isso n\u00e3o vos impe\u00e7a mesmo de ir, porque tudo se faz e \u00e9 incr\u00edvel :)) Se tiverem alguma d\u00favida, liguem-me sem problema (+351 927713676), a n\u00e3o ser que estejam a ler isto em 2030 e eu j\u00e1 tenha 30 e tal anos (e n\u00e3o saibam o que foi a covid). Bom Erasmus!<\/p><\/div><div class=\"lsow-testimonial-user\"><div class=\"lsow-image-wrapper\"><img loading=\"lazy\" decoding=\"async\" width=\"150\" height=\"150\" src=\"https:\/\/i0.wp.com\/neb.ist.utl.pt\/~neb.daemon\/site\/wp-content\/uploads\/2021\/02\/Captura-de-ecra\u0303-2021-02-16-a\u0300s-21.26.08.png?resize=150%2C150&amp;ssl=1\" class=\"lsow-image full\" alt=\"\" srcset=\"https:\/\/i0.wp.com\/neb.ist.utl.pt\/~neb.daemon\/site\/wp-content\/uploads\/2021\/02\/Captura-de-ecra\u0303-2021-02-16-a\u0300s-21.26.08.png?resize=150%2C150&amp;ssl=1 150w, https:\/\/i0.wp.com\/neb.ist.utl.pt\/~neb.daemon\/site\/wp-content\/uploads\/2021\/02\/Captura-de-ecra\u0303-2021-02-16-a\u0300s-21.26.08.png?zoom=2&amp;resize=150%2C150&amp;ssl=1 300w, https:\/\/i0.wp.com\/neb.ist.utl.pt\/~neb.daemon\/site\/wp-content\/uploads\/2021\/02\/Captura-de-ecra\u0303-2021-02-16-a\u0300s-21.26.08.png?zoom=3&amp;resize=150%2C150&amp;ssl=1 450w\" sizes=\"(max-width: 150px) 100vw, 150px\" data-attachment-id=\"22972\" data-permalink=\"https:\/\/neb.ist.utl.pt\/~neb.daemon\/site\/plataforma-erasmus\/captura-de-ecra%cc%83-2021-02-16-as-21-26-08\/\" data-orig-file=\"https:\/\/i0.wp.com\/neb.ist.utl.pt\/~neb.daemon\/site\/wp-content\/uploads\/2021\/02\/Captura-de-ecra\u0303-2021-02-16-a\u0300s-21.26.08.png?fit=569%2C473&amp;ssl=1\" data-orig-size=\"569,473\" data-comments-opened=\"1\" data-image-meta=\"{&quot;aperture&quot;:&quot;0&quot;,&quot;credit&quot;:&quot;&quot;,&quot;camera&quot;:&quot;&quot;,&quot;caption&quot;:&quot;&quot;,&quot;created_timestamp&quot;:&quot;0&quot;,&quot;copyright&quot;:&quot;&quot;,&quot;focal_length&quot;:&quot;0&quot;,&quot;iso&quot;:&quot;0&quot;,&quot;shutter_speed&quot;:&quot;0&quot;,&quot;title&quot;:&quot;&quot;,&quot;orientation&quot;:&quot;0&quot;}\" data-image-title=\"Teresa Vieira\" data-image-description=\"\" data-image-caption=\"\" data-medium-file=\"https:\/\/i0.wp.com\/neb.ist.utl.pt\/~neb.daemon\/site\/wp-content\/uploads\/2021\/02\/Captura-de-ecra\u0303-2021-02-16-a\u0300s-21.26.08.png?fit=300%2C249&amp;ssl=1\" data-large-file=\"https:\/\/i0.wp.com\/neb.ist.utl.pt\/~neb.daemon\/site\/wp-content\/uploads\/2021\/02\/Captura-de-ecra\u0303-2021-02-16-a\u0300s-21.26.08.png?fit=569%2C473&amp;ssl=1\" tabindex=\"0\" role=\"button\" \/><\/div><!-- .lsow-image-wrapper --><div class=\"lsow-text\"><h3 class=\"lsow-author-name\">Teresa Vieira <\/h3><div class=\"lsow-author-credentials\">2019\/2020<\/div><\/div><\/div><!-- .lsow-testimonial-user --><\/div><!-- .lsow-testimonial --><\/div><!-- .lsow-testimonial-wrapper.lsow-slide --><\/div><!-- .lsow-slides --><\/div><!-- .lsow-testimonials-slider --><\/div><\/div><\/div><\/div><\/div><\/div>\t\t\t\t\t\t<\/div>\n\t\t\t\t\t\t\t\t\t\t\t<div class=\"tab-pane  fade\" id=\"tab-fran\u00e7a\" role=\"tabpanel\">\n\t\t\t\t\t\t\t<div id=\"pl-w668c25c29445a\"  class=\"panel-layout\" ><div id=\"pg-w668c25c29445a-0\"  class=\"panel-grid panel-has-style\" ><div class=\"siteorigin-panels-stretch perth-stretch panel-row-style panel-row-style-for-w668c25c29445a-0\" style=\"background-color: #ffffff;color: #000000;padding: 25px 0; \" data-stretch-type=\"full\" data-hascolor=\"hascolor\" ><div id=\"pgc-w668c25c29445a-0-0\"  class=\"panel-grid-cell panel-grid-cell-empty\" ><\/div><\/div><\/div><div id=\"pg-w668c25c29445a-1\"  class=\"panel-grid panel-has-style\" ><div class=\"siteorigin-panels-stretch perth-stretch panel-row-style panel-row-style-for-w668c25c29445a-1\" style=\"padding: 0px 0; \" data-stretch-type=\"full\" ><div id=\"pgc-w668c25c29445a-1-0\"  class=\"panel-grid-cell\" ><div id=\"panel-w668c25c29445a-1-0-0\" class=\"so-panel widget widget_sow-editor panel-first-child panel-last-child\" data-index=\"0\" ><div class=\"panel-widget-style panel-widget-style-for-w668c25c29445a-1-0-0\" ><div\n\t\t\t\n\t\t\tclass=\"so-widget-sow-editor so-widget-sow-editor-base\"\n\t\t\t\n\t\t><h3 class=\"widget-title\">Universit\u00e9 de Technologie Compi\u00e8gne<\/h3>\n<div class=\"siteorigin-widget-tinymce textwidget\">\n\t<\/div>\n<\/div><\/div><\/div><\/div><\/div><\/div><div id=\"pg-w668c25c29445a-2\"  class=\"panel-grid panel-has-style\" ><div style=\"padding: 0px 0; \" class=\"panel-row-style panel-row-style-for-w668c25c29445a-2\" ><div id=\"pgc-w668c25c29445a-2-0\"  class=\"panel-grid-cell\" ><div id=\"panel-w668c25c29445a-2-0-0\" class=\"so-panel widget widget_sow-image panel-first-child panel-last-child\" data-index=\"1\" ><div\n\t\t\t\n\t\t\tclass=\"so-widget-sow-image so-widget-sow-image-default-8b5b6f678277-16490\"\n\t\t\t\n\t\t>\n\n<div class=\"sow-image-container\">\n\t\t<img loading=\"lazy\" decoding=\"async\" src=\"https:\/\/i0.wp.com\/neb.ist.utl.pt\/~neb.daemon\/site\/wp-content\/uploads\/2021\/02\/UTC.jpeg?fit=584%2C349&amp;ssl=1\" width=\"584\" height=\"349\" srcset=\"https:\/\/i0.wp.com\/neb.ist.utl.pt\/~neb.daemon\/site\/wp-content\/uploads\/2021\/02\/UTC.jpeg?w=584&amp;ssl=1 584w, https:\/\/i0.wp.com\/neb.ist.utl.pt\/~neb.daemon\/site\/wp-content\/uploads\/2021\/02\/UTC.jpeg?resize=300%2C179&amp;ssl=1 300w, https:\/\/i0.wp.com\/neb.ist.utl.pt\/~neb.daemon\/site\/wp-content\/uploads\/2021\/02\/UTC.jpeg?resize=480%2C287&amp;ssl=1 480w, https:\/\/i0.wp.com\/neb.ist.utl.pt\/~neb.daemon\/site\/wp-content\/uploads\/2021\/02\/UTC.jpeg?resize=410%2C245&amp;ssl=1 410w, https:\/\/i0.wp.com\/neb.ist.utl.pt\/~neb.daemon\/site\/wp-content\/uploads\/2021\/02\/UTC.jpeg?resize=100%2C60&amp;ssl=1 100w, https:\/\/i0.wp.com\/neb.ist.utl.pt\/~neb.daemon\/site\/wp-content\/uploads\/2021\/02\/UTC.jpeg?resize=275%2C164&amp;ssl=1 275w\" alt=\"\" \t\tclass=\"so-widget-image\"\/>\n\t<\/div>\n\n<\/div><\/div><\/div><div id=\"pgc-w668c25c29445a-2-1\"  class=\"panel-grid-cell\" ><div id=\"panel-w668c25c29445a-2-1-0\" class=\"so-panel widget widget_sow-editor panel-first-child panel-last-child\" data-index=\"2\" ><div class=\"panel-widget-style panel-widget-style-for-w668c25c29445a-2-1-0\" ><div\n\t\t\t\n\t\t\tclass=\"so-widget-sow-editor so-widget-sow-editor-base\"\n\t\t\t\n\t\t>\n<div class=\"siteorigin-widget-tinymce textwidget\">\n\t<p style=\"text-align: justify;\">A UTC \u00e9 uma universidade Francesa e uma escola de engenharia que investe na forma\u00e7\u00e3o e na pedagogia aut\u00f3noma, bem como num programa interdisciplinar de investiga\u00e7\u00e3o tecnol\u00f3gica muito inovador. A universidade forma graduados (engenheiros, mestres e doutores) capazes de balancear as intera\u00e7\u00f5es da tecnologia com a humanidade e a sociedade em geral, e de evoluir num ambiente competitivo \u00e0 escala mundial, com o objetivo de cumprir as normas de um desenvolvimento sustent\u00e1vel.<br \/>\nOs professores da UTC, investigadores e engenheiros d\u00e3o import\u00e2ncia \u00e0 inova\u00e7\u00e3o, permitindo o surgimento de novo eixos subjacentes a esse conceito e introduzindo princ\u00edpios de empreendedorismo no cerne das suas preocupa\u00e7\u00f5es.<\/p>\n<\/div>\n<\/div><\/div><\/div><\/div><\/div><\/div><div id=\"pg-w668c25c29445a-3\"  class=\"panel-grid panel-has-style\" ><div style=\"padding: 80px 0; \" class=\"panel-row-style panel-row-style-for-w668c25c29445a-3\" ><div id=\"pgc-w668c25c29445a-3-0\"  class=\"panel-grid-cell\" ><div id=\"panel-w668c25c29445a-3-0-0\" class=\"so-panel widget widget_lsow-testimonials-slider panel-first-child panel-last-child\" data-index=\"3\" ><div\n\t\t\t\n\t\t\tclass=\"so-widget-lsow-testimonials-slider so-widget-lsow-testimonials-slider-default-d75171398898-16490\"\n\t\t\t\n\t\t>\n<div class=\"lsow-testimonials-slider lsow-flexslider lsow-container\" data-settings='{\"slide_animation\":\"fade\",\"direction\":\"horizontal\",\"slideshow_speed\":5000,\"animation_speed\":600,\"control_nav\":\"\",\"direction_nav\":\"on\",\"pause_on_hover\":\"on\",\"pause_on_action\":\"on\"}'><div class=\"lsow-slides\"><div class=\"lsow-slide lsow-testimonial-wrapper\"><div class=\"lsow-testimonial\"><div class=\"lsow-testimonial-text\"><i class=\"lsow-icon-quote\"><\/i><p style=\"text-align: justify;\">Ol\u00e1!\nEm Compi\u00e8gne tive a oportunidade de passar, sem d\u00favida, dos melhores momentos da minha vida!\nSendo uma cidade pequena \u00e9 muito f\u00e1cil de comunicar e estar com toda a gente principalmente com outros estudantes internacionais o que tornou o nosso grupo muito unido. Posso dizer que passado tanto tempo ainda falo com muitos deles!\nVida social: Existe um bar da universidade, mas que fecha cedo e no resto da cidade n\u00e3o existem muitos bares nem discotecas, mas isso n\u00e3o \u00e9 impedimento! Na maior parte das vezes \u00edamos para casa uns dos outros fazer a festa! Cuidado com o barulho! \ud83d\ude09\nA dist\u00e2ncia a p\u00e9 at\u00e9 \u00e0 Universidade (UTC) \u00e9 de 5 min e os autocarros s\u00e3o gratuitos! H\u00e1 sempre algu\u00e9m que quer e vai viajar e Paris \u00e9 j\u00e1 ali ao lado (50 min de comboio). Existem tamb\u00e9m acessos f\u00e1ceis e baratos de e para o aeroporto (Beauvais).\nSem d\u00favida que a maior dificuldade que tive especialmente no in\u00edcio foi a l\u00edngua visto que as aulas s\u00e3o em Franc\u00eas. Para compensar, a universidade oferece um curso intensivo de Franc\u00eas que ocorre no m\u00eas de agosto o qual eu definitivamente recomendo a quem for para a UTC. O lado positivo: Fica-se com mais uma l\u00edngua no CV! Espero ter ajudado e qualquer d\u00favida ou quest\u00e3o por favor n\u00e3o hesitem! Desejo um \u00f3timo ERASMUS na UTC!<\/p><\/div><div class=\"lsow-testimonial-user\"><div class=\"lsow-image-wrapper\"><img loading=\"lazy\" decoding=\"async\" width=\"150\" height=\"150\" src=\"https:\/\/i0.wp.com\/neb.ist.utl.pt\/~neb.daemon\/site\/wp-content\/uploads\/2020\/03\/Manuel-Dias.png?resize=150%2C150&amp;ssl=1\" class=\"lsow-image full\" alt=\"\" srcset=\"https:\/\/i0.wp.com\/neb.ist.utl.pt\/~neb.daemon\/site\/wp-content\/uploads\/2020\/03\/Manuel-Dias.png?w=640&amp;ssl=1 640w, https:\/\/i0.wp.com\/neb.ist.utl.pt\/~neb.daemon\/site\/wp-content\/uploads\/2020\/03\/Manuel-Dias.png?resize=300%2C300&amp;ssl=1 300w, https:\/\/i0.wp.com\/neb.ist.utl.pt\/~neb.daemon\/site\/wp-content\/uploads\/2020\/03\/Manuel-Dias.png?resize=150%2C150&amp;ssl=1 150w, https:\/\/i0.wp.com\/neb.ist.utl.pt\/~neb.daemon\/site\/wp-content\/uploads\/2020\/03\/Manuel-Dias.png?resize=480%2C480&amp;ssl=1 480w, https:\/\/i0.wp.com\/neb.ist.utl.pt\/~neb.daemon\/site\/wp-content\/uploads\/2020\/03\/Manuel-Dias.png?resize=410%2C410&amp;ssl=1 410w, https:\/\/i0.wp.com\/neb.ist.utl.pt\/~neb.daemon\/site\/wp-content\/uploads\/2020\/03\/Manuel-Dias.png?resize=100%2C100&amp;ssl=1 100w, https:\/\/i0.wp.com\/neb.ist.utl.pt\/~neb.daemon\/site\/wp-content\/uploads\/2020\/03\/Manuel-Dias.png?resize=275%2C275&amp;ssl=1 275w\" sizes=\"(max-width: 150px) 100vw, 150px\" data-attachment-id=\"21668\" data-permalink=\"https:\/\/neb.ist.utl.pt\/~neb.daemon\/site\/plataforma-erasmus\/manuel-dias\/\" data-orig-file=\"https:\/\/i0.wp.com\/neb.ist.utl.pt\/~neb.daemon\/site\/wp-content\/uploads\/2020\/03\/Manuel-Dias.png?fit=640%2C640&amp;ssl=1\" data-orig-size=\"640,640\" data-comments-opened=\"1\" data-image-meta=\"{&quot;aperture&quot;:&quot;0&quot;,&quot;credit&quot;:&quot;&quot;,&quot;camera&quot;:&quot;&quot;,&quot;caption&quot;:&quot;&quot;,&quot;created_timestamp&quot;:&quot;0&quot;,&quot;copyright&quot;:&quot;&quot;,&quot;focal_length&quot;:&quot;0&quot;,&quot;iso&quot;:&quot;0&quot;,&quot;shutter_speed&quot;:&quot;0&quot;,&quot;title&quot;:&quot;&quot;,&quot;orientation&quot;:&quot;0&quot;}\" data-image-title=\"Manuel Dias\" data-image-description=\"&lt;p&gt;Manuel Dias&lt;\/p&gt;\n\" data-image-caption=\"&lt;p&gt;Manuel Dias&lt;\/p&gt;\n\" data-medium-file=\"https:\/\/i0.wp.com\/neb.ist.utl.pt\/~neb.daemon\/site\/wp-content\/uploads\/2020\/03\/Manuel-Dias.png?fit=300%2C300&amp;ssl=1\" data-large-file=\"https:\/\/i0.wp.com\/neb.ist.utl.pt\/~neb.daemon\/site\/wp-content\/uploads\/2020\/03\/Manuel-Dias.png?fit=640%2C640&amp;ssl=1\" tabindex=\"0\" role=\"button\" \/><\/div><!-- .lsow-image-wrapper --><div class=\"lsow-text\"><h3 class=\"lsow-author-name\">Manuel Dias<\/h3><div class=\"lsow-author-credentials\">2017\/2018<\/div><\/div><\/div><!-- .lsow-testimonial-user --><\/div><!-- .lsow-testimonial --><\/div><!-- .lsow-testimonial-wrapper.lsow-slide --><\/div><!-- .lsow-slides --><\/div><!-- .lsow-testimonials-slider --><\/div><\/div><\/div><\/div><\/div><\/div>\t\t\t\t\t\t<\/div>\n\t\t\t\t\t\t\t\t\t\t\t<div class=\"tab-pane  fade\" id=\"tab-dinamarca\" role=\"tabpanel\">\n\t\t\t\t\t\t\t<div id=\"pl-w668c25c29445e\"  class=\"panel-layout\" ><div id=\"pg-w668c25c29445e-0\"  class=\"panel-grid panel-has-style\" ><div class=\"siteorigin-panels-stretch perth-stretch panel-row-style panel-row-style-for-w668c25c29445e-0\" style=\"background-color: #ffffff;color: #000000;padding: 25px 0; \" data-stretch-type=\"full\" data-hascolor=\"hascolor\" ><div id=\"pgc-w668c25c29445e-0-0\"  class=\"panel-grid-cell panel-grid-cell-empty\" ><\/div><\/div><\/div><div id=\"pg-w668c25c29445e-1\"  class=\"panel-grid panel-has-style\" ><div class=\"siteorigin-panels-stretch perth-stretch panel-row-style panel-row-style-for-w668c25c29445e-1\" style=\"padding: 0px 0; \" data-stretch-type=\"full\" ><div id=\"pgc-w668c25c29445e-1-0\"  class=\"panel-grid-cell\" ><div id=\"panel-w668c25c29445e-1-0-0\" class=\"so-panel widget widget_sow-editor panel-first-child panel-last-child\" data-index=\"0\" ><div class=\"panel-widget-style panel-widget-style-for-w668c25c29445e-1-0-0\" ><div\n\t\t\t\n\t\t\tclass=\"so-widget-sow-editor so-widget-sow-editor-base\"\n\t\t\t\n\t\t><h3 class=\"widget-title\">Technical University of Denmark<\/h3>\n<div class=\"siteorigin-widget-tinymce textwidget\">\n\t<\/div>\n<\/div><\/div><\/div><\/div><\/div><\/div><div id=\"pg-w668c25c29445e-2\"  class=\"panel-grid panel-has-style\" ><div style=\"padding: 0px 0; \" class=\"panel-row-style panel-row-style-for-w668c25c29445e-2\" ><div id=\"pgc-w668c25c29445e-2-0\"  class=\"panel-grid-cell\" ><div id=\"panel-w668c25c29445e-2-0-0\" class=\"so-panel widget widget_sow-image panel-first-child panel-last-child\" data-index=\"1\" ><div\n\t\t\t\n\t\t\tclass=\"so-widget-sow-image so-widget-sow-image-default-8b5b6f678277-16490\"\n\t\t\t\n\t\t>\n\n<div class=\"sow-image-container\">\n\t\t<img loading=\"lazy\" decoding=\"async\" src=\"https:\/\/i0.wp.com\/neb.ist.utl.pt\/~neb.daemon\/site\/wp-content\/uploads\/2021\/02\/DTU.jpg?fit=640%2C427&amp;ssl=1\" width=\"640\" height=\"427\" srcset=\"https:\/\/i0.wp.com\/neb.ist.utl.pt\/~neb.daemon\/site\/wp-content\/uploads\/2021\/02\/DTU.jpg?w=640&amp;ssl=1 640w, https:\/\/i0.wp.com\/neb.ist.utl.pt\/~neb.daemon\/site\/wp-content\/uploads\/2021\/02\/DTU.jpg?resize=300%2C200&amp;ssl=1 300w, https:\/\/i0.wp.com\/neb.ist.utl.pt\/~neb.daemon\/site\/wp-content\/uploads\/2021\/02\/DTU.jpg?resize=600%2C400&amp;ssl=1 600w, https:\/\/i0.wp.com\/neb.ist.utl.pt\/~neb.daemon\/site\/wp-content\/uploads\/2021\/02\/DTU.jpg?resize=480%2C320&amp;ssl=1 480w, https:\/\/i0.wp.com\/neb.ist.utl.pt\/~neb.daemon\/site\/wp-content\/uploads\/2021\/02\/DTU.jpg?resize=410%2C274&amp;ssl=1 410w, https:\/\/i0.wp.com\/neb.ist.utl.pt\/~neb.daemon\/site\/wp-content\/uploads\/2021\/02\/DTU.jpg?resize=100%2C67&amp;ssl=1 100w, https:\/\/i0.wp.com\/neb.ist.utl.pt\/~neb.daemon\/site\/wp-content\/uploads\/2021\/02\/DTU.jpg?resize=275%2C183&amp;ssl=1 275w, https:\/\/i0.wp.com\/neb.ist.utl.pt\/~neb.daemon\/site\/wp-content\/uploads\/2021\/02\/DTU.jpg?resize=272%2C182&amp;ssl=1 272w\" alt=\"\" \t\tclass=\"so-widget-image\"\/>\n\t<\/div>\n\n<\/div><\/div><\/div><div id=\"pgc-w668c25c29445e-2-1\"  class=\"panel-grid-cell\" ><div id=\"panel-w668c25c29445e-2-1-0\" class=\"so-panel widget widget_sow-editor panel-first-child panel-last-child\" data-index=\"2\" ><div class=\"panel-widget-style panel-widget-style-for-w668c25c29445e-2-1-0\" ><div\n\t\t\t\n\t\t\tclass=\"so-widget-sow-editor so-widget-sow-editor-base\"\n\t\t\t\n\t\t>\n<div class=\"siteorigin-widget-tinymce textwidget\">\n\t<p style=\"text-align: justify;\">Fundada em 1829, com a miss\u00e3o de criar valor para o benef\u00edcio da sociedade, a DTU \u00e9 uma universidade internacional de elite onde a educa\u00e7\u00e3o, o aconselhamento cient\u00edfico e a inova\u00e7\u00e3o s\u00e3o sustentadas por uma base s\u00f3lida de investiga\u00e7\u00e3o \u00e0 classe mundial.<br \/>\nA universidade est\u00e1 na vanguarda acad\u00e9mica e multidisciplinar das ci\u00eancias t\u00e9cnicas e naturais \u2013 com novas iniciativas em v\u00e1rias \u00e1reas exigentes da engenharia, incluindo a tecnologia da energia sustent\u00e1vel e a ci\u00eancia da vida.<\/p>\n<\/div>\n<\/div><\/div><\/div><\/div><\/div><\/div><div id=\"pg-w668c25c29445e-3\"  class=\"panel-grid panel-has-style\" ><div style=\"padding: 80px 0; \" class=\"panel-row-style panel-row-style-for-w668c25c29445e-3\" ><div id=\"pgc-w668c25c29445e-3-0\"  class=\"panel-grid-cell\" ><div id=\"panel-w668c25c29445e-3-0-0\" class=\"so-panel widget widget_lsow-testimonials-slider panel-first-child panel-last-child\" data-index=\"3\" ><div\n\t\t\t\n\t\t\tclass=\"so-widget-lsow-testimonials-slider so-widget-lsow-testimonials-slider-default-d75171398898-16490\"\n\t\t\t\n\t\t>\n<div class=\"lsow-testimonials-slider lsow-flexslider lsow-container\" data-settings='{\"slide_animation\":\"fade\",\"direction\":\"horizontal\",\"slideshow_speed\":500000,\"animation_speed\":600,\"control_nav\":\"\",\"direction_nav\":\"on\",\"pause_on_hover\":\"on\",\"pause_on_action\":\"on\"}'><div class=\"lsow-slides\"><div class=\"lsow-slide lsow-testimonial-wrapper\"><div class=\"lsow-testimonial\"><div class=\"lsow-testimonial-text\"><i class=\"lsow-icon-quote\"><\/i><div class=\"page\" title=\"Page 1\">\n<div class=\"layoutArea\">\n<div class=\"column\">\n<p style=\"text-align: justify;\">Ola\u0301 Biolo\u0301gica! O meu nome e\u0301 Joa\u0303o Jacinto e fiz ERASMUS na DTU (Dinamarca) no meu 1oano de mestrado durante o segundo semestre (2021-22).<\/p>\n<p style=\"text-align: justify;\">Fazer ERASMUS e viver por uma temporada fora de Portugal sempre foi um grande objetivo meu. Experienciar em primeira ma\u0303o uma nova cultura, uma nova maneira de viver e trabalhar contribuiu definitivamente para o meu crescimento como estudante, pessoa e futuro profissional. Recomendo vivamente que todos experimentem.<\/p>\n<p style=\"text-align: justify;\">Porque\u0302 e\u0301 que escolhi a DTU? Primeiramente porque nunca tinha visitado a Dinamarca, e porque os pai\u0301ses no\u0301rdicos me despertaram alguma curiosidade. A maneira como esta\u0303o organizados socialmente, o ni\u0301vel de desenvolvimento deles, etc. Ale\u0301m disso, a ni\u0301vel do setor de Engenharia Biolo\u0301gica, a Dinamarca e\u0301 sem du\u0301vida um dos pai\u0301ses com uma grande presenc\u0327a de empresas internacionais desta a\u0301rea, como a Novozymes. Tambe\u0301m despertou o meu interesse pelo seu renome, pelo me\u0301todo de ensino que utilizam que da\u0301 mais liberdade aos alunos de escolher o seu caminho e por ser mais virado para trabalhos\/projetos e na\u0303o para exames.<\/p>\n<p style=\"text-align: justify;\">Em relac\u0327a\u0303o a\u0300 universidade, diria que da\u0301 20 a zero ao te\u0301cnico, a ni\u0301vel de equipamentos e instalac\u0327o\u0303es. Por se localizar nos arredores da capital (Lyngyby) possui imenso espac\u0327o e imensos edif\u00edcios, o que possibilita que estes estejam mais bem diferenciados, especializados e bem equipados. A maioria das salas de aula eram anfiteatros muito bem equipadas e modernas. A biblioteca era sem du\u0301vida o melhor si\u0301tio para estudar e trabalhar, possuindo va\u0301rios pisos onde se podiam alugar salas e utilizadores computadores.<\/p>\n<p style=\"text-align: justify;\">A DTU possui imensas cadeiras, em que a maioria delas da\u0303o equivale\u0302ncia aos do te\u0301cnico. As cadeiras de la\u0301 sa\u0303o atribui\u0301das 5, 7.5 ou 10 ECT\u2019s. No total fiz 4 cadeiras (duas de 5 ECT\u2019s e duas de 10 ECT\u2019s) que me deram equivale\u0302ncia a 2 obrigato\u0301rias e 3 opcionais no te\u0301cnico. No ini\u0301cio estava com algum receio das cadeiras de 10 ECT\u2019s, mas foram bastante fazi\u0301veis. Senti tambe\u0301m que tinha mais tempo para mim na DTU do que no te\u0301cnico, o que ajudou bastante na experie\u0302ncia de ERASMUS. Uma das opcionais que realizei foi \u201cProduction of Biofuels\u201d que recomendo vivamente seguir esta cadeira. Foi muito bem lecionada, aprendi bastante e ainda tive direito a uma visita de estudo. Em relac\u0327a\u0303o a\u0300s avaliac\u0327o\u0303es, tive trabalhos e projetos em todas elas, que envolveram bastante trabalho de grupo, e exames em tre\u0302s delas. Senti que os exames la\u0301 sa\u0303o bastante mais fa\u0301ceis que no te\u0301cnico. Ale\u0301m de serem todos com consulta, com 4 horas de avaliac\u0327a\u0303o, as perguntas eram mais direcionadas a como podias aplicar o que aprendeste em exemplos pra\u0301ticos e na\u0303o tanto decorar teoria e equac\u0327o\u0303es. Acrescento tambe\u0301m que se na\u0303o fizerem nenhum \u201cJune course\u201d, a meio de maio ficam logo despachados de tudo e te\u0302m umas ferias de vera\u0303o muito prolongadas <span class=\"cqiun4t2 khvhiq1o r5qsrrlp i5tg98hk iqx13udk przvwfww qiohso4h gfz4du6o r7fjleex nz2484kf svot0ezm dcnh1tix sxl192xd t3g6t33p\"><span class=\"\">\ud83d\ude09<\/span><\/span>.<\/p>\n<p style=\"text-align: justify;\">No que toca a vida social, eles no ini\u0301cio do semestre organizam uma semana de acolhimento para os novos alunos estrageiros em que nos metem em grupos com outras pessoas internacionais. Aconselho bastante a irem a esta semana cheia de atividades e festas para ficares a conheceres pessoas e formar um grupito de amigos imprescindi\u0301veis para uma melhor experie\u0302ncia. Festas, eventos e afins na universidade ou em Copenhaga na\u0303o faltavam, especialmente festas nas reside\u0302ncias da faculdade. Para te sentires mais em casa, pessoal portugue\u0302s na\u0303o falta. Ha\u0301 sempre um portugue\u0302s em cada canto. No meu caso, conheci um portugue\u0302s que estava la\u0301 a fazer o mestrado e a fazer as mesmas cadeiras que eu, e tambe\u0301m o pessoal de outros cursos do te\u0301cnico que tambe\u0301m va\u0303o para la\u0301 fazer ERASMUS.<\/p>\n\n<\/div>\n<\/div>\n<\/div>\n<div class=\"page\" title=\"Page 2\">\n<div class=\"layoutArea\">\n<div class=\"column\">\n<p style=\"text-align: justify;\">Resumidamente, a DTU e\u0301 um local incri\u0301vel para conhecer um novo pai\u0301s, um me\u0301todo de ensino diferente, experienciar viver sozinho no estrangeiro, conhecer pessoal internacional, aproveitar festas e eventos sociais, e ter aulas numa universidade de renome e muito bem equipada.<\/p>\n\n<\/div>\n<\/div>\n<\/div><\/div><div class=\"lsow-testimonial-user\"><div class=\"lsow-image-wrapper\"><img loading=\"lazy\" decoding=\"async\" width=\"150\" height=\"150\" src=\"https:\/\/i0.wp.com\/neb.ist.utl.pt\/~neb.daemon\/site\/wp-content\/uploads\/2023\/07\/Fotografia-Joao-Jacinto.jpeg?resize=150%2C150&amp;ssl=1\" class=\"lsow-image full\" alt=\"\" srcset=\"https:\/\/i0.wp.com\/neb.ist.utl.pt\/~neb.daemon\/site\/wp-content\/uploads\/2023\/07\/Fotografia-Joao-Jacinto.jpeg?resize=150%2C150&amp;ssl=1 150w, https:\/\/i0.wp.com\/neb.ist.utl.pt\/~neb.daemon\/site\/wp-content\/uploads\/2023\/07\/Fotografia-Joao-Jacinto.jpeg?zoom=2&amp;resize=150%2C150&amp;ssl=1 300w\" sizes=\"(max-width: 150px) 100vw, 150px\" data-attachment-id=\"27760\" data-permalink=\"https:\/\/neb.ist.utl.pt\/~neb.daemon\/site\/plataforma-erasmus\/fotografia-joao-jacinto\/\" data-orig-file=\"https:\/\/i0.wp.com\/neb.ist.utl.pt\/~neb.daemon\/site\/wp-content\/uploads\/2023\/07\/Fotografia-Joao-Jacinto.jpeg?fit=302%2C403&amp;ssl=1\" data-orig-size=\"302,403\" data-comments-opened=\"1\" data-image-meta=\"{&quot;aperture&quot;:&quot;0&quot;,&quot;credit&quot;:&quot;&quot;,&quot;camera&quot;:&quot;&quot;,&quot;caption&quot;:&quot;&quot;,&quot;created_timestamp&quot;:&quot;0&quot;,&quot;copyright&quot;:&quot;&quot;,&quot;focal_length&quot;:&quot;0&quot;,&quot;iso&quot;:&quot;0&quot;,&quot;shutter_speed&quot;:&quot;0&quot;,&quot;title&quot;:&quot;&quot;,&quot;orientation&quot;:&quot;0&quot;}\" data-image-title=\"Fotografia Jo\u00e3o Jacinto\" data-image-description=\"\" data-image-caption=\"\" data-medium-file=\"https:\/\/i0.wp.com\/neb.ist.utl.pt\/~neb.daemon\/site\/wp-content\/uploads\/2023\/07\/Fotografia-Joao-Jacinto.jpeg?fit=225%2C300&amp;ssl=1\" data-large-file=\"https:\/\/i0.wp.com\/neb.ist.utl.pt\/~neb.daemon\/site\/wp-content\/uploads\/2023\/07\/Fotografia-Joao-Jacinto.jpeg?fit=302%2C403&amp;ssl=1\" tabindex=\"0\" role=\"button\" \/><\/div><!-- .lsow-image-wrapper --><div class=\"lsow-text\"><h3 class=\"lsow-author-name\">Jo\u00e3o Jacinto<\/h3><div class=\"lsow-author-credentials\">2021\/2022<\/div><\/div><\/div><!-- .lsow-testimonial-user --><\/div><!-- .lsow-testimonial --><\/div><!-- .lsow-testimonial-wrapper.lsow-slide --><div class=\"lsow-slide lsow-testimonial-wrapper\"><div class=\"lsow-testimonial\"><div class=\"lsow-testimonial-text\"><i class=\"lsow-icon-quote\"><\/i><p style=\"text-align: justify;\">O meu nome \u00e9 Leonor e fiz ERASMUS na Dinamarca no segundo semestre do 4\u00ba ano de curso. A universidade para que fui chama-se Danmarks Tekniske Universitet (DTU).<\/p>\n<p style=\"text-align: justify;\">A universidade tem \u00f3timas instala\u00e7\u00f5es. Fica situada em Lyngby, uma vila localizada perto de Copenhaga e existem v\u00e1rios transportes que vos levam rapidamente \u00e0 capital. Podem optar pelo autocarro, que demora cerca de 25 minutos, pelo comboio (onde podem levar a vossa bicicleta), ou pela bicicleta, que demora cerca de 40\/45 minutos. O que costumava usar mais era o autocarro porque existe uma paragem mesmo no campus.<\/p>\n<p style=\"text-align: justify;\">Relativamente a alojamento v\u00e3o ter a tarefa muito facilitada! A universidade tem muitas resid\u00eancias dispon\u00edveis e se se candidatarem a alguma h\u00e1 elevada probabilidade de ficarem colocados. Eles ainda t\u00eam um servi\u00e7o a que podem recorrer e que vos ajuda a encontrar alojamento se n\u00e3o conseguirem lugar em nenhuma resid\u00eancia. Eu fiquei nos <em>U2 apartments<\/em>, uma resid\u00eancia bem recente que tem apartamentos individuais. Estava situada no campus da universidade o que facilitava muito as desloca\u00e7\u00f5es porque o campus n\u00e3o tem nada a ver com o T\u00e9cnico. \u00c9 bastante maior e na maior parte das vezes, tinha de usar a minha bicicleta para chegar \u00e0s salas de aula!<\/p>\n<p style=\"text-align: justify;\">Na Dinamarca a bicicleta \u00e9 um meio de transporte de elei\u00e7\u00e3o e existem v\u00e1rias empresas a que podem recorrer para fazer o aluguer da vossa bicicleta. H\u00e1 tamb\u00e9m alunos que optam por comprar bicicletas em segunda m\u00e3o e depois vendem-nas quando se v\u00e3o embora. Eu optei por alugar uma, escolhi uma empresa muito conhecida chamada <em>Swapfiets<\/em> e o aluguer da minha bicicleta ficava a cerca de 25 \u20ac por m\u00eas.<\/p>\n<p style=\"text-align: justify;\">A associa\u00e7\u00e3o de estudantes da universidade tem v\u00e1rios eventos organizados no in\u00edcio das aulas que t\u00eam como objeto juntar as pessoas de ERASMUS. Chama-se <em>introduction week<\/em> e eles t\u00eam organizadas v\u00e1rias atividades tanto no campus como em Copenhaga. Desde <em>peddy-papers<\/em>, jogos, noites de festa a um baile de encerramento, todas as atividades facilitam e muito a tarefa de conhecerem novas pessoas. A maior parte dos amigos que fiz conheci-os nesta primeira semana por isso aconselho vivamente a inscreverem-se.<\/p>\n<p style=\"text-align: justify;\">Relativamente \u00e0s cadeiras, inscrevi-me a 4: <em>Process Desing<\/em> (10 cr\u00e9ditos), que equivale a EBI II e a uma cadeira opcional; <em>Optimising Plantwide Control<\/em> (7,5 cr\u00e9ditos), que equivale a Din\u00e2mica de Sistemas e Controle de Projetos; e depois fiz duas cadeiras opcionais, <em>General Medical Microbiology<\/em> e <em>Development and production of vaccines <\/em>(ambas de 5 cr\u00e9ditos). Como fiz todas as cadeiras opcionais na Dinamarca, no primeiro semestre do 5\u00ba ano ficaram apenas a faltar fazer as cadeiras de Engenharia de C\u00e9lulas e Tecidos e Gen\u00f3mica Funcional e Bioinform\u00e1tica, que fiz ambas com o curso de Engenharia Biom\u00e9dica.<\/p>\n<p style=\"text-align: justify;\">A DTU \u00e9 uma universidade conhecida pela sua aposta nos trabalhos de grupo. Em todas as cadeiras que tive tinha um trabalho de grupo que tinha um peso significativo da nota final. Em termos de carga de trabalho, achei semelhante ao T\u00e9cnico, mas como o ensino era mais pr\u00e1tico senti que era mais f\u00e1cil aprender sem ter de estudar tanto.<\/p>\n<p style=\"text-align: justify;\">Em conclus\u00e3o gostei muito da minha experi\u00eancia na DTU e recomendo vivamente a quem est\u00e1 a pensar fazer ERASMUS!<\/p><\/div><div class=\"lsow-testimonial-user\"><div class=\"lsow-image-wrapper\"><img loading=\"lazy\" decoding=\"async\" width=\"150\" height=\"150\" src=\"https:\/\/i0.wp.com\/neb.ist.utl.pt\/~neb.daemon\/site\/wp-content\/uploads\/2021\/01\/B1392F0A-5B21-4389-99CC-6060AC976A24.jpg?resize=150%2C150&amp;ssl=1\" class=\"lsow-image full\" alt=\"\" srcset=\"https:\/\/i0.wp.com\/neb.ist.utl.pt\/~neb.daemon\/site\/wp-content\/uploads\/2021\/01\/B1392F0A-5B21-4389-99CC-6060AC976A24.jpg?resize=150%2C150&amp;ssl=1 150w, https:\/\/i0.wp.com\/neb.ist.utl.pt\/~neb.daemon\/site\/wp-content\/uploads\/2021\/01\/B1392F0A-5B21-4389-99CC-6060AC976A24.jpg?zoom=2&amp;resize=150%2C150&amp;ssl=1 300w, https:\/\/i0.wp.com\/neb.ist.utl.pt\/~neb.daemon\/site\/wp-content\/uploads\/2021\/01\/B1392F0A-5B21-4389-99CC-6060AC976A24.jpg?zoom=3&amp;resize=150%2C150&amp;ssl=1 450w\" sizes=\"(max-width: 150px) 100vw, 150px\" data-attachment-id=\"22830\" data-permalink=\"https:\/\/neb.ist.utl.pt\/~neb.daemon\/site\/b1392f0a-5b21-4389-99cc-6060ac976a24\/\" data-orig-file=\"https:\/\/i0.wp.com\/neb.ist.utl.pt\/~neb.daemon\/site\/wp-content\/uploads\/2021\/01\/B1392F0A-5B21-4389-99CC-6060AC976A24.jpg?fit=1440%2C1800&amp;ssl=1\" data-orig-size=\"1440,1800\" data-comments-opened=\"1\" data-image-meta=\"{&quot;aperture&quot;:&quot;0&quot;,&quot;credit&quot;:&quot;&quot;,&quot;camera&quot;:&quot;&quot;,&quot;caption&quot;:&quot;&quot;,&quot;created_timestamp&quot;:&quot;0&quot;,&quot;copyright&quot;:&quot;&quot;,&quot;focal_length&quot;:&quot;0&quot;,&quot;iso&quot;:&quot;0&quot;,&quot;shutter_speed&quot;:&quot;0&quot;,&quot;title&quot;:&quot;&quot;,&quot;orientation&quot;:&quot;1&quot;}\" data-image-title=\"Foto Leonor Garcia\" data-image-description=\"\" data-image-caption=\"\" data-medium-file=\"https:\/\/i0.wp.com\/neb.ist.utl.pt\/~neb.daemon\/site\/wp-content\/uploads\/2021\/01\/B1392F0A-5B21-4389-99CC-6060AC976A24.jpg?fit=240%2C300&amp;ssl=1\" data-large-file=\"https:\/\/i0.wp.com\/neb.ist.utl.pt\/~neb.daemon\/site\/wp-content\/uploads\/2021\/01\/B1392F0A-5B21-4389-99CC-6060AC976A24.jpg?fit=819%2C1024&amp;ssl=1\" tabindex=\"0\" role=\"button\" \/><\/div><!-- .lsow-image-wrapper --><div class=\"lsow-text\"><h3 class=\"lsow-author-name\">Leonor Garcia <\/h3><div class=\"lsow-author-credentials\">2019\/2020<\/div><\/div><\/div><!-- .lsow-testimonial-user --><\/div><!-- .lsow-testimonial --><\/div><!-- .lsow-testimonial-wrapper.lsow-slide --><div class=\"lsow-slide lsow-testimonial-wrapper\"><div class=\"lsow-testimonial\"><div class=\"lsow-testimonial-text\"><i class=\"lsow-icon-quote\"><\/i><p style=\"text-align: justify;\">Erasmus sempre foi algo que quis fazer e a Dinamarca n\u00e3o podia ter sido melhor escolha. Foram 5 meses incr\u00edveis, uma das melhores experi\u00eancias da minha vida. Adoro viajar, descobrir novas culturas e vivenciar outras realidades, distintas de Portugal. No in\u00edcio, confesso que estava nervosa e com receio - tudo era novo, sozinha noutro pa\u00eds completamente diferente do nosso... Mas rapidamente percebi que eram medos desnecess\u00e1rios. Logo na primeira semana, a semana de acolhimento, conheci pessoas que depressa se revelaram amigos e que levo comigo para a vida pois, com a ajuda deles, toda esta experi\u00eancia se tornou mais f\u00e1cil e inesquec\u00edvel.\nSobre a faculdade, posso dizer-vos que a \u00fanica forma de percorrer o campus \u00e9 com a ajuda de uma bicicleta (imaginem a dimens\u00e3o). Ent\u00e3o na segunda semana, aluguei uma para o resto do semestre. As instala\u00e7\u00f5es surpreenderam-me e muito pela positiva, dignas de um hotel de 5 estrelas, s\u00f3 mesmo visto para entender! Das cadeiras opcionais que fiz, a relacionada com imunologia foi a que mais gostei e que no IST n\u00e3o teria oportunidade de fazer. Confesso que nas obrigat\u00f3rias, tive mais dificuldade uma vez que n\u00e3o estava \u00e0 vontade com a mat\u00e9ria e o m\u00e9todo que utilizavam. Ao longo do semestre, percebi que o mais importante era o trabalho em grupo (projetos, exerc\u00edcios, etc.) e n\u00e3o tanto o decorar para o exame final. Notei tamb\u00e9m que, comparativamente a Portugal, existe muito menos press\u00e3o sobre os jovens no que toca ao come\u00e7o e ao t\u00e9rmino do curso e essa realidade surpreendeu-me e agradou-me bastante.\nEm termos de pa\u00eds, adorei a Dinamarca, o ambiente tranquilo de Copenhaga, a forma organizada como se vive, o respeito pelo outro e pelos espa\u00e7os. Tamb\u00e9m me agradou muito ver que a maioria das pessoas adota a bicicleta como principal meio de transporte, n\u00e3o s\u00f3 pelo meio ambiente, mas tamb\u00e9m pela atividade f\u00edsica. De facto, n\u00e3o \u00e9 um pa\u00eds barato como j\u00e1 me tinham alertado. No entanto, tem aspetos positivos, como o acesso gratuito \u00e0 sa\u00fade e \u00e0 educa\u00e7\u00e3o. N\u00e3o gostei assim tanto do tempo de chuva e frio e dos dias cinzentos, mas por incr\u00edvel que pare\u00e7a consegui aproveitar os raros dias de sol. Esses eram muito bem passados na praia, com churrascos e muita m\u00fasica.\nNo final do semestre, depois de terminar a parte acad\u00e9mica, ganhei coragem, aluguei um carro e fui rumo a um novo pa\u00eds. Sozinha, 9 dias numa road trip pela Noruega e, apesar do receio que senti no in\u00edcio, acreditem que foi a melhor coisa que fiz! Paisagens de outro mundo, tudo merecia ser fotografado, recomendo e muito!\nAconselho muito a experi\u00eancia de Erasmus, \u00e9 uma forma diferente de conhecer outros pa\u00edses, outras realidades, outras pessoas e, acima de tudo, de crescer. Sou suspeita, mas a Dinamarca \u00e9 uma \u00f3tima op\u00e7\u00e3o!<\/p><\/div><div class=\"lsow-testimonial-user\"><div class=\"lsow-image-wrapper\"><img loading=\"lazy\" decoding=\"async\" width=\"150\" height=\"150\" src=\"https:\/\/i0.wp.com\/neb.ist.utl.pt\/~neb.daemon\/site\/wp-content\/uploads\/2019\/09\/Imagem2.png?resize=150%2C150&amp;ssl=1\" class=\"lsow-image full\" alt=\"\" srcset=\"https:\/\/i0.wp.com\/neb.ist.utl.pt\/~neb.daemon\/site\/wp-content\/uploads\/2019\/09\/Imagem2.png?resize=150%2C150&amp;ssl=1 150w, https:\/\/i0.wp.com\/neb.ist.utl.pt\/~neb.daemon\/site\/wp-content\/uploads\/2019\/09\/Imagem2.png?zoom=2&amp;resize=150%2C150&amp;ssl=1 300w\" sizes=\"(max-width: 150px) 100vw, 150px\" data-attachment-id=\"17454\" data-permalink=\"https:\/\/neb.ist.utl.pt\/~neb.daemon\/site\/plataforma-erasmus\/imagem2\/\" data-orig-file=\"https:\/\/i0.wp.com\/neb.ist.utl.pt\/~neb.daemon\/site\/wp-content\/uploads\/2019\/09\/Imagem2.png?fit=427%2C475&amp;ssl=1\" data-orig-size=\"427,475\" data-comments-opened=\"1\" data-image-meta=\"{&quot;aperture&quot;:&quot;0&quot;,&quot;credit&quot;:&quot;&quot;,&quot;camera&quot;:&quot;&quot;,&quot;caption&quot;:&quot;&quot;,&quot;created_timestamp&quot;:&quot;0&quot;,&quot;copyright&quot;:&quot;&quot;,&quot;focal_length&quot;:&quot;0&quot;,&quot;iso&quot;:&quot;0&quot;,&quot;shutter_speed&quot;:&quot;0&quot;,&quot;title&quot;:&quot;&quot;,&quot;orientation&quot;:&quot;0&quot;}\" data-image-title=\"Imagem2\" data-image-description=\"\" data-image-caption=\"&lt;p&gt;ventura&lt;\/p&gt;\n\" data-medium-file=\"https:\/\/i0.wp.com\/neb.ist.utl.pt\/~neb.daemon\/site\/wp-content\/uploads\/2019\/09\/Imagem2.png?fit=270%2C300&amp;ssl=1\" data-large-file=\"https:\/\/i0.wp.com\/neb.ist.utl.pt\/~neb.daemon\/site\/wp-content\/uploads\/2019\/09\/Imagem2.png?fit=427%2C475&amp;ssl=1\" tabindex=\"0\" role=\"button\" \/><\/div><!-- .lsow-image-wrapper --><div class=\"lsow-text\"><h3 class=\"lsow-author-name\">Catarina Ventura<\/h3><div class=\"lsow-author-credentials\">2018\/2019<\/div><\/div><\/div><!-- .lsow-testimonial-user --><\/div><!-- .lsow-testimonial --><\/div><!-- .lsow-testimonial-wrapper.lsow-slide --><\/div><!-- .lsow-slides --><\/div><!-- .lsow-testimonials-slider --><\/div><\/div><\/div><\/div><\/div><\/div>\t\t\t\t\t\t<\/div>\n\t\t\t\t\t\t\t\t\t\t\t<div class=\"tab-pane  fade\" id=\"tab-su\u00e9cia\" role=\"tabpanel\">\n\t\t\t\t\t\t\t<div id=\"pl-w668c25c294462\"  class=\"panel-layout\" ><div id=\"pg-w668c25c294462-0\"  class=\"panel-grid panel-has-style\" ><div style=\"padding: 25px 0; \" class=\"panel-row-style panel-row-style-for-w668c25c294462-0\" ><div id=\"pgc-w668c25c294462-0-0\"  class=\"panel-grid-cell panel-grid-cell-empty\" ><\/div><\/div><\/div><div id=\"pg-w668c25c294462-1\"  class=\"panel-grid panel-has-style\" ><div style=\"padding: 0px 0; \" class=\"panel-row-style panel-row-style-for-w668c25c294462-1\" ><div id=\"pgc-w668c25c294462-1-0\"  class=\"panel-grid-cell\" ><div id=\"panel-w668c25c294462-1-0-0\" class=\"so-panel widget widget_sow-editor panel-first-child panel-last-child\" data-index=\"0\" ><div class=\"panel-widget-style panel-widget-style-for-w668c25c294462-1-0-0\" ><div\n\t\t\t\n\t\t\tclass=\"so-widget-sow-editor so-widget-sow-editor-base\"\n\t\t\t\n\t\t><h3 class=\"widget-title\">Chalmers University of Technology <\/h3>\n<div class=\"siteorigin-widget-tinymce textwidget\">\n\t<\/div>\n<\/div><\/div><\/div><\/div><\/div><\/div><div id=\"pg-w668c25c294462-2\"  class=\"panel-grid panel-has-style\" ><div style=\"padding: 0px 0; \" class=\"panel-row-style panel-row-style-for-w668c25c294462-2\" ><div id=\"pgc-w668c25c294462-2-0\"  class=\"panel-grid-cell\" ><div id=\"panel-w668c25c294462-2-0-0\" class=\"so-panel widget widget_sow-image panel-first-child panel-last-child\" data-index=\"1\" ><div class=\"panel-widget-style panel-widget-style-for-w668c25c294462-2-0-0\" ><div\n\t\t\t\n\t\t\tclass=\"so-widget-sow-image so-widget-sow-image-default-8b5b6f678277-16490\"\n\t\t\t\n\t\t>\n\n<div class=\"sow-image-container\">\n\t\t<img loading=\"lazy\" decoding=\"async\" src=\"https:\/\/i0.wp.com\/neb.ist.utl.pt\/~neb.daemon\/site\/wp-content\/uploads\/2024\/07\/R.jpg?fit=1920%2C800&amp;ssl=1\" width=\"1920\" height=\"800\" srcset=\"https:\/\/i0.wp.com\/neb.ist.utl.pt\/~neb.daemon\/site\/wp-content\/uploads\/2024\/07\/R.jpg?w=1920&amp;ssl=1 1920w, https:\/\/i0.wp.com\/neb.ist.utl.pt\/~neb.daemon\/site\/wp-content\/uploads\/2024\/07\/R.jpg?resize=300%2C125&amp;ssl=1 300w, https:\/\/i0.wp.com\/neb.ist.utl.pt\/~neb.daemon\/site\/wp-content\/uploads\/2024\/07\/R.jpg?resize=1024%2C427&amp;ssl=1 1024w, https:\/\/i0.wp.com\/neb.ist.utl.pt\/~neb.daemon\/site\/wp-content\/uploads\/2024\/07\/R.jpg?resize=768%2C320&amp;ssl=1 768w, https:\/\/i0.wp.com\/neb.ist.utl.pt\/~neb.daemon\/site\/wp-content\/uploads\/2024\/07\/R.jpg?resize=1536%2C640&amp;ssl=1 1536w, https:\/\/i0.wp.com\/neb.ist.utl.pt\/~neb.daemon\/site\/wp-content\/uploads\/2024\/07\/R.jpg?resize=480%2C200&amp;ssl=1 480w, https:\/\/i0.wp.com\/neb.ist.utl.pt\/~neb.daemon\/site\/wp-content\/uploads\/2024\/07\/R.jpg?resize=410%2C171&amp;ssl=1 410w, https:\/\/i0.wp.com\/neb.ist.utl.pt\/~neb.daemon\/site\/wp-content\/uploads\/2024\/07\/R.jpg?resize=100%2C42&amp;ssl=1 100w, https:\/\/i0.wp.com\/neb.ist.utl.pt\/~neb.daemon\/site\/wp-content\/uploads\/2024\/07\/R.jpg?resize=275%2C115&amp;ssl=1 275w\" alt=\"\" \t\tclass=\"so-widget-image\"\/>\n\t<\/div>\n\n<\/div><\/div><\/div><\/div><div id=\"pgc-w668c25c294462-2-1\"  class=\"panel-grid-cell\" ><div id=\"panel-w668c25c294462-2-1-0\" class=\"so-panel widget widget_sow-editor panel-first-child panel-last-child\" data-index=\"2\" ><div class=\"panel-widget-style panel-widget-style-for-w668c25c294462-2-1-0\" ><div\n\t\t\t\n\t\t\tclass=\"so-widget-sow-editor so-widget-sow-editor-base\"\n\t\t\t\n\t\t>\n<div class=\"siteorigin-widget-tinymce textwidget\">\n\t<p style=\"text-align: justify;\">A\u00a0Chalmers University of Technology \u00e9 uma universidade de pesquisa localizada em Gotemburgo, Su\u00e9cia. Fundada em 1829, a Chalmers \u00e9 conhecida por sua excel\u00eancia em engenharia, ci\u00eancia e tecnologia. \u00c9 ativa em pesquisa interdisciplinar e colabora com outras institui\u00e7\u00f5es acad\u00eamicas e empresas. Seus principais campos de pesquisa incluem tecnologia da informa\u00e7\u00e3o, engenharia automotiva, energia sustent\u00e1vel e materiais avan\u00e7ados. \u00c9 uma institui\u00e7\u00e3o de renome que combina pesquisa de alta qualidade com uma experi\u00eancia estudantil enriquecedora.<\/p>\n<\/div>\n<\/div><\/div><\/div><\/div><\/div><\/div><div id=\"pg-w668c25c294462-3\"  class=\"panel-grid panel-has-style\" ><div style=\"padding: 100px 0; \" class=\"panel-row-style panel-row-style-for-w668c25c294462-3\" ><div id=\"pgc-w668c25c294462-3-0\"  class=\"panel-grid-cell\" ><div id=\"panel-w668c25c294462-3-0-0\" class=\"so-panel widget widget_lsow-testimonials-slider panel-first-child panel-last-child\" data-index=\"3\" ><div class=\"panel-widget-style panel-widget-style-for-w668c25c294462-3-0-0\" ><div\n\t\t\t\n\t\t\tclass=\"so-widget-lsow-testimonials-slider so-widget-lsow-testimonials-slider-default-d75171398898-16490\"\n\t\t\t\n\t\t>\n<div class=\"lsow-testimonials-slider lsow-flexslider lsow-container\" data-settings='{\"slide_animation\":\"fade\",\"direction\":\"horizontal\",\"slideshow_speed\":5000,\"animation_speed\":600,\"control_nav\":\"\",\"direction_nav\":\"on\",\"pause_on_hover\":\"on\",\"pause_on_action\":\"on\"}'><div class=\"lsow-slides\"><div class=\"lsow-slide lsow-testimonial-wrapper\"><div class=\"lsow-testimonial\"><div class=\"lsow-testimonial-text\"><i class=\"lsow-icon-quote\"><\/i><p style=\"text-align: justify;\"><span style=\"font-weight: 400;\">Decidi fazer Erasmus na Su\u00e9cia sobretudo porque procurava um ambiente que fosse o completo oposto daquele que tinha vivido at\u00e9 ent\u00e3o no T\u00e9cnico. Das universidades suecas por onde podia escolher, Chalmers destacou-se logo pela excelente reputa\u00e7\u00e3o e por estar muito bem localizada, permitindo fazer viagens relativamente curtas at\u00e9 cidades como Copenhaga e Oslo.<\/span><\/p>\n<p style=\"text-align: justify;\"><span style=\"font-weight: 400;\">Um dos meus maiores choques foi definitivamente o clima. O tempo em Gotemburgo \u00e9 bastante mais moderado do que em cidades como Estocolmo, sendo mais comum a chuva do que a neve, mas tendo chegado em janeiro ainda apanhei dias muito frios e curtos, e temperaturas acima dos 10\u00baC eram uma raridade at\u00e9 maio. O custo de vida \u00e9 naturalmente superior ao de Portugal, mas nestes dias a diferen\u00e7a nem \u00e9 assim t\u00e3o grande. Alimentos como a carne e o peixe s\u00e3o muito mais caros, mas para quem for vegetariano ou vegan existe imensa variedade e at\u00e9 acaba por ficar mais barato do que em Portugal. Arranjar alojamento em Gotemburgo \u00e9 sem d\u00favida uma luta. Chalmers n\u00e3o oferece resid\u00eancia a estudantes de Erasmus, por isso recomendo juntarem-se a grupos de Facebook para procurarem casa. Eu consegui arranjar alojamento com outros estudantes de Erasmus numa casa partilhada: n\u00f3s fic\u00e1vamos no andar de baixo enquanto a senhoria morava no andar de cima. Ao contr\u00e1rio do que me avisaram antes de ir, a maioria dos suecos s\u00e3o muito acolhedores e est\u00e3o sempre dispostos a ajudar, por isso partilhar casa com algu\u00e9m de Gotemburgo acabou por facilitar imenso a minha adapta\u00e7\u00e3o.<\/span><\/p>\n<p style=\"text-align: justify;\"><span style=\"font-weight: 400;\">As condi\u00e7\u00f5es na universidade s\u00e3o absolutamente incr\u00edveis. H\u00e1 imensos s\u00edtios para estudar, caf\u00e9s, restaurantes, um pub, e at\u00e9 uma sauna! N\u00e3o h\u00e1 falta de s\u00edtios onde comer, mas a maior parte dos estudantes acaba por trazer almo\u00e7o de casa, sendo que na cantina mais barata uma refei\u00e7\u00e3o custa \u00e0 volta de 4,5\u20ac. No geral, o ambiente \u00e9 mais relaxado do que no T\u00e9cnico, tal que os professores s\u00e3o muito mais informais, e apostam mais na avalia\u00e7\u00e3o cont\u00ednua em vez de exames. Ao longo do semestre h\u00e1 sempre atividades planeadas para estudantes de Erasmus conviverem e conhecerem a cidade, desde visitas \u00e0 sauna, rally tascas, lasertag e caminhadas. A associa\u00e7\u00e3o de estudantes de Chalmers organiza tamb\u00e9m viagens \u00e0 Lap\u00f3nia e \u00e0 Noruega que valem muito a pena!<\/span><\/p>\n<p style=\"text-align: justify;\"><\/p>\n<p style=\"text-align: justify;\"><span style=\"font-weight: 400;\">Gotemburgo \u00e9 uma cidade fant\u00e1stica, e prometo que se escolherem fazer Erasmus em Chalmers n\u00e3o se v\u00e3o arrepender.<\/span><\/p><\/div><div class=\"lsow-testimonial-user\"><div class=\"lsow-image-wrapper\"><img loading=\"lazy\" decoding=\"async\" width=\"150\" height=\"150\" src=\"https:\/\/i0.wp.com\/neb.ist.utl.pt\/~neb.daemon\/site\/wp-content\/uploads\/2021\/02\/Captura-de-ecra\u0303-2021-02-07-a\u0300s-20.14.07.png?resize=150%2C150&amp;ssl=1\" class=\"lsow-image full\" alt=\"\" srcset=\"https:\/\/i0.wp.com\/neb.ist.utl.pt\/~neb.daemon\/site\/wp-content\/uploads\/2021\/02\/Captura-de-ecra\u0303-2021-02-07-a\u0300s-20.14.07.png?resize=150%2C150&amp;ssl=1 150w, https:\/\/i0.wp.com\/neb.ist.utl.pt\/~neb.daemon\/site\/wp-content\/uploads\/2021\/02\/Captura-de-ecra\u0303-2021-02-07-a\u0300s-20.14.07.png?zoom=2&amp;resize=150%2C150&amp;ssl=1 300w, https:\/\/i0.wp.com\/neb.ist.utl.pt\/~neb.daemon\/site\/wp-content\/uploads\/2021\/02\/Captura-de-ecra\u0303-2021-02-07-a\u0300s-20.14.07.png?zoom=3&amp;resize=150%2C150&amp;ssl=1 450w\" sizes=\"(max-width: 150px) 100vw, 150px\" data-attachment-id=\"22872\" data-permalink=\"https:\/\/neb.ist.utl.pt\/~neb.daemon\/site\/plataforma-erasmus\/captura-de-ecra%cc%83-2021-02-07-as-20-14-07\/\" data-orig-file=\"https:\/\/i0.wp.com\/neb.ist.utl.pt\/~neb.daemon\/site\/wp-content\/uploads\/2021\/02\/Captura-de-ecra\u0303-2021-02-07-a\u0300s-20.14.07.png?fit=982%2C639&amp;ssl=1\" data-orig-size=\"982,639\" data-comments-opened=\"1\" data-image-meta=\"{&quot;aperture&quot;:&quot;0&quot;,&quot;credit&quot;:&quot;&quot;,&quot;camera&quot;:&quot;&quot;,&quot;caption&quot;:&quot;&quot;,&quot;created_timestamp&quot;:&quot;0&quot;,&quot;copyright&quot;:&quot;&quot;,&quot;focal_length&quot;:&quot;0&quot;,&quot;iso&quot;:&quot;0&quot;,&quot;shutter_speed&quot;:&quot;0&quot;,&quot;title&quot;:&quot;&quot;,&quot;orientation&quot;:&quot;0&quot;}\" data-image-title=\"Guilherme Silva\" data-image-description=\"\" data-image-caption=\"\" data-medium-file=\"https:\/\/i0.wp.com\/neb.ist.utl.pt\/~neb.daemon\/site\/wp-content\/uploads\/2021\/02\/Captura-de-ecra\u0303-2021-02-07-a\u0300s-20.14.07.png?fit=300%2C195&amp;ssl=1\" data-large-file=\"https:\/\/i0.wp.com\/neb.ist.utl.pt\/~neb.daemon\/site\/wp-content\/uploads\/2021\/02\/Captura-de-ecra\u0303-2021-02-07-a\u0300s-20.14.07.png?fit=982%2C639&amp;ssl=1\" tabindex=\"0\" role=\"button\" \/><\/div><!-- .lsow-image-wrapper --><div class=\"lsow-text\"><h3 class=\"lsow-author-name\">Carolina Azenha<\/h3><div class=\"lsow-author-credentials\">2023<\/div><\/div><\/div><!-- .lsow-testimonial-user --><\/div><!-- .lsow-testimonial --><\/div><!-- .lsow-testimonial-wrapper.lsow-slide --><\/div><!-- .lsow-slides --><\/div><!-- .lsow-testimonials-slider --><\/div><\/div><\/div><\/div><\/div><\/div><div id=\"pg-w668c25c294462-4\"  class=\"panel-grid panel-has-style\" ><div style=\"padding: 100px 0; \" class=\"panel-row-style panel-row-style-for-w668c25c294462-4\" ><div id=\"pgc-w668c25c294462-4-0\"  class=\"panel-grid-cell panel-grid-cell-empty\" ><\/div><\/div><\/div><div id=\"pg-w668c25c294462-5\"  class=\"panel-grid panel-has-style\" ><div style=\"padding: 0px 0; \" class=\"panel-row-style panel-row-style-for-w668c25c294462-5\" ><div id=\"pgc-w668c25c294462-5-0\"  class=\"panel-grid-cell\" ><div id=\"panel-w668c25c294462-5-0-0\" class=\"so-panel widget widget_sow-editor panel-first-child panel-last-child\" data-index=\"4\" ><div\n\t\t\t\n\t\t\tclass=\"so-widget-sow-editor so-widget-sow-editor-base\"\n\t\t\t\n\t\t><h3 class=\"widget-title\">KTH Royal Institute of Technology <\/h3>\n<div class=\"siteorigin-widget-tinymce textwidget\">\n\t<\/div>\n<\/div><\/div><\/div><\/div><\/div><div id=\"pg-w668c25c294462-6\"  class=\"panel-grid panel-has-style\" ><div style=\"padding: 0px 0; \" class=\"panel-row-style panel-row-style-for-w668c25c294462-6\" ><div id=\"pgc-w668c25c294462-6-0\"  class=\"panel-grid-cell\" ><div id=\"panel-w668c25c294462-6-0-0\" class=\"so-panel widget widget_sow-image panel-first-child panel-last-child\" data-index=\"5\" ><div\n\t\t\t\n\t\t\tclass=\"so-widget-sow-image so-widget-sow-image-default-8b5b6f678277-16490\"\n\t\t\t\n\t\t>\n\n<div class=\"sow-image-container\">\n\t\t<img loading=\"lazy\" decoding=\"async\" src=\"https:\/\/i0.wp.com\/neb.ist.utl.pt\/~neb.daemon\/site\/wp-content\/uploads\/2021\/02\/KTH.png?fit=789%2C521&amp;ssl=1\" width=\"789\" height=\"521\" srcset=\"https:\/\/i0.wp.com\/neb.ist.utl.pt\/~neb.daemon\/site\/wp-content\/uploads\/2021\/02\/KTH.png?w=789&amp;ssl=1 789w, https:\/\/i0.wp.com\/neb.ist.utl.pt\/~neb.daemon\/site\/wp-content\/uploads\/2021\/02\/KTH.png?resize=300%2C198&amp;ssl=1 300w, https:\/\/i0.wp.com\/neb.ist.utl.pt\/~neb.daemon\/site\/wp-content\/uploads\/2021\/02\/KTH.png?resize=768%2C507&amp;ssl=1 768w, https:\/\/i0.wp.com\/neb.ist.utl.pt\/~neb.daemon\/site\/wp-content\/uploads\/2021\/02\/KTH.png?resize=480%2C317&amp;ssl=1 480w, https:\/\/i0.wp.com\/neb.ist.utl.pt\/~neb.daemon\/site\/wp-content\/uploads\/2021\/02\/KTH.png?resize=410%2C271&amp;ssl=1 410w, https:\/\/i0.wp.com\/neb.ist.utl.pt\/~neb.daemon\/site\/wp-content\/uploads\/2021\/02\/KTH.png?resize=100%2C66&amp;ssl=1 100w, https:\/\/i0.wp.com\/neb.ist.utl.pt\/~neb.daemon\/site\/wp-content\/uploads\/2021\/02\/KTH.png?resize=275%2C182&amp;ssl=1 275w\" alt=\"\" \t\tclass=\"so-widget-image\"\/>\n\t<\/div>\n\n<\/div><\/div><\/div><div id=\"pgc-w668c25c294462-6-1\"  class=\"panel-grid-cell\" ><div id=\"panel-w668c25c294462-6-1-0\" class=\"so-panel widget widget_sow-editor panel-first-child panel-last-child\" data-index=\"6\" ><div class=\"panel-widget-style panel-widget-style-for-w668c25c294462-6-1-0\" ><div\n\t\t\t\n\t\t\tclass=\"so-widget-sow-editor so-widget-sow-editor-base\"\n\t\t\t\n\t\t>\n<div class=\"siteorigin-widget-tinymce textwidget\">\n\t<p style=\"text-align: justify;\">Desde a sua funda\u00e7\u00e3o em 1827, o KTH Royal Institute of Technology em Estocolmo tem vindo a tornar-se uma das principais universidades t\u00e9cnicas e de engenharia da Europa, bem como uma refer\u00eancia de talento intelectual e inova\u00e7\u00e3o. \u00c9 a maior institui\u00e7\u00e3o de investiga\u00e7\u00e3o t\u00e9cnica e aprendizagem da Su\u00e9cia e o lar de estudantes, investigadores e professores de todo o mundo dedicados ao avan\u00e7o do conhecimento.<\/p>\n<\/div>\n<\/div><\/div><\/div><\/div><\/div><\/div><div id=\"pg-w668c25c294462-7\"  class=\"panel-grid panel-has-style\" ><div style=\"padding: 100px 0; \" class=\"panel-row-style panel-row-style-for-w668c25c294462-7\" ><div id=\"pgc-w668c25c294462-7-0\"  class=\"panel-grid-cell\" ><div id=\"panel-w668c25c294462-7-0-0\" class=\"so-panel widget widget_lsow-testimonials-slider panel-first-child panel-last-child\" data-index=\"7\" ><div\n\t\t\t\n\t\t\tclass=\"so-widget-lsow-testimonials-slider so-widget-lsow-testimonials-slider-default-d75171398898-16490\"\n\t\t\t\n\t\t>\n<div class=\"lsow-testimonials-slider lsow-flexslider lsow-container\" data-settings='{\"slide_animation\":\"fade\",\"direction\":\"horizontal\",\"slideshow_speed\":5000,\"animation_speed\":600,\"control_nav\":\"\",\"direction_nav\":\"on\",\"pause_on_hover\":\"on\",\"pause_on_action\":\"on\"}'><div class=\"lsow-slides\"><div class=\"lsow-slide lsow-testimonial-wrapper\"><div class=\"lsow-testimonial\"><div class=\"lsow-testimonial-text\"><i class=\"lsow-icon-quote\"><\/i><p style=\"text-align: justify;\">Para mim, fazer Erasmus na KTH em Estocolmo foi um per\u00edodo de grande crescimento pessoal, intelectual e uma aventura. Acho que s\u00e3o caracter\u00edsticas omnipresentes em quase todas as experi\u00eancias, independentemente do s\u00edtio. A Su\u00e9cia para mim sempre teve um encanto especial, a come\u00e7ar pelo clima (s\u00f3 em Abril \u00e9 que tens dias acima dos 10\u00baC, o que pode n\u00e3o ser muito apreciado por um mediterr\u00e2neo) pois queria viver num ambiente com neve mas tamb\u00e9m pelos fatores de vida excelentes que agrupam os pa\u00edses n\u00f3rdicos. Ironicamente, no semestre que fui foi o Inverno mais quente de sempre, pelo que s\u00f3 houve 2 dias de neve!<\/p>\n<p style=\"text-align: justify;\">A KTH \u00e9 a maior universidade t\u00e9cnica destes pa\u00edses, pelo que garanto que estar\u00e3o bem acolhidos. N\u00e3o s\u00f3 pela sua dimens\u00e3o (\u00e0s vezes demorava 15 minutos a ir para outra sala), como tamb\u00e9m pela qualidade do ensino (e da vida). At\u00e9 t\u00eam um parque nacional colado \u00e0 universidade! Em termos de acomoda\u00e7\u00e3o, eu fiquei colocado mesmo nos apartamentos do campus e s\u00e3o praticamente novos, feitos em 2017. Outra coisa boa \u00e9 que apenas estudantes internacionais os ocupam, pelo que h\u00e1 sempre imensa comunica\u00e7\u00e3o (e festas, quando se podia). As semanas de rece\u00e7\u00e3o t\u00eam imensas atividades que junta todos os estudantes internacionais, Erasmus ou vindos da Am\u00e9rica, \u00c1sia, Oce\u00e2nia\u2026 conheci pessoas de todos os cantos. E da universidade ao centro de Estocolmo s\u00e3o apenas 15 minutos a p\u00e9! Os transportes s\u00e3o bastante caros quando comparando com Lisboa, pelo que se quiserem o passe pagaram o dobro ou mais que aqui.<\/p>\n<p style=\"text-align: justify;\">Em termos de refei\u00e7\u00f5es fora o mesmo, n\u00e3o existe refeit\u00f3rio, mas sim caf\u00e9s e os pratos s\u00e3o no m\u00ednimo 8\u20ac\u2026 da\u00ed que 99% da faculdade est\u00e1 preenchida com micro-ondas. Quanto \u00e0s cadeiras, a escola de Biotecnologia oferece imensas cadeiras que podes escolher como opcionais. O hor\u00e1rio durante o semestre (dividido em dois per\u00edodos) \u00e9 sempre diferente em cada semana, n\u00e3o sendo fixo, o que eu achei bastante bom. D\u00e1-te uma maior flexibilidade, mas tamb\u00e9m cada semana s\u00f3 tem 2 ou 3 aulas. Sim, h\u00e1 BASTANTE tempo livre, quando comparado com o nosso amigo T\u00e9cnico. Em termos de dificuldade, achei praticamente o mesmo. S\u00f3 n\u00e3o gostei do facto dos projetos n\u00e3o terem nota, mas sim apenas <em>Pass or Fail<\/em>. A nota final \u00e9 s\u00f3 mesmo a de exame.<\/p>\n<p style=\"text-align: justify;\">A cidade de Estocolmo \u00e9 moderna, jovem e bastante plana. V\u00e3o precisar do semestre todo para descobrir os pequenos cantos, faz\u00edvel a p\u00e9 ou de bicicleta ou de metro, e podem-se aventurar pelas milhares de ilhas. N\u00e3o se esque\u00e7am de se aquecer com o <em>Fika<\/em>, caf\u00e9 e rolo de canela, logo pela manh\u00e3! Nas f\u00e9rias ou pausas podem-se aventurar pelo resto do pa\u00eds ou arredores, um barco at\u00e9 aos pa\u00edses B\u00e1lticos, visitar Gotland, ir ver as <em>northern lights<\/em> e sentir -25\u00baC, etc. Praticamente toda a popula\u00e7\u00e3o fala ingl\u00eas, pelo que comunica\u00e7\u00e3o n\u00e3o \u00e9 problema. Aconselho ficarem at\u00e9 ao <em>Midsommar <\/em>se querem ver o sol a nascer \u00e0s 3h! A noite passa a ser um termo relativo. Se quiserem saber mais ou precisarem de ajuda, n\u00e3o hesitem em falar comigo!<\/p><\/div><div class=\"lsow-testimonial-user\"><div class=\"lsow-image-wrapper\"><img loading=\"lazy\" decoding=\"async\" width=\"150\" height=\"150\" src=\"https:\/\/i0.wp.com\/neb.ist.utl.pt\/~neb.daemon\/site\/wp-content\/uploads\/2021\/02\/Captura-de-ecra\u0303-2021-02-07-a\u0300s-20.14.07.png?resize=150%2C150&amp;ssl=1\" class=\"lsow-image full\" alt=\"\" srcset=\"https:\/\/i0.wp.com\/neb.ist.utl.pt\/~neb.daemon\/site\/wp-content\/uploads\/2021\/02\/Captura-de-ecra\u0303-2021-02-07-a\u0300s-20.14.07.png?resize=150%2C150&amp;ssl=1 150w, https:\/\/i0.wp.com\/neb.ist.utl.pt\/~neb.daemon\/site\/wp-content\/uploads\/2021\/02\/Captura-de-ecra\u0303-2021-02-07-a\u0300s-20.14.07.png?zoom=2&amp;resize=150%2C150&amp;ssl=1 300w, https:\/\/i0.wp.com\/neb.ist.utl.pt\/~neb.daemon\/site\/wp-content\/uploads\/2021\/02\/Captura-de-ecra\u0303-2021-02-07-a\u0300s-20.14.07.png?zoom=3&amp;resize=150%2C150&amp;ssl=1 450w\" sizes=\"(max-width: 150px) 100vw, 150px\" data-attachment-id=\"22872\" data-permalink=\"https:\/\/neb.ist.utl.pt\/~neb.daemon\/site\/plataforma-erasmus\/captura-de-ecra%cc%83-2021-02-07-as-20-14-07\/\" data-orig-file=\"https:\/\/i0.wp.com\/neb.ist.utl.pt\/~neb.daemon\/site\/wp-content\/uploads\/2021\/02\/Captura-de-ecra\u0303-2021-02-07-a\u0300s-20.14.07.png?fit=982%2C639&amp;ssl=1\" data-orig-size=\"982,639\" data-comments-opened=\"1\" data-image-meta=\"{&quot;aperture&quot;:&quot;0&quot;,&quot;credit&quot;:&quot;&quot;,&quot;camera&quot;:&quot;&quot;,&quot;caption&quot;:&quot;&quot;,&quot;created_timestamp&quot;:&quot;0&quot;,&quot;copyright&quot;:&quot;&quot;,&quot;focal_length&quot;:&quot;0&quot;,&quot;iso&quot;:&quot;0&quot;,&quot;shutter_speed&quot;:&quot;0&quot;,&quot;title&quot;:&quot;&quot;,&quot;orientation&quot;:&quot;0&quot;}\" data-image-title=\"Guilherme Silva\" data-image-description=\"\" data-image-caption=\"\" data-medium-file=\"https:\/\/i0.wp.com\/neb.ist.utl.pt\/~neb.daemon\/site\/wp-content\/uploads\/2021\/02\/Captura-de-ecra\u0303-2021-02-07-a\u0300s-20.14.07.png?fit=300%2C195&amp;ssl=1\" data-large-file=\"https:\/\/i0.wp.com\/neb.ist.utl.pt\/~neb.daemon\/site\/wp-content\/uploads\/2021\/02\/Captura-de-ecra\u0303-2021-02-07-a\u0300s-20.14.07.png?fit=982%2C639&amp;ssl=1\" tabindex=\"0\" role=\"button\" \/><\/div><!-- .lsow-image-wrapper --><div class=\"lsow-text\"><h3 class=\"lsow-author-name\">Guilherme Silva<\/h3><div class=\"lsow-author-credentials\">2019\/2020<\/div><\/div><\/div><!-- .lsow-testimonial-user --><\/div><!-- .lsow-testimonial --><\/div><!-- .lsow-testimonial-wrapper.lsow-slide --><\/div><!-- .lsow-slides --><\/div><!-- .lsow-testimonials-slider --><\/div><\/div><\/div><\/div><\/div><\/div>\t\t\t\t\t\t<\/div>\n\t\t\t\t\t\t\t\t\t\t\t<div class=\"tab-pane  fade\" id=\"tab-su\u00ed\u00e7a\" role=\"tabpanel\">\n\t\t\t\t\t\t\t<div id=\"pl-w668c25c294466\"  class=\"panel-layout\" ><div id=\"pg-w668c25c294466-0\"  class=\"panel-grid panel-has-style\" ><div class=\"siteorigin-panels-stretch perth-stretch panel-row-style panel-row-style-for-w668c25c294466-0\" style=\"background-color: #ffffff;color: #000000;padding: 25px 0; \" data-stretch-type=\"full\" data-hascolor=\"hascolor\" ><div id=\"pgc-w668c25c294466-0-0\"  class=\"panel-grid-cell panel-grid-cell-empty\" ><\/div><\/div><\/div><div id=\"pg-w668c25c294466-1\"  class=\"panel-grid panel-has-style\" ><div class=\"siteorigin-panels-stretch perth-stretch panel-row-style panel-row-style-for-w668c25c294466-1\" style=\"padding: 0px 0; \" data-stretch-type=\"full\" ><div id=\"pgc-w668c25c294466-1-0\"  class=\"panel-grid-cell\" ><div id=\"panel-w668c25c294466-1-0-0\" class=\"so-panel widget widget_sow-editor panel-first-child panel-last-child\" data-index=\"0\" ><div class=\"panel-widget-style panel-widget-style-for-w668c25c294466-1-0-0\" ><div\n\t\t\t\n\t\t\tclass=\"so-widget-sow-editor so-widget-sow-editor-base\"\n\t\t\t\n\t\t><h3 class=\"widget-title\">\u00c9cole Polytechnique F\u00e9d\u00e9rale de Lausanne<\/h3>\n<div class=\"siteorigin-widget-tinymce textwidget\">\n\t<\/div>\n<\/div><\/div><\/div><\/div><\/div><\/div><div id=\"pg-w668c25c294466-2\"  class=\"panel-grid panel-has-style\" ><div style=\"padding: 0px 0; \" class=\"panel-row-style panel-row-style-for-w668c25c294466-2\" ><div id=\"pgc-w668c25c294466-2-0\"  class=\"panel-grid-cell\" ><div id=\"panel-w668c25c294466-2-0-0\" class=\"so-panel widget widget_sow-image panel-first-child panel-last-child\" data-index=\"1\" ><div\n\t\t\t\n\t\t\tclass=\"so-widget-sow-image so-widget-sow-image-default-8b5b6f678277-16490\"\n\t\t\t\n\t\t>\n\n<div class=\"sow-image-container\">\n\t\t<img loading=\"lazy\" decoding=\"async\" src=\"https:\/\/i0.wp.com\/neb.ist.utl.pt\/~neb.daemon\/site\/wp-content\/uploads\/2021\/02\/EPFL.jpg?fit=1920%2C1080&amp;ssl=1\" width=\"1920\" height=\"1080\" srcset=\"https:\/\/i0.wp.com\/neb.ist.utl.pt\/~neb.daemon\/site\/wp-content\/uploads\/2021\/02\/EPFL.jpg?w=1920&amp;ssl=1 1920w, https:\/\/i0.wp.com\/neb.ist.utl.pt\/~neb.daemon\/site\/wp-content\/uploads\/2021\/02\/EPFL.jpg?resize=300%2C169&amp;ssl=1 300w, https:\/\/i0.wp.com\/neb.ist.utl.pt\/~neb.daemon\/site\/wp-content\/uploads\/2021\/02\/EPFL.jpg?resize=1024%2C576&amp;ssl=1 1024w, https:\/\/i0.wp.com\/neb.ist.utl.pt\/~neb.daemon\/site\/wp-content\/uploads\/2021\/02\/EPFL.jpg?resize=768%2C432&amp;ssl=1 768w, https:\/\/i0.wp.com\/neb.ist.utl.pt\/~neb.daemon\/site\/wp-content\/uploads\/2021\/02\/EPFL.jpg?resize=1536%2C864&amp;ssl=1 1536w, https:\/\/i0.wp.com\/neb.ist.utl.pt\/~neb.daemon\/site\/wp-content\/uploads\/2021\/02\/EPFL.jpg?resize=480%2C270&amp;ssl=1 480w, https:\/\/i0.wp.com\/neb.ist.utl.pt\/~neb.daemon\/site\/wp-content\/uploads\/2021\/02\/EPFL.jpg?resize=410%2C231&amp;ssl=1 410w, https:\/\/i0.wp.com\/neb.ist.utl.pt\/~neb.daemon\/site\/wp-content\/uploads\/2021\/02\/EPFL.jpg?resize=100%2C56&amp;ssl=1 100w, https:\/\/i0.wp.com\/neb.ist.utl.pt\/~neb.daemon\/site\/wp-content\/uploads\/2021\/02\/EPFL.jpg?resize=275%2C155&amp;ssl=1 275w\" alt=\"\" \t\tclass=\"so-widget-image\"\/>\n\t<\/div>\n\n<\/div><\/div><\/div><div id=\"pgc-w668c25c294466-2-1\"  class=\"panel-grid-cell\" ><div id=\"panel-w668c25c294466-2-1-0\" class=\"so-panel widget widget_sow-editor panel-first-child panel-last-child\" data-index=\"2\" ><div class=\"panel-widget-style panel-widget-style-for-w668c25c294466-2-1-0\" ><div\n\t\t\t\n\t\t\tclass=\"so-widget-sow-editor so-widget-sow-editor-base\"\n\t\t\t\n\t\t>\n<div class=\"siteorigin-widget-tinymce textwidget\">\n\t<p style=\"text-align: justify;\">A EPFL \u00e9 a universidade t\u00e9cnica mais cosmopolitana da Europa. Acolhe estudantes, professores e colaboradores de mais de 120 nacionalidades. A EPFL tem voca\u00e7\u00e3o Su\u00ed\u00e7a e internacional, focando-se em tr\u00eas grandes miss\u00f5es: ensino, investiga\u00e7\u00e3o e inova\u00e7\u00e3o.<br \/>\nA universidade colabora com uma importante rede de parceiros, incluindo outras universidades e faculdades, escolas secund\u00e1rias e gin\u00e1sios, ind\u00fastria e economia, c\u00edrculos pol\u00edticos e a sociedade em geral, com o objetivo de ter impacto real na sociedade.<\/p>\n<\/div>\n<\/div><\/div><\/div><\/div><\/div><\/div><div id=\"pg-w668c25c294466-3\"  class=\"panel-grid panel-has-style\" ><div style=\"padding: 80px 0; \" class=\"panel-row-style panel-row-style-for-w668c25c294466-3\" ><div id=\"pgc-w668c25c294466-3-0\"  class=\"panel-grid-cell\" ><div id=\"panel-w668c25c294466-3-0-0\" class=\"so-panel widget widget_lsow-testimonials-slider panel-first-child panel-last-child\" data-index=\"3\" ><div\n\t\t\t\n\t\t\tclass=\"so-widget-lsow-testimonials-slider so-widget-lsow-testimonials-slider-default-d75171398898-16490\"\n\t\t\t\n\t\t>\n<div class=\"lsow-testimonials-slider lsow-flexslider lsow-container\" data-settings='{\"slide_animation\":\"fade\",\"direction\":\"horizontal\",\"slideshow_speed\":5000,\"animation_speed\":600,\"control_nav\":\"\",\"direction_nav\":\"on\",\"pause_on_hover\":\"on\",\"pause_on_action\":\"on\"}'><div class=\"lsow-slides\"><div class=\"lsow-slide lsow-testimonial-wrapper\"><div class=\"lsow-testimonial\"><div class=\"lsow-testimonial-text\"><i class=\"lsow-icon-quote\"><\/i><p style=\"text-align: justify;\">A possibilidade de fazer Erasmus sempre me atraiu, e os 6 meses que passei em Lausanne n\u00e3o ficaram aqu\u00e9m das expectativas, tendo-me esta cidade proporcionado uma estadia de 6 meses inesquec\u00edvel, tanto a n\u00edvel acad\u00e9mico como pessoal.\nEm primeiro lugar, Lausanne tem uma grande comunidade de estudantes internacionais e, por esse motivo, h\u00e1 bastantes e diversificados eventos, havendo pelo menos um quase todas as semanas. Os eventos organizados pela ESN local incluem sa\u00eddas \u00e0 noite, atividades na neve, viagens a v\u00e1rios locais na Su\u00ed\u00e7a, e at\u00e9 uma gala num barco no lago L\u00e9man que acontece todos os anos. No segundo semestre h\u00e1 tamb\u00e9m o festival Bal\u00e9lec na universidade, que \u00e9 mais ou menos o equivalente do Arraial do T\u00e9cnico, mas com 5 palcos e num campus 5 vezes maior. Adicionalmente, estando localizada na Europa Central, a poucas horas de viagem dos pa\u00edses vizinhos e ainda a menos horas de in\u00fameros locais que a Su\u00ed\u00e7a tem para oferecer, Lausanne representa uma cidade ideal para uma experi\u00eancia de Erasmus, proporcionando in\u00fameras op\u00e7\u00f5es para viajar ao longo do semestre. Em termos de clima, a Su\u00ed\u00e7a tem o melhor de dois mundos, sendo poss\u00edvel ir \u00e0 neve at\u00e9 cerca de abril e sendo poss\u00edvel ir \u00e0 praia (a cidade situa-se na margem do lago L\u00e9man) mais ou menos a partir de Junho.\nEm rela\u00e7\u00e3o \u00e0 universidade, exige algum trabalho cont\u00ednuo ao longo do semestre porque a maioria das cadeiras t\u00eam trabalhos frequentes, muitas vezes semanais, e algum trabalho na \u00e9poca de exames, porque a maioria das cadeiras \u00e9 avaliada n\u00e3o s\u00f3 atrav\u00e9s dos trabalhos, mas tamb\u00e9m atrav\u00e9s de um exame final (que \u00e9 mesmo s\u00f3 um e n\u00e3o dois como acontece no IST). \u00c9 importante ter em aten\u00e7\u00e3o que a EPFL \u00e9 uma universidade exigente, bastante mais do que o IST na minha opini\u00e3o, e \u00e9 importante manter em mente que \u00e9 preciso trabalhar bastante para a maioria das cadeiras. Ainda assim, com um pouco de organiza\u00e7\u00e3o, \u00e9 poss\u00edvel conciliar a vida acad\u00e9mica na EPFL com as in\u00fameras coisas que h\u00e1 para fazer em Lausanne, o que na minha opini\u00e3o vale totalmente o esfor\u00e7o.\nRecomendo bastante a participa\u00e7\u00e3o numa experi\u00eancia de mobilidade, especialmente em Lausanne, como este texto deve ter transmitido, e estou dispon\u00edvel para responder a qualquer d\u00favida que tenhas!<\/p><\/div><div class=\"lsow-testimonial-user\"><div class=\"lsow-image-wrapper\"><img loading=\"lazy\" decoding=\"async\" width=\"150\" height=\"150\" src=\"https:\/\/i0.wp.com\/neb.ist.utl.pt\/~neb.daemon\/site\/wp-content\/uploads\/2020\/03\/Helder-Tavares.jpg?resize=150%2C150&amp;ssl=1\" class=\"lsow-image full\" alt=\"\" data-attachment-id=\"21692\" data-permalink=\"https:\/\/neb.ist.utl.pt\/~neb.daemon\/site\/plataforma-erasmus\/helder-tavares\/\" data-orig-file=\"https:\/\/i0.wp.com\/neb.ist.utl.pt\/~neb.daemon\/site\/wp-content\/uploads\/2020\/03\/Helder-Tavares.jpg?fit=217%2C239&amp;ssl=1\" data-orig-size=\"217,239\" data-comments-opened=\"1\" data-image-meta=\"{&quot;aperture&quot;:&quot;0&quot;,&quot;credit&quot;:&quot;&quot;,&quot;camera&quot;:&quot;&quot;,&quot;caption&quot;:&quot;&quot;,&quot;created_timestamp&quot;:&quot;0&quot;,&quot;copyright&quot;:&quot;&quot;,&quot;focal_length&quot;:&quot;0&quot;,&quot;iso&quot;:&quot;0&quot;,&quot;shutter_speed&quot;:&quot;0&quot;,&quot;title&quot;:&quot;&quot;,&quot;orientation&quot;:&quot;0&quot;}\" data-image-title=\"Helder Tavares\" data-image-description=\"&lt;p&gt;Helder Tavares&lt;\/p&gt;\n\" data-image-caption=\"&lt;p&gt;Helder Tavares&lt;\/p&gt;\n\" data-medium-file=\"https:\/\/i0.wp.com\/neb.ist.utl.pt\/~neb.daemon\/site\/wp-content\/uploads\/2020\/03\/Helder-Tavares.jpg?fit=217%2C239&amp;ssl=1\" data-large-file=\"https:\/\/i0.wp.com\/neb.ist.utl.pt\/~neb.daemon\/site\/wp-content\/uploads\/2020\/03\/Helder-Tavares.jpg?fit=217%2C239&amp;ssl=1\" tabindex=\"0\" role=\"button\" \/><\/div><!-- .lsow-image-wrapper --><div class=\"lsow-text\"><h3 class=\"lsow-author-name\">H\u00e9lder Tavares<\/h3><div class=\"lsow-author-credentials\">2018\/2019<\/div><\/div><\/div><!-- .lsow-testimonial-user --><\/div><!-- .lsow-testimonial --><\/div><!-- .lsow-testimonial-wrapper.lsow-slide --><\/div><!-- .lsow-slides --><\/div><!-- .lsow-testimonials-slider --><\/div><\/div><\/div><\/div><\/div><\/div>\t\t\t\t\t\t<\/div>\n\t\t\t\t\t\t\t\t\t\t\t<div class=\"tab-pane  fade\" id=\"tab-b\u00e9lgica\" role=\"tabpanel\">\n\t\t\t\t\t\t\t<div id=\"pl-w668c25c294469\"  class=\"panel-layout\" ><div id=\"pg-w668c25c294469-0\"  class=\"panel-grid panel-has-style\" ><div style=\"padding: 25px 0; \" class=\"panel-row-style panel-row-style-for-w668c25c294469-0\" ><div id=\"pgc-w668c25c294469-0-0\"  class=\"panel-grid-cell panel-grid-cell-empty\" ><\/div><\/div><\/div><div id=\"pg-w668c25c294469-1\"  class=\"panel-grid panel-has-style\" ><div style=\"padding: 0px 0; \" class=\"panel-row-style panel-row-style-for-w668c25c294469-1\" ><div id=\"pgc-w668c25c294469-1-0\"  class=\"panel-grid-cell\" ><div id=\"panel-w668c25c294469-1-0-0\" class=\"so-panel widget widget_sow-editor panel-first-child panel-last-child\" data-index=\"0\" ><div\n\t\t\t\n\t\t\tclass=\"so-widget-sow-editor so-widget-sow-editor-base\"\n\t\t\t\n\t\t><h3 class=\"widget-title\">Universiteit Gent <\/h3>\n<div class=\"siteorigin-widget-tinymce textwidget\">\n\t<\/div>\n<\/div><\/div><\/div><\/div><\/div><div id=\"pg-w668c25c294469-2\"  class=\"panel-grid panel-has-style\" ><div style=\"padding: 0px 0; \" class=\"panel-row-style panel-row-style-for-w668c25c294469-2\" ><div id=\"pgc-w668c25c294469-2-0\"  class=\"panel-grid-cell\" ><div id=\"panel-w668c25c294469-2-0-0\" class=\"so-panel widget widget_sow-image panel-first-child panel-last-child\" data-index=\"1\" ><div\n\t\t\t\n\t\t\tclass=\"so-widget-sow-image so-widget-sow-image-default-8b5b6f678277-16490\"\n\t\t\t\n\t\t>\n\n<div class=\"sow-image-container\">\n\t\t<img loading=\"lazy\" decoding=\"async\" src=\"https:\/\/i0.wp.com\/neb.ist.utl.pt\/~neb.daemon\/site\/wp-content\/uploads\/2021\/02\/UGent.png?fit=579%2C384&amp;ssl=1\" width=\"579\" height=\"384\" srcset=\"https:\/\/i0.wp.com\/neb.ist.utl.pt\/~neb.daemon\/site\/wp-content\/uploads\/2021\/02\/UGent.png?w=579&amp;ssl=1 579w, https:\/\/i0.wp.com\/neb.ist.utl.pt\/~neb.daemon\/site\/wp-content\/uploads\/2021\/02\/UGent.png?resize=300%2C199&amp;ssl=1 300w, https:\/\/i0.wp.com\/neb.ist.utl.pt\/~neb.daemon\/site\/wp-content\/uploads\/2021\/02\/UGent.png?resize=480%2C318&amp;ssl=1 480w, https:\/\/i0.wp.com\/neb.ist.utl.pt\/~neb.daemon\/site\/wp-content\/uploads\/2021\/02\/UGent.png?resize=410%2C272&amp;ssl=1 410w, https:\/\/i0.wp.com\/neb.ist.utl.pt\/~neb.daemon\/site\/wp-content\/uploads\/2021\/02\/UGent.png?resize=100%2C66&amp;ssl=1 100w, https:\/\/i0.wp.com\/neb.ist.utl.pt\/~neb.daemon\/site\/wp-content\/uploads\/2021\/02\/UGent.png?resize=275%2C182&amp;ssl=1 275w\" alt=\"\" \t\tclass=\"so-widget-image\"\/>\n\t<\/div>\n\n<\/div><\/div><\/div><div id=\"pgc-w668c25c294469-2-1\"  class=\"panel-grid-cell\" ><div id=\"panel-w668c25c294469-2-1-0\" class=\"so-panel widget widget_sow-editor panel-first-child panel-last-child\" data-index=\"2\" ><div class=\"panel-widget-style panel-widget-style-for-w668c25c294469-2-1-0\" ><div\n\t\t\t\n\t\t\tclass=\"so-widget-sow-editor so-widget-sow-editor-base\"\n\t\t\t\n\t\t>\n<div class=\"siteorigin-widget-tinymce textwidget\">\n\t<p style=\"text-align: justify;\">A UGent foi fundada em 1817 e \u00e9 uma das principais universidades da B\u00e9lgica e das cem melhores universidades do mundo. \u00c9 localizada em Flandres e \u00e9 composta por 4 campus, incluindo um campus na Coreia do Sul. A l\u00edngua oficial desta institui\u00e7\u00e3o \u00e9 holand\u00eas, apesar de haver um n\u00famero consider\u00e1vel de cursos em ingl\u00eas. \u00c9 reconhecida internacionalmente por ser l\u00edder em investiga\u00e7\u00e3o cient\u00edfica.<\/p>\n<\/div>\n<\/div><\/div><\/div><\/div><\/div><\/div><div id=\"pg-w668c25c294469-3\"  class=\"panel-grid panel-has-style\" ><div style=\"padding: 100px 0; \" class=\"panel-row-style panel-row-style-for-w668c25c294469-3\" ><div id=\"pgc-w668c25c294469-3-0\"  class=\"panel-grid-cell\" ><div id=\"panel-w668c25c294469-3-0-0\" class=\"so-panel widget widget_lsow-testimonials-slider panel-first-child panel-last-child\" data-index=\"3\" ><div\n\t\t\t\n\t\t\tclass=\"so-widget-lsow-testimonials-slider so-widget-lsow-testimonials-slider-default-d75171398898-16490\"\n\t\t\t\n\t\t>\n<div class=\"lsow-testimonials-slider lsow-flexslider lsow-container\" data-settings='{\"slide_animation\":\"fade\",\"direction\":\"horizontal\",\"slideshow_speed\":5000,\"animation_speed\":600,\"control_nav\":\"\",\"direction_nav\":\"on\",\"pause_on_hover\":\"on\",\"pause_on_action\":\"on\"}'><div class=\"lsow-slides\"><div class=\"lsow-slide lsow-testimonial-wrapper\"><div class=\"lsow-testimonial\"><div class=\"lsow-testimonial-text\"><i class=\"lsow-icon-quote\"><\/i><p style=\"text-align: justify;\">Escolhi fazer Erasmus no grupo InBio porque procurava fazer a tese num laborat\u00f3rio onde pudesse explorar duas vertentes da engenharia biol\u00f3gica: manipular geneticamente microrganismos (neste caso, leveduras) e utilizar estes mesmo microrganismos para produzir produtos de interesse. O grupo InBio \u00e9 forte nestas duas vertentes, por\u00e9m, no curto espa\u00e7o de tempo que \u00e9 a tese, dificilmente ser\u00e1 poss\u00edvel fazer ambas as coisas, pois o processo de manipula\u00e7\u00e3o gen\u00e9tica \u00e9 muito demorado e tem uma elevada tend\u00eancia a falhar. Se pudesse voltar atr\u00e1s, escolheria um tema mais focado na parte de produ\u00e7\u00e3o \u00e0 escala piloto, mas n\u00e3o deixaria de escolher o grupo InBio, nem t\u00e3o-pouco a Universidade de Ghent. O primeiro porque \u00e9 um grupo muito jovem, onde os alunos de doutoramento est\u00e3o sempre dispostos a ajudar e onde tens a liberdade para fazer o teu pr\u00f3prio hor\u00e1rio. J\u00e1 a cidade de Ghent considero-a perfeita para fazer Erasmus porque est\u00e1 repleta de alunos internacionais de todas as partes do mundo. \u00c9 uma cidade com um ambiente muito jovem e estudantil, onde nunca faltar\u00e3o eventos para ocupares os teus tempos livres. Aconselho o alojamento nas resid\u00eancias, porque \u00e9 onde a grande maioria dos estudantes internacionais fica, o que permite conhecer muita gente. Por \u00faltimo, \u00e9 uma \u00f3tima localiza\u00e7\u00e3o para quem gosta de viajar \u2013 a rede de comboios do pa\u00eds funciona muito bem, por isso pude conhecer imensas cidades durante os fins de semana, e, por ser um pa\u00eds totalmente central na Europa, \u00e9 poss\u00edvel viajar por FlixBus para muito pa\u00edses vizinhos a pre\u00e7os muito acess\u00edveis.<\/p><\/div><div class=\"lsow-testimonial-user\"><div class=\"lsow-image-wrapper\"><img loading=\"lazy\" decoding=\"async\" width=\"150\" height=\"150\" src=\"https:\/\/i0.wp.com\/neb.ist.utl.pt\/~neb.daemon\/site\/wp-content\/uploads\/2020\/03\/Rita-Mar\u00e7al.jpg?resize=150%2C150&amp;ssl=1\" class=\"lsow-image full\" alt=\"\" srcset=\"https:\/\/i0.wp.com\/neb.ist.utl.pt\/~neb.daemon\/site\/wp-content\/uploads\/2020\/03\/Rita-Mar\u00e7al.jpg?resize=150%2C150&amp;ssl=1 150w, https:\/\/i0.wp.com\/neb.ist.utl.pt\/~neb.daemon\/site\/wp-content\/uploads\/2020\/03\/Rita-Mar\u00e7al.jpg?zoom=2&amp;resize=150%2C150&amp;ssl=1 300w, https:\/\/i0.wp.com\/neb.ist.utl.pt\/~neb.daemon\/site\/wp-content\/uploads\/2020\/03\/Rita-Mar\u00e7al.jpg?zoom=3&amp;resize=150%2C150&amp;ssl=1 450w\" sizes=\"(max-width: 150px) 100vw, 150px\" data-attachment-id=\"21664\" data-permalink=\"https:\/\/neb.ist.utl.pt\/~neb.daemon\/site\/plataforma-erasmus\/rita-marcal\/\" data-orig-file=\"https:\/\/i0.wp.com\/neb.ist.utl.pt\/~neb.daemon\/site\/wp-content\/uploads\/2020\/03\/Rita-Mar\u00e7al.jpg?fit=1424%2C1455&amp;ssl=1\" data-orig-size=\"1424,1455\" data-comments-opened=\"1\" data-image-meta=\"{&quot;aperture&quot;:&quot;0&quot;,&quot;credit&quot;:&quot;&quot;,&quot;camera&quot;:&quot;&quot;,&quot;caption&quot;:&quot;&quot;,&quot;created_timestamp&quot;:&quot;0&quot;,&quot;copyright&quot;:&quot;Copyright 2020. All rights reserved.&quot;,&quot;focal_length&quot;:&quot;0&quot;,&quot;iso&quot;:&quot;0&quot;,&quot;shutter_speed&quot;:&quot;0&quot;,&quot;title&quot;:&quot;&quot;,&quot;orientation&quot;:&quot;0&quot;}\" data-image-title=\"Rita Mar\u00e7al\" data-image-description=\"&lt;p&gt;Rita Mar\u00e7al&lt;\/p&gt;\n\" data-image-caption=\"&lt;p&gt;Rita Mar\u00e7al &lt;\/p&gt;\n\" data-medium-file=\"https:\/\/i0.wp.com\/neb.ist.utl.pt\/~neb.daemon\/site\/wp-content\/uploads\/2020\/03\/Rita-Mar\u00e7al.jpg?fit=294%2C300&amp;ssl=1\" data-large-file=\"https:\/\/i0.wp.com\/neb.ist.utl.pt\/~neb.daemon\/site\/wp-content\/uploads\/2020\/03\/Rita-Mar\u00e7al.jpg?fit=1002%2C1024&amp;ssl=1\" tabindex=\"0\" role=\"button\" \/><\/div><!-- .lsow-image-wrapper --><div class=\"lsow-text\"><h3 class=\"lsow-author-name\">Rita Mar\u00e7al <\/h3><div class=\"lsow-author-credentials\">Disserta\u00e7\u00e3o 2018\/2019<\/div><\/div><\/div><!-- .lsow-testimonial-user --><\/div><!-- .lsow-testimonial --><\/div><!-- .lsow-testimonial-wrapper.lsow-slide --><\/div><!-- .lsow-slides --><\/div><!-- .lsow-testimonials-slider --><\/div><\/div><\/div><\/div><\/div><div id=\"pg-w668c25c294469-4\"  class=\"panel-grid panel-has-style\" ><div style=\"padding: 25px 0; \" class=\"panel-row-style panel-row-style-for-w668c25c294469-4\" ><div id=\"pgc-w668c25c294469-4-0\"  class=\"panel-grid-cell panel-grid-cell-empty\" ><\/div><\/div><\/div><div id=\"pg-w668c25c294469-5\"  class=\"panel-grid panel-has-style\" ><div style=\"padding: 0px 0; \" class=\"panel-row-style panel-row-style-for-w668c25c294469-5\" ><div id=\"pgc-w668c25c294469-5-0\"  class=\"panel-grid-cell\" ><div id=\"panel-w668c25c294469-5-0-0\" class=\"so-panel widget widget_sow-editor panel-first-child panel-last-child\" data-index=\"4\" ><div\n\t\t\t\n\t\t\tclass=\"so-widget-sow-editor so-widget-sow-editor-base\"\n\t\t\t\n\t\t><h3 class=\"widget-title\">UNIVERSITEIT ANTWERPEN<\/h3>\n<div class=\"siteorigin-widget-tinymce textwidget\">\n\t<\/div>\n<\/div><\/div><\/div><\/div><\/div><div id=\"pg-w668c25c294469-6\"  class=\"panel-grid panel-has-style\" ><div style=\"padding: 0px 0; \" class=\"panel-row-style panel-row-style-for-w668c25c294469-6\" ><div id=\"pgc-w668c25c294469-6-0\"  class=\"panel-grid-cell\" ><div id=\"panel-w668c25c294469-6-0-0\" class=\"so-panel widget widget_sow-image panel-first-child panel-last-child\" data-index=\"5\" ><div\n\t\t\t\n\t\t\tclass=\"so-widget-sow-image so-widget-sow-image-default-8b5b6f678277-16490\"\n\t\t\t\n\t\t>\n\n<div class=\"sow-image-container\">\n\t\t<img loading=\"lazy\" decoding=\"async\" src=\"https:\/\/i0.wp.com\/neb.ist.utl.pt\/~neb.daemon\/site\/wp-content\/uploads\/2021\/02\/UA.jpeg?fit=584%2C344&amp;ssl=1\" width=\"584\" height=\"344\" srcset=\"https:\/\/i0.wp.com\/neb.ist.utl.pt\/~neb.daemon\/site\/wp-content\/uploads\/2021\/02\/UA.jpeg?w=584&amp;ssl=1 584w, https:\/\/i0.wp.com\/neb.ist.utl.pt\/~neb.daemon\/site\/wp-content\/uploads\/2021\/02\/UA.jpeg?resize=300%2C177&amp;ssl=1 300w, https:\/\/i0.wp.com\/neb.ist.utl.pt\/~neb.daemon\/site\/wp-content\/uploads\/2021\/02\/UA.jpeg?resize=480%2C283&amp;ssl=1 480w, https:\/\/i0.wp.com\/neb.ist.utl.pt\/~neb.daemon\/site\/wp-content\/uploads\/2021\/02\/UA.jpeg?resize=410%2C242&amp;ssl=1 410w, https:\/\/i0.wp.com\/neb.ist.utl.pt\/~neb.daemon\/site\/wp-content\/uploads\/2021\/02\/UA.jpeg?resize=100%2C59&amp;ssl=1 100w, https:\/\/i0.wp.com\/neb.ist.utl.pt\/~neb.daemon\/site\/wp-content\/uploads\/2021\/02\/UA.jpeg?resize=275%2C162&amp;ssl=1 275w\" alt=\"\" \t\tclass=\"so-widget-image\"\/>\n\t<\/div>\n\n<\/div><\/div><\/div><div id=\"pgc-w668c25c294469-6-1\"  class=\"panel-grid-cell\" ><div id=\"panel-w668c25c294469-6-1-0\" class=\"so-panel widget widget_sow-editor panel-first-child panel-last-child\" data-index=\"6\" ><div class=\"panel-widget-style panel-widget-style-for-w668c25c294469-6-1-0\" ><div\n\t\t\t\n\t\t\tclass=\"so-widget-sow-editor so-widget-sow-editor-base\"\n\t\t\t\n\t\t>\n<div class=\"siteorigin-widget-tinymce textwidget\">\n\t<p style=\"text-align: justify;\">A Universidade de Antu\u00e9rpia \u00e9 uma das principiais universidades da B\u00e9lgica e \u00e9 a 13\u00aa melhor universidade do mundo com menos de 50 anos. Ela oferece mestrados, mestrados avan\u00e7ados e doutorados lecionados em ingl\u00eas nas \u00e1reas de Ci\u00eancias Econ\u00f4micas, Imagem Molecular, Neuroci\u00eancias, Direito, Biologia Molecular, F\u00edsica, Gest\u00e3o Global e Gest\u00e3o de Cadeia de Suprimentos. A Universidade recebe estudantes internacionais de 132 pa\u00edses de todas as partes do globo.<\/p>\n<\/div>\n<\/div><\/div><\/div><\/div><\/div><\/div><div id=\"pg-w668c25c294469-7\"  class=\"panel-grid panel-has-style\" ><div style=\"padding: 100px 0; \" class=\"panel-row-style panel-row-style-for-w668c25c294469-7\" ><div id=\"pgc-w668c25c294469-7-0\"  class=\"panel-grid-cell\" ><div id=\"panel-w668c25c294469-7-0-0\" class=\"so-panel widget widget_lsow-testimonials-slider panel-first-child panel-last-child\" data-index=\"7\" ><div\n\t\t\t\n\t\t\tclass=\"so-widget-lsow-testimonials-slider so-widget-lsow-testimonials-slider-default-d75171398898-16490\"\n\t\t\t\n\t\t>\n<div class=\"lsow-testimonials-slider lsow-flexslider lsow-container\" data-settings='{\"slide_animation\":\"fade\",\"direction\":\"horizontal\",\"slideshow_speed\":5000,\"animation_speed\":600,\"control_nav\":\"\",\"direction_nav\":\"on\",\"pause_on_hover\":\"on\",\"pause_on_action\":\"on\"}'><div class=\"lsow-slides\"><div class=\"lsow-slide lsow-testimonial-wrapper\"><div class=\"lsow-testimonial\"><div class=\"lsow-testimonial-text\"><i class=\"lsow-icon-quote\"><\/i><p style=\"text-align: justify;\">A minha experi\u00eancia de Erasmus come\u00e7ou bem antes de entrar no avi\u00e3o. No 2\u00ba semestre do 5\u00ba ano tive a oportunidade de realizar a componente pr\u00e1tica da minha disserta\u00e7\u00e3o de mestrado na University of Antwerp, na B\u00e9lgica, tendo esta aventura come\u00e7ado logo com o processo de candidatura no ano anterior. A quantidade de informa\u00e7\u00f5es novas, documentos a entregar e prazos a cumprir foi, por vezes, um pouco stressante. Em rela\u00e7\u00e3o \u00e0 escolha das vagas, o facto de ir realizar a minha tese de mestrado durante o programa de Erasmus tornou todo o processo de escolha das universidades ainda mais dif\u00edcil. Felizmente n\u00e3o faltavam boas universidades nos pa\u00edses para onde queria candidatar-me! Quando soube que tinha ficado numa das minhas primeiras op\u00e7\u00f5es comecei a enviar emails para os grupos de investiga\u00e7\u00e3o associados \u00e0 universidade e, no 1\u00ba semestre do 5\u00ba ano, obtive a confirma\u00e7\u00e3o de que poderia realizar a parte pr\u00e1tica da tese num dos projetos que estavam a desenvolver. Depois disto foi s\u00f3 arranjar casa, escolher o voo e condensar 6 meses de estadia numa mala de 23 kg...! Relativamente \u00e0 estadia em si, em geral, foi provavelmente o semestre onde mais me diverti e onde me senti mais realizado em termos de resultados. Antes de embarcar nesta aventura, tinha receio de n\u00e3o saber o suficiente para que o meu trabalho fosse reconhecido ou de n\u00e3o ter um ingl\u00eas suficientemente fluente que me permitisse tanto comunicar durante o projeto como conhecer novas pessoas e fazer novas amizades. Contudo, passados os primeiros dias percebi logo que isso n\u00e3o iria ser um problema! Embora tenha aprendido imensas coisas novas ao longo do projeto, nunca senti que n\u00e3o tinha as ferramentas necess\u00e1rias ou a capacidade para conseguir superar os obst\u00e1culos que foram surgindo, permitindo-me ganhar mais confian\u00e7a no meu trabalho, o que para mim foi um dos aspetos mais enriquecedores desta experi\u00eancia. Por outro lado, tive a oportunidade de conhecer e partilhar a minha estadia com pessoas incr\u00edveis. Conheci pessoas de diversas nacionalidades, culturas, gostos e \u00e1reas de estudo o que me obrigou a pensar e a ver outras perspetivas. E como est\u00e1vamos todos no mesmo barco, foi super f\u00e1cil criar liga\u00e7\u00f5es t\u00e3o fortes e em t\u00e3o pouco tempo! Havia quase sempre alguma coisa para fazer, algum s\u00edtio ou amigo de Erasmus para visitar ou algum final de tarde para aproveitar a fazer algo que n\u00e3o estaria a fazer caso n\u00e3o tivesse sa\u00eddo da minha zona de conforto. Jantares internacionais, conv\u00edvios, passeios de bicicleta, aulas de culin\u00e1ria, ler, desporto universit\u00e1rio... Consegui fazer mais coisas em 6 meses de Erasmus do que em 5 anos de T\u00e9cnico... Claro que tamb\u00e9m houve momentos em que as coisas n\u00e3o correram t\u00e3o bem, alturas em que me senti sozinho e em que as saudades come\u00e7aram a apertar mas tudo isso faz parte da experi\u00eancia e ajudou-me a crescer a n\u00edvel pessoal e profissional. Por isso, caso tenham a oportunidade, aconselho a qualquer pessoa a sair da sua zona de conforto e a aventurar-se no que ir\u00e1 ser, garantidamente, uma das experi\u00eancias mais enriquecedoras de sempre!<\/p><\/div><div class=\"lsow-testimonial-user\"><div class=\"lsow-image-wrapper\"><img loading=\"lazy\" decoding=\"async\" width=\"150\" height=\"150\" src=\"https:\/\/i0.wp.com\/neb.ist.utl.pt\/~neb.daemon\/site\/wp-content\/uploads\/2020\/03\/Guilherme-Fernandes.jpeg?resize=150%2C150&amp;ssl=1\" class=\"lsow-image full\" alt=\"\" srcset=\"https:\/\/i0.wp.com\/neb.ist.utl.pt\/~neb.daemon\/site\/wp-content\/uploads\/2020\/03\/Guilherme-Fernandes.jpeg?w=750&amp;ssl=1 750w, https:\/\/i0.wp.com\/neb.ist.utl.pt\/~neb.daemon\/site\/wp-content\/uploads\/2020\/03\/Guilherme-Fernandes.jpeg?resize=300%2C297&amp;ssl=1 300w, https:\/\/i0.wp.com\/neb.ist.utl.pt\/~neb.daemon\/site\/wp-content\/uploads\/2020\/03\/Guilherme-Fernandes.jpeg?resize=150%2C150&amp;ssl=1 150w, https:\/\/i0.wp.com\/neb.ist.utl.pt\/~neb.daemon\/site\/wp-content\/uploads\/2020\/03\/Guilherme-Fernandes.jpeg?resize=480%2C476&amp;ssl=1 480w, https:\/\/i0.wp.com\/neb.ist.utl.pt\/~neb.daemon\/site\/wp-content\/uploads\/2020\/03\/Guilherme-Fernandes.jpeg?resize=410%2C406&amp;ssl=1 410w, https:\/\/i0.wp.com\/neb.ist.utl.pt\/~neb.daemon\/site\/wp-content\/uploads\/2020\/03\/Guilherme-Fernandes.jpeg?resize=100%2C99&amp;ssl=1 100w\" sizes=\"(max-width: 150px) 100vw, 150px\" data-attachment-id=\"21666\" data-permalink=\"https:\/\/neb.ist.utl.pt\/~neb.daemon\/site\/plataforma-erasmus\/guilherme-fernandes\/\" data-orig-file=\"https:\/\/i0.wp.com\/neb.ist.utl.pt\/~neb.daemon\/site\/wp-content\/uploads\/2020\/03\/Guilherme-Fernandes.jpeg?fit=750%2C743&amp;ssl=1\" data-orig-size=\"750,743\" data-comments-opened=\"1\" data-image-meta=\"{&quot;aperture&quot;:&quot;0&quot;,&quot;credit&quot;:&quot;&quot;,&quot;camera&quot;:&quot;&quot;,&quot;caption&quot;:&quot;&quot;,&quot;created_timestamp&quot;:&quot;0&quot;,&quot;copyright&quot;:&quot;&quot;,&quot;focal_length&quot;:&quot;0&quot;,&quot;iso&quot;:&quot;0&quot;,&quot;shutter_speed&quot;:&quot;0&quot;,&quot;title&quot;:&quot;&quot;,&quot;orientation&quot;:&quot;0&quot;}\" data-image-title=\"Guilherme Fernandes\" data-image-description=\"&lt;p&gt;Guilherme Fernandes&lt;\/p&gt;\n\" data-image-caption=\"&lt;p&gt;Guilherme Fernandes&lt;\/p&gt;\n\" data-medium-file=\"https:\/\/i0.wp.com\/neb.ist.utl.pt\/~neb.daemon\/site\/wp-content\/uploads\/2020\/03\/Guilherme-Fernandes.jpeg?fit=300%2C297&amp;ssl=1\" data-large-file=\"https:\/\/i0.wp.com\/neb.ist.utl.pt\/~neb.daemon\/site\/wp-content\/uploads\/2020\/03\/Guilherme-Fernandes.jpeg?fit=750%2C743&amp;ssl=1\" tabindex=\"0\" role=\"button\" \/><\/div><!-- .lsow-image-wrapper --><div class=\"lsow-text\"><h3 class=\"lsow-author-name\">GUILHERME FERNANDES<\/h3><div class=\"lsow-author-credentials\">Disserta\u00e7\u00e3o 2018\/2019<\/div><\/div><\/div><!-- .lsow-testimonial-user --><\/div><!-- .lsow-testimonial --><\/div><!-- .lsow-testimonial-wrapper.lsow-slide --><div class=\"lsow-slide lsow-testimonial-wrapper\"><div class=\"lsow-testimonial\"><div class=\"lsow-testimonial-text\"><i class=\"lsow-icon-quote\"><\/i><p style=\"text-align: justify;\">No 2\u00ba semestre de 2020\/2021, realizei o meu est\u00e1gio para disserta\u00e7\u00e3o de mestrado na Universiteit Antwerpen, na cidade de Antu\u00e9rpia na B\u00e9lgica. Come\u00e7ando pelo processo de encontrar a oportunidade de est\u00e1gio para ERASMUS Placement, posso dizer que tive bastante sorte. Enviei uns quantos e-mails a grupos de investiga\u00e7\u00e3o que trabalhavam no que eu queria fazer e tive a sorte de uma resposta bastante positiva de volta. Consegui tratar dos documentos todos com 1 ano de anteced\u00eancia (que, com ajuda do Gabinete de Coordena\u00e7\u00e3o do DBE, deixou de ser um bicho de 7 cabe\u00e7as) e estava tudo pronto. At\u00e9 que apareceu a COVID e com +15.000 casos positivos por dia senti que podia n\u00e3o ser seguro ir sozinha para um pa\u00eds onde n\u00e3o conhecia ningu\u00e9m\u2026 Enfrentei o desafio e n\u00e3o podia ter gostado mais da experi\u00eancia!<\/p>\n<p style=\"text-align: justify;\">Sinto que a pessoa que saiu de Portugal j\u00e1 n\u00e3o \u00e9 a mesma que voltou de Antu\u00e9rpia passados 6 meses. Todas as minhas capacidades se desenvolveram e ganhei muito mais confian\u00e7a no meu trabalho: desde ter de comunicar fluentemente em Ingl\u00eas (porque Neerland\u00eas n\u00e3o \u00e9 uma l\u00edngua propriamente f\u00e1cil de aprender\u2026), at\u00e9 ter de me desenvencilhar com 2 reatores num laborat\u00f3rio sozinha. Mesmo tendo aprendido imensas coisas novas, acho que as bases que levamos do T\u00e9cnico para qualquer lado \u00e9 a perseveran\u00e7a e a capacidade de ultrapassar obst\u00e1culos.<\/p>\n<p style=\"text-align: justify;\">Por outro lado, foi uma experi\u00eancia inesquec\u00edvel o facto de morar sozinha numa cidade (que inicialmente at\u00e9 estava em quarentena!), conheci pessoas incr\u00edveis e fiz amigos que tenciono revisitar. Foi muito f\u00e1cil criar liga\u00e7\u00f5es com os outros alunos do grupo de investiga\u00e7\u00e3o! Consegui explorar a cidade e a cultura local mesmo durante a pandemia: jantares, conv\u00edvios, passeios de bicicleta, caminhadas, jogos, n\u00e3o faltou nada!<\/p>\n<p style=\"text-align: justify;\">Nem sempre \u00e9 f\u00e1cil estar longe da nossa rede de seguran\u00e7a, mas o que ganhamos com uma experi\u00eancia destas vale mesmo a aventura.<\/p><\/div><div class=\"lsow-testimonial-user\"><div class=\"lsow-image-wrapper\"><img loading=\"lazy\" decoding=\"async\" width=\"150\" height=\"150\" src=\"https:\/\/i0.wp.com\/neb.ist.utl.pt\/~neb.daemon\/site\/wp-content\/uploads\/2022\/08\/Maria-Catarina-Baptista.jpg?resize=150%2C150&amp;ssl=1\" class=\"lsow-image full\" alt=\"\" srcset=\"https:\/\/i0.wp.com\/neb.ist.utl.pt\/~neb.daemon\/site\/wp-content\/uploads\/2022\/08\/Maria-Catarina-Baptista.jpg?resize=150%2C150&amp;ssl=1 150w, https:\/\/i0.wp.com\/neb.ist.utl.pt\/~neb.daemon\/site\/wp-content\/uploads\/2022\/08\/Maria-Catarina-Baptista.jpg?zoom=2&amp;resize=150%2C150&amp;ssl=1 300w, https:\/\/i0.wp.com\/neb.ist.utl.pt\/~neb.daemon\/site\/wp-content\/uploads\/2022\/08\/Maria-Catarina-Baptista.jpg?zoom=3&amp;resize=150%2C150&amp;ssl=1 450w\" sizes=\"(max-width: 150px) 100vw, 150px\" data-attachment-id=\"26144\" data-permalink=\"https:\/\/neb.ist.utl.pt\/~neb.daemon\/site\/maria-catarina-baptista\/\" data-orig-file=\"https:\/\/i0.wp.com\/neb.ist.utl.pt\/~neb.daemon\/site\/wp-content\/uploads\/2022\/08\/Maria-Catarina-Baptista.jpg?fit=1301%2C1734&amp;ssl=1\" data-orig-size=\"1301,1734\" data-comments-opened=\"1\" data-image-meta=\"{&quot;aperture&quot;:&quot;0&quot;,&quot;credit&quot;:&quot;&quot;,&quot;camera&quot;:&quot;&quot;,&quot;caption&quot;:&quot;&quot;,&quot;created_timestamp&quot;:&quot;0&quot;,&quot;copyright&quot;:&quot;Copyright 2020. Todos os direitos reservados.&quot;,&quot;focal_length&quot;:&quot;0&quot;,&quot;iso&quot;:&quot;0&quot;,&quot;shutter_speed&quot;:&quot;0&quot;,&quot;title&quot;:&quot;&quot;,&quot;orientation&quot;:&quot;0&quot;}\" data-image-title=\"Maria Catarina Baptista\" data-image-description=\"\" data-image-caption=\"\" data-medium-file=\"https:\/\/i0.wp.com\/neb.ist.utl.pt\/~neb.daemon\/site\/wp-content\/uploads\/2022\/08\/Maria-Catarina-Baptista.jpg?fit=225%2C300&amp;ssl=1\" data-large-file=\"https:\/\/i0.wp.com\/neb.ist.utl.pt\/~neb.daemon\/site\/wp-content\/uploads\/2022\/08\/Maria-Catarina-Baptista.jpg?fit=768%2C1024&amp;ssl=1\" tabindex=\"0\" role=\"button\" \/><\/div><!-- .lsow-image-wrapper --><div class=\"lsow-text\"><h3 class=\"lsow-author-name\">MARIA CATARINA BAPTISTA<\/h3><div class=\"lsow-author-credentials\">Disserta\u00e7\u00e3o 2020\/2021<\/div><\/div><\/div><!-- .lsow-testimonial-user --><\/div><!-- .lsow-testimonial --><\/div><!-- .lsow-testimonial-wrapper.lsow-slide --><\/div><!-- .lsow-slides --><\/div><!-- .lsow-testimonials-slider --><\/div><\/div><\/div><\/div><\/div><\/div>\t\t\t\t\t\t<\/div>\n\t\t\t\t\t\t\t\t\t\t\t<div class=\"tab-pane  fade\" id=\"tab-alemanha\" role=\"tabpanel\">\n\t\t\t\t\t\t\t<div id=\"pl-w668c25c29446d\"  class=\"panel-layout\" ><div id=\"pg-w668c25c29446d-0\"  class=\"panel-grid panel-has-style\" ><div style=\"padding: 25px 0; \" class=\"panel-row-style panel-row-style-for-w668c25c29446d-0\" ><div id=\"pgc-w668c25c29446d-0-0\"  class=\"panel-grid-cell panel-grid-cell-empty\" ><\/div><\/div><\/div><div id=\"pg-w668c25c29446d-1\"  class=\"panel-grid panel-has-style\" ><div style=\"padding: 0px 0; \" class=\"panel-row-style panel-row-style-for-w668c25c29446d-1\" ><div id=\"pgc-w668c25c29446d-1-0\"  class=\"panel-grid-cell\" ><div id=\"panel-w668c25c29446d-1-0-0\" class=\"so-panel widget widget_sow-editor panel-first-child panel-last-child\" data-index=\"0\" ><div\n\t\t\t\n\t\t\tclass=\"so-widget-sow-editor so-widget-sow-editor-base\"\n\t\t\t\n\t\t><h3 class=\"widget-title\">RWTH Aachen University<\/h3>\n<div class=\"siteorigin-widget-tinymce textwidget\">\n\t<\/div>\n<\/div><\/div><\/div><\/div><\/div><div id=\"pg-w668c25c29446d-2\"  class=\"panel-grid panel-has-style\" ><div style=\"padding: 0px 0; \" class=\"panel-row-style panel-row-style-for-w668c25c29446d-2\" ><div id=\"pgc-w668c25c29446d-2-0\"  class=\"panel-grid-cell\" ><div id=\"panel-w668c25c29446d-2-0-0\" class=\"so-panel widget widget_sow-image panel-first-child panel-last-child\" data-index=\"1\" ><div\n\t\t\t\n\t\t\tclass=\"so-widget-sow-image so-widget-sow-image-default-8b5b6f678277-16490\"\n\t\t\t\n\t\t>\n\n<div class=\"sow-image-container\">\n\t\t<img loading=\"lazy\" decoding=\"async\" src=\"https:\/\/i0.wp.com\/neb.ist.utl.pt\/~neb.daemon\/site\/wp-content\/uploads\/2021\/02\/Captura-de-ecra\u0303-2021-02-13-a\u0300s-22.50.58.png?fit=726%2C473&amp;ssl=1\" width=\"726\" height=\"473\" srcset=\"https:\/\/i0.wp.com\/neb.ist.utl.pt\/~neb.daemon\/site\/wp-content\/uploads\/2021\/02\/Captura-de-ecra\u0303-2021-02-13-a\u0300s-22.50.58.png?w=726&amp;ssl=1 726w, https:\/\/i0.wp.com\/neb.ist.utl.pt\/~neb.daemon\/site\/wp-content\/uploads\/2021\/02\/Captura-de-ecra\u0303-2021-02-13-a\u0300s-22.50.58.png?resize=300%2C195&amp;ssl=1 300w, https:\/\/i0.wp.com\/neb.ist.utl.pt\/~neb.daemon\/site\/wp-content\/uploads\/2021\/02\/Captura-de-ecra\u0303-2021-02-13-a\u0300s-22.50.58.png?resize=480%2C313&amp;ssl=1 480w, https:\/\/i0.wp.com\/neb.ist.utl.pt\/~neb.daemon\/site\/wp-content\/uploads\/2021\/02\/Captura-de-ecra\u0303-2021-02-13-a\u0300s-22.50.58.png?resize=410%2C267&amp;ssl=1 410w, https:\/\/i0.wp.com\/neb.ist.utl.pt\/~neb.daemon\/site\/wp-content\/uploads\/2021\/02\/Captura-de-ecra\u0303-2021-02-13-a\u0300s-22.50.58.png?resize=100%2C65&amp;ssl=1 100w, https:\/\/i0.wp.com\/neb.ist.utl.pt\/~neb.daemon\/site\/wp-content\/uploads\/2021\/02\/Captura-de-ecra\u0303-2021-02-13-a\u0300s-22.50.58.png?resize=275%2C179&amp;ssl=1 275w\" title=\"Aachen\" alt=\"\" \t\tclass=\"so-widget-image\"\/>\n\t<\/div>\n\n<\/div><\/div><\/div><div id=\"pgc-w668c25c29446d-2-1\"  class=\"panel-grid-cell\" ><div id=\"panel-w668c25c29446d-2-1-0\" class=\"so-panel widget widget_sow-editor panel-first-child panel-last-child\" data-index=\"2\" ><div class=\"panel-widget-style panel-widget-style-for-w668c25c29446d-2-1-0\" ><div\n\t\t\t\n\t\t\tclass=\"so-widget-sow-editor so-widget-sow-editor-base\"\n\t\t\t\n\t\t>\n<div class=\"siteorigin-widget-tinymce textwidget\">\n\t<p style=\"text-align: justify;\">A RWTH Aachen University \u00e9 uma universidade p\u00fablica situada em Aachen e com mais de 45,000 estudantes inscritos em 154 programas de estudo, esta \u00e9 a maior universidade t\u00e9cnica da Alemanha. Todos os anos, in\u00fameros estudantes internacionais e cientistas v\u00eam para esta universidade para beneficiar dos seus cursos de alta qualidade e das suas excelentes infraestruturas, ambas reconhecidas a n\u00edvel internacional. Nesta universidade, a engenharia\u00a0 tem um foco especial nas ci\u00eancias naturais e na medicina, para al\u00e9m de que as artes, ci\u00eancias sociais e economia est\u00e3o estruturalmente ligadas \u00e0s disciplinas lecionadas por esta institui\u00e7\u00e3o, o que contribui significativamente para o seu perfil de ensino e investiga\u00e7\u00e3o.<\/p>\n<\/div>\n<\/div><\/div><\/div><\/div><\/div><\/div><div id=\"pg-w668c25c29446d-3\"  class=\"panel-grid panel-has-style\" ><div style=\"padding: 100px 0; \" class=\"panel-row-style panel-row-style-for-w668c25c29446d-3\" ><div id=\"pgc-w668c25c29446d-3-0\"  class=\"panel-grid-cell\" ><div id=\"panel-w668c25c29446d-3-0-0\" class=\"so-panel widget widget_lsow-testimonials-slider panel-first-child panel-last-child\" data-index=\"3\" ><div\n\t\t\t\n\t\t\tclass=\"so-widget-lsow-testimonials-slider so-widget-lsow-testimonials-slider-default-d75171398898-16490\"\n\t\t\t\n\t\t>\n<div class=\"lsow-testimonials-slider lsow-flexslider lsow-container\" data-settings='{\"slide_animation\":\"fade\",\"direction\":\"horizontal\",\"slideshow_speed\":500000,\"animation_speed\":600,\"control_nav\":\"\",\"direction_nav\":\"on\",\"pause_on_hover\":\"on\",\"pause_on_action\":\"on\"}'><div class=\"lsow-slides\"><div class=\"lsow-slide lsow-testimonial-wrapper\"><div class=\"lsow-testimonial\"><div class=\"lsow-testimonial-text\"><i class=\"lsow-icon-quote\"><\/i><p style=\"text-align: justify;\">Quando pedia \u00e0s pessoas que j\u00e1 tinham passado pela experi\u00eancia de Erasmus para me dizerem como tinha sido, elas respondiam-me que \u00e9 algo que n\u00e3o se explica, VIVE-SE! E \u00e9 mesmo verdade, s\u00f3 quem passa pela experi\u00eancia \u00e9 que consegue perceber o qu\u00e3o gratificante \u00e9 o Erasmus.\nFiz Erasmus em 2015 durante o meu 5\u00ba ano na pequena vila estudantil de Aachen na RWTH Aachen University, na Alemanha.\nA minha experi\u00eancia teve uma dura\u00e7\u00e3o de seis meses, iniciando-se em Mar\u00e7o e terminando em Agosto. Juntei-me ao Instituto de Engenharia de Processos AVT (Aachener Verfahrenstechnik - BioVT) para a realiza\u00e7\u00e3o da minha Tese de Mestrado sobre a \"Caracteriza\u00e7\u00e3o anal\u00edtica online da produ\u00e7\u00e3o de 2,3-butanediol por Bacillus licheniformis DSM 8785\". Gostei do ambiente de trabalho profissional na Alemanha, adaptei-me muito facilmente e pude melhorar ainda mais as minhas compet\u00eancias em pensamento anal\u00edtico, resolu\u00e7\u00e3o de problemas e gest\u00e3o do tempo. Fui muito bem recebida, acolheram-me como se j\u00e1 me conhecessem e conseguiram p\u00f4r-me \u00e0 vontade num ambiente totalmente desconhecido para mim. No fim, sentia que algumas das pessoas que conheci seriam amigos para a vida. E passados quase 6 anos s\u00f3 posso confirmar esta afirma\u00e7\u00e3o! Que saudades que tenho deles e de viajar. A Alemanha ficando no centro da Europa, tive a oportunidade de correr alguns pa\u00edses \u00e0 volta e conhecer este pa\u00eds \u00fanico. Atualmente devido \u00e0s amizades criadas e ao in\u00edcio desta experi\u00eancia j\u00e1 viajei por mais de 18 pa\u00edses e ainda ser\u00e3o muito mais brevemente. \ud83d\ude0a\nA minha experi\u00eancia internacional deu-me a oportunidade de desenvolver as minhas capacidades de comunica\u00e7\u00e3o em ingl\u00eas e alem\u00e3o, de me adaptar a novos ambientes e diferen\u00e7as culturais, de tomar iniciativas, e de correr riscos. Por fim, posso dizer que cumpri com todos os objetivos definidos e que esta experi\u00eancia contribuiu muito para o meu desenvolvimento pessoal e profissional.\nQuem tiver oportunidade, v\u00e1 fazer Erasmus, prometo que n\u00e3o se ir\u00e3o arrepender!<\/p><\/div><div class=\"lsow-testimonial-user\"><div class=\"lsow-image-wrapper\"><img loading=\"lazy\" decoding=\"async\" width=\"150\" height=\"150\" src=\"https:\/\/i0.wp.com\/neb.ist.utl.pt\/~neb.daemon\/site\/wp-content\/uploads\/2021\/02\/Elsa-Requeixa.jpg?resize=150%2C150&amp;ssl=1\" class=\"lsow-image full\" alt=\"\" srcset=\"https:\/\/i0.wp.com\/neb.ist.utl.pt\/~neb.daemon\/site\/wp-content\/uploads\/2021\/02\/Elsa-Requeixa.jpg?w=400&amp;ssl=1 400w, https:\/\/i0.wp.com\/neb.ist.utl.pt\/~neb.daemon\/site\/wp-content\/uploads\/2021\/02\/Elsa-Requeixa.jpg?resize=300%2C300&amp;ssl=1 300w, https:\/\/i0.wp.com\/neb.ist.utl.pt\/~neb.daemon\/site\/wp-content\/uploads\/2021\/02\/Elsa-Requeixa.jpg?resize=150%2C150&amp;ssl=1 150w, https:\/\/i0.wp.com\/neb.ist.utl.pt\/~neb.daemon\/site\/wp-content\/uploads\/2021\/02\/Elsa-Requeixa.jpg?resize=100%2C100&amp;ssl=1 100w, https:\/\/i0.wp.com\/neb.ist.utl.pt\/~neb.daemon\/site\/wp-content\/uploads\/2021\/02\/Elsa-Requeixa.jpg?resize=275%2C275&amp;ssl=1 275w\" sizes=\"(max-width: 150px) 100vw, 150px\" data-attachment-id=\"22949\" data-permalink=\"https:\/\/neb.ist.utl.pt\/~neb.daemon\/site\/plataforma-erasmus\/elsa-requeixa\/\" data-orig-file=\"https:\/\/i0.wp.com\/neb.ist.utl.pt\/~neb.daemon\/site\/wp-content\/uploads\/2021\/02\/Elsa-Requeixa.jpg?fit=400%2C400&amp;ssl=1\" data-orig-size=\"400,400\" data-comments-opened=\"1\" data-image-meta=\"{&quot;aperture&quot;:&quot;0&quot;,&quot;credit&quot;:&quot;&quot;,&quot;camera&quot;:&quot;&quot;,&quot;caption&quot;:&quot;&quot;,&quot;created_timestamp&quot;:&quot;0&quot;,&quot;copyright&quot;:&quot;&quot;,&quot;focal_length&quot;:&quot;0&quot;,&quot;iso&quot;:&quot;0&quot;,&quot;shutter_speed&quot;:&quot;0&quot;,&quot;title&quot;:&quot;&quot;,&quot;orientation&quot;:&quot;0&quot;}\" data-image-title=\"Elsa Requeixa\" data-image-description=\"\" data-image-caption=\"\" data-medium-file=\"https:\/\/i0.wp.com\/neb.ist.utl.pt\/~neb.daemon\/site\/wp-content\/uploads\/2021\/02\/Elsa-Requeixa.jpg?fit=300%2C300&amp;ssl=1\" data-large-file=\"https:\/\/i0.wp.com\/neb.ist.utl.pt\/~neb.daemon\/site\/wp-content\/uploads\/2021\/02\/Elsa-Requeixa.jpg?fit=400%2C400&amp;ssl=1\" tabindex=\"0\" role=\"button\" \/><\/div><!-- .lsow-image-wrapper --><div class=\"lsow-text\"><h3 class=\"lsow-author-name\">Elsa Requeixa<\/h3><div class=\"lsow-author-credentials\">Disserta\u00e7\u00e3o 2014\/2015<\/div><\/div><\/div><!-- .lsow-testimonial-user --><\/div><!-- .lsow-testimonial --><\/div><!-- .lsow-testimonial-wrapper.lsow-slide --><\/div><!-- .lsow-slides --><\/div><!-- .lsow-testimonials-slider --><\/div><\/div><\/div><\/div><\/div><\/div>\t\t\t\t\t\t<\/div>\n\t\t\t\t\t\t\t\t\t\t\t<div class=\"tab-pane  fade\" id=\"tab-pa\u00edses-baixos\" role=\"tabpanel\">\n\t\t\t\t\t\t\t<div id=\"pl-w668c25c294472\"  class=\"panel-layout\" ><div id=\"pg-w668c25c294472-0\"  class=\"panel-grid panel-has-style\" ><div style=\"padding: 25px 0; \" class=\"panel-row-style panel-row-style-for-w668c25c294472-0\" ><div id=\"pgc-w668c25c294472-0-0\"  class=\"panel-grid-cell panel-grid-cell-empty\" ><\/div><\/div><\/div><div id=\"pg-w668c25c294472-1\"  class=\"panel-grid panel-has-style\" ><div style=\"padding: 0px 0; \" class=\"panel-row-style panel-row-style-for-w668c25c294472-1\" ><div id=\"pgc-w668c25c294472-1-0\"  class=\"panel-grid-cell\" ><div id=\"panel-w668c25c294472-1-0-0\" class=\"so-panel widget widget_sow-editor panel-first-child panel-last-child\" data-index=\"0\" ><div\n\t\t\t\n\t\t\tclass=\"so-widget-sow-editor so-widget-sow-editor-base\"\n\t\t\t\n\t\t><h3 class=\"widget-title\">University of Twente<\/h3>\n<div class=\"siteorigin-widget-tinymce textwidget\">\n\t<\/div>\n<\/div><\/div><\/div><\/div><\/div><div id=\"pg-w668c25c294472-2\"  class=\"panel-grid panel-has-style\" ><div style=\"padding: 0px 0; \" class=\"panel-row-style panel-row-style-for-w668c25c294472-2\" ><div id=\"pgc-w668c25c294472-2-0\"  class=\"panel-grid-cell\" ><div id=\"panel-w668c25c294472-2-0-0\" class=\"so-panel widget widget_sow-image panel-first-child panel-last-child\" data-index=\"1\" ><div\n\t\t\t\n\t\t\tclass=\"so-widget-sow-image so-widget-sow-image-default-8b5b6f678277-16490\"\n\t\t\t\n\t\t>\n\n<div class=\"sow-image-container\">\n\t\t<img loading=\"lazy\" decoding=\"async\" src=\"https:\/\/i0.wp.com\/neb.ist.utl.pt\/~neb.daemon\/site\/wp-content\/uploads\/2021\/03\/Universidade-de-Twente-imagem.jpg?fit=768%2C432&amp;ssl=1\" width=\"768\" height=\"432\" srcset=\"https:\/\/i0.wp.com\/neb.ist.utl.pt\/~neb.daemon\/site\/wp-content\/uploads\/2021\/03\/Universidade-de-Twente-imagem.jpg?w=1024&amp;ssl=1 1024w, https:\/\/i0.wp.com\/neb.ist.utl.pt\/~neb.daemon\/site\/wp-content\/uploads\/2021\/03\/Universidade-de-Twente-imagem.jpg?resize=300%2C169&amp;ssl=1 300w, https:\/\/i0.wp.com\/neb.ist.utl.pt\/~neb.daemon\/site\/wp-content\/uploads\/2021\/03\/Universidade-de-Twente-imagem.jpg?resize=768%2C432&amp;ssl=1 768w, https:\/\/i0.wp.com\/neb.ist.utl.pt\/~neb.daemon\/site\/wp-content\/uploads\/2021\/03\/Universidade-de-Twente-imagem.jpg?resize=480%2C270&amp;ssl=1 480w, https:\/\/i0.wp.com\/neb.ist.utl.pt\/~neb.daemon\/site\/wp-content\/uploads\/2021\/03\/Universidade-de-Twente-imagem.jpg?resize=410%2C231&amp;ssl=1 410w, https:\/\/i0.wp.com\/neb.ist.utl.pt\/~neb.daemon\/site\/wp-content\/uploads\/2021\/03\/Universidade-de-Twente-imagem.jpg?resize=100%2C56&amp;ssl=1 100w, https:\/\/i0.wp.com\/neb.ist.utl.pt\/~neb.daemon\/site\/wp-content\/uploads\/2021\/03\/Universidade-de-Twente-imagem.jpg?resize=275%2C155&amp;ssl=1 275w\" title=\"Universidade de Twente-imagem\" alt=\"\" \t\tclass=\"so-widget-image\"\/>\n\t<\/div>\n\n<\/div><\/div><\/div><div id=\"pgc-w668c25c294472-2-1\"  class=\"panel-grid-cell\" ><div id=\"panel-w668c25c294472-2-1-0\" class=\"so-panel widget widget_sow-editor panel-first-child panel-last-child\" data-index=\"2\" ><div\n\t\t\t\n\t\t\tclass=\"so-widget-sow-editor so-widget-sow-editor-base\"\n\t\t\t\n\t\t>\n<div class=\"siteorigin-widget-tinymce textwidget\">\n\t<p style=\"text-align: justify;\">A Universidade de Twente localiza-se em Enschede, na Holanda, e \u00e9 pioneira na fus\u00e3o da tecnologia, da ci\u00eancia e da engenharia com as ci\u00eancias sociais para ter impacto na sociedade. Dedica-se sobretudo \u00e0s \u00e1reas da medicina tecnol\u00f3gica, rob\u00f3tica, tecnologia da informa\u00e7\u00e3o, neg\u00f3cios e pol\u00edticas p\u00fablicas, qu\u00edmica e ci\u00eancias da engenharia, observa\u00e7\u00e3o terrestre, e ci\u00eancias naturais e sociais.<\/p>\n<p style=\"text-align: justify;\">O car\u00e1ter transdisciplinar do ensino e da investiga\u00e7\u00e3o que caracteriza a universidade abre muitas possibilidades para o surgimento de novas ideias e novos caminhos para o futuro.<\/p>\n<\/div>\n<\/div><\/div><\/div><\/div><\/div><div id=\"pg-w668c25c294472-3\"  class=\"panel-grid panel-has-style\" ><div style=\"padding: 100px 0; \" class=\"panel-row-style panel-row-style-for-w668c25c294472-3\" ><div id=\"pgc-w668c25c294472-3-0\"  class=\"panel-grid-cell\" ><div id=\"panel-w668c25c294472-3-0-0\" class=\"so-panel widget widget_lsow-testimonials-slider panel-first-child panel-last-child\" data-index=\"3\" ><div\n\t\t\t\n\t\t\tclass=\"so-widget-lsow-testimonials-slider so-widget-lsow-testimonials-slider-default-d75171398898-16490\"\n\t\t\t\n\t\t>\n<div class=\"lsow-testimonials-slider lsow-flexslider lsow-container\" data-settings='{\"slide_animation\":\"fade\",\"direction\":\"horizontal\",\"slideshow_speed\":500000,\"animation_speed\":600,\"control_nav\":\"\",\"direction_nav\":\"on\",\"pause_on_hover\":\"on\",\"pause_on_action\":\"on\"}'><div class=\"lsow-slides\"><div class=\"lsow-slide lsow-testimonial-wrapper\"><div class=\"lsow-testimonial\"><div class=\"lsow-testimonial-text\"><i class=\"lsow-icon-quote\"><\/i><p style=\"text-align: justify;\">Ol\u00e1! Fui aceite na Holanda para realizar a tese de Mestrado, na Universidade de Twente (na cidade de Enschede) na Holanda, pelo programa Erasmus. A cidade \u00e9 bastante pequena (v\u00ea-se tudo num dia) e diferente das restantes cidades da Holanda, por estar pert\u00edssimo da fronteira com a Alemanha e, na verdade, a arquitetura tem muita influ\u00eancia alem\u00e3 (a cidade n\u00e3o tem canais, ao contr\u00e1rio da maior parte das outras cidades do pa\u00eds).<\/p>\n<p style=\"text-align: justify;\">Enschede \u00e9 uma cidade muito universit\u00e1ria, cheia de estudantes (diria que \u00e9 muito parecida com Coimbra a n\u00edvel de ambiente, mas um pouco mais pequena) e a Universidade de Twente \u00e9 muito moderna, as instala\u00e7\u00f5es s\u00e3o todas super funcionais e com todas as comodidades necess\u00e1rias, inclusive os laborat\u00f3rios. Como est\u00e1 repleta de estudantes internacionais, \u00e9 muito f\u00e1cil fazer amigos. O centro est\u00e1 repleto de atividades para fazer, desde locais para ir sair \u00e0 noite, cinema, escalada, sal\u00e3o de jogos, bowling, jardins para passear ou concertos ao ar livre. No campus tamb\u00e9m s\u00e3o organizadas imensas atividades e h\u00e1 clubes para praticamente tudo, como dan\u00e7a, teatro, debate ou at\u00e9 pub quizes semanais. Apesar de os holandeses n\u00e3o serem o povo mais af\u00e1vel (n\u00e3o s\u00e3o muito calorosos e dispon\u00edveis para fazer novos amigos como n\u00f3s em Portugal), a multiculturalidade da cidade permite sempre fazer um bom grupo de amigos.<\/p>\n<p style=\"text-align: justify;\">N\u00e3o fugindo \u00e0 tradi\u00e7\u00e3o, o meio de transporte preferido \u00e9 a bicicleta (obrigat\u00f3rio arranjar uma) e a n\u00edvel de custo de vida, n\u00e3o notei muita diferen\u00e7a entre Enschede e Lisboa. A n\u00edvel de alimenta\u00e7\u00e3o, os supermercados s\u00e3o ligeiramente mais caros, mas nada de exorbitante, e a n\u00edvel de alojamento, \u00e9 f\u00e1cil arranjar um bom quarto, quer numa resid\u00eancia quer num apartamento particular, por exemplo com outros estudantes (que foi o meu caso, das melhores experi\u00eancias partilhar casa com estudantes internacionais, aprende-se imenso sobre outras culturas e fazem-se amigos para a vida), com um or\u00e7amento inferior ou igual ao de Lisboa, dependendo do n\u00edvel de conforto que se preferir.<\/p>\n<p style=\"text-align: justify;\">O sistema de transportes da Holanda \u00e9 muito bom, com comboios, autocarros e metro dispon\u00edveis a todas as horas para todo o lado, \u00e9 muito f\u00e1cil viajar dentro da Holanda e para outros pa\u00edses, principalmente para a Alemanha (15 min de comboio). Cada viagem \u00e9 cara, por isso aconselho o passe de transportes mensal ou o que permite viajar \u00e0 borla aos fins-de-semana e que apenas se paga cerca de 36\u20ac por m\u00eas (adquiri este, ao final de duas viagens j\u00e1 se paga o investimento e viajei por toda a Holanda).<\/p><\/div><div class=\"lsow-testimonial-user\"><div class=\"lsow-image-wrapper\"><img loading=\"lazy\" decoding=\"async\" width=\"150\" height=\"150\" src=\"https:\/\/i0.wp.com\/neb.ist.utl.pt\/~neb.daemon\/site\/wp-content\/uploads\/2021\/03\/Beatriz-Gamelas-foto.jpg?resize=150%2C150&amp;ssl=1\" class=\"lsow-image full\" alt=\"\" srcset=\"https:\/\/i0.wp.com\/neb.ist.utl.pt\/~neb.daemon\/site\/wp-content\/uploads\/2021\/03\/Beatriz-Gamelas-foto.jpg?w=1533&amp;ssl=1 1533w, https:\/\/i0.wp.com\/neb.ist.utl.pt\/~neb.daemon\/site\/wp-content\/uploads\/2021\/03\/Beatriz-Gamelas-foto.jpg?resize=300%2C300&amp;ssl=1 300w, https:\/\/i0.wp.com\/neb.ist.utl.pt\/~neb.daemon\/site\/wp-content\/uploads\/2021\/03\/Beatriz-Gamelas-foto.jpg?resize=1024%2C1024&amp;ssl=1 1024w, https:\/\/i0.wp.com\/neb.ist.utl.pt\/~neb.daemon\/site\/wp-content\/uploads\/2021\/03\/Beatriz-Gamelas-foto.jpg?resize=150%2C150&amp;ssl=1 150w, https:\/\/i0.wp.com\/neb.ist.utl.pt\/~neb.daemon\/site\/wp-content\/uploads\/2021\/03\/Beatriz-Gamelas-foto.jpg?resize=768%2C768&amp;ssl=1 768w, https:\/\/i0.wp.com\/neb.ist.utl.pt\/~neb.daemon\/site\/wp-content\/uploads\/2021\/03\/Beatriz-Gamelas-foto.jpg?resize=480%2C480&amp;ssl=1 480w, https:\/\/i0.wp.com\/neb.ist.utl.pt\/~neb.daemon\/site\/wp-content\/uploads\/2021\/03\/Beatriz-Gamelas-foto.jpg?resize=410%2C410&amp;ssl=1 410w, https:\/\/i0.wp.com\/neb.ist.utl.pt\/~neb.daemon\/site\/wp-content\/uploads\/2021\/03\/Beatriz-Gamelas-foto.jpg?resize=100%2C100&amp;ssl=1 100w, https:\/\/i0.wp.com\/neb.ist.utl.pt\/~neb.daemon\/site\/wp-content\/uploads\/2021\/03\/Beatriz-Gamelas-foto.jpg?resize=275%2C275&amp;ssl=1 275w\" sizes=\"(max-width: 150px) 100vw, 150px\" data-attachment-id=\"23125\" data-permalink=\"https:\/\/neb.ist.utl.pt\/~neb.daemon\/site\/plataforma-erasmus\/beatriz-gamelas-foto\/\" data-orig-file=\"https:\/\/i0.wp.com\/neb.ist.utl.pt\/~neb.daemon\/site\/wp-content\/uploads\/2021\/03\/Beatriz-Gamelas-foto.jpg?fit=1533%2C1533&amp;ssl=1\" data-orig-size=\"1533,1533\" data-comments-opened=\"1\" data-image-meta=\"{&quot;aperture&quot;:&quot;0&quot;,&quot;credit&quot;:&quot;&quot;,&quot;camera&quot;:&quot;&quot;,&quot;caption&quot;:&quot;&quot;,&quot;created_timestamp&quot;:&quot;1526947354&quot;,&quot;copyright&quot;:&quot;&quot;,&quot;focal_length&quot;:&quot;0&quot;,&quot;iso&quot;:&quot;0&quot;,&quot;shutter_speed&quot;:&quot;0&quot;,&quot;title&quot;:&quot;&quot;,&quot;orientation&quot;:&quot;1&quot;}\" data-image-title=\"Beatriz Gamelas-foto\" data-image-description=\"\" data-image-caption=\"\" data-medium-file=\"https:\/\/i0.wp.com\/neb.ist.utl.pt\/~neb.daemon\/site\/wp-content\/uploads\/2021\/03\/Beatriz-Gamelas-foto.jpg?fit=300%2C300&amp;ssl=1\" data-large-file=\"https:\/\/i0.wp.com\/neb.ist.utl.pt\/~neb.daemon\/site\/wp-content\/uploads\/2021\/03\/Beatriz-Gamelas-foto.jpg?fit=1024%2C1024&amp;ssl=1\" tabindex=\"0\" role=\"button\" \/><\/div><!-- .lsow-image-wrapper --><div class=\"lsow-text\"><h3 class=\"lsow-author-name\">Beatriz Gamelas<\/h3><div class=\"lsow-author-credentials\">2019\/2020<\/div><\/div><\/div><!-- .lsow-testimonial-user --><\/div><!-- .lsow-testimonial --><\/div><!-- .lsow-testimonial-wrapper.lsow-slide --><\/div><!-- .lsow-slides --><\/div><!-- .lsow-testimonials-slider --><\/div><\/div><\/div><\/div><\/div><div id=\"pg-w668c25c294472-4\"  class=\"panel-grid panel-has-style\" ><div style=\"padding: 0px 0; \" class=\"panel-row-style panel-row-style-for-w668c25c294472-4\" ><div id=\"pgc-w668c25c294472-4-0\"  class=\"panel-grid-cell\" ><div id=\"panel-w668c25c294472-4-0-0\" class=\"so-panel widget widget_sow-editor panel-first-child panel-last-child\" data-index=\"4\" ><div\n\t\t\t\n\t\t\tclass=\"so-widget-sow-editor so-widget-sow-editor-base\"\n\t\t\t\n\t\t><h3 class=\"widget-title\">TU Delft<\/h3>\n<div class=\"siteorigin-widget-tinymce textwidget\">\n\t<\/div>\n<\/div><\/div><\/div><\/div><\/div><div id=\"pg-w668c25c294472-5\"  class=\"panel-grid panel-has-style\" ><div style=\"padding: 0px 0; \" class=\"panel-row-style panel-row-style-for-w668c25c294472-5\" ><div id=\"pgc-w668c25c294472-5-0\"  class=\"panel-grid-cell\" ><div id=\"panel-w668c25c294472-5-0-0\" class=\"so-panel widget widget_sow-image panel-first-child panel-last-child\" data-index=\"5\" ><div\n\t\t\t\n\t\t\tclass=\"so-widget-sow-image so-widget-sow-image-default-8b5b6f678277-16490\"\n\t\t\t\n\t\t>\n\n<div class=\"sow-image-container\">\n\t\t<img loading=\"lazy\" decoding=\"async\" src=\"https:\/\/i0.wp.com\/neb.ist.utl.pt\/~neb.daemon\/site\/wp-content\/uploads\/2023\/07\/TUDelft.png?fit=714%2C484&amp;ssl=1\" width=\"714\" height=\"484\" srcset=\"https:\/\/i0.wp.com\/neb.ist.utl.pt\/~neb.daemon\/site\/wp-content\/uploads\/2023\/07\/TUDelft.png?w=714&amp;ssl=1 714w, https:\/\/i0.wp.com\/neb.ist.utl.pt\/~neb.daemon\/site\/wp-content\/uploads\/2023\/07\/TUDelft.png?resize=300%2C203&amp;ssl=1 300w, https:\/\/i0.wp.com\/neb.ist.utl.pt\/~neb.daemon\/site\/wp-content\/uploads\/2023\/07\/TUDelft.png?resize=480%2C325&amp;ssl=1 480w, https:\/\/i0.wp.com\/neb.ist.utl.pt\/~neb.daemon\/site\/wp-content\/uploads\/2023\/07\/TUDelft.png?resize=410%2C278&amp;ssl=1 410w, https:\/\/i0.wp.com\/neb.ist.utl.pt\/~neb.daemon\/site\/wp-content\/uploads\/2023\/07\/TUDelft.png?resize=100%2C68&amp;ssl=1 100w, https:\/\/i0.wp.com\/neb.ist.utl.pt\/~neb.daemon\/site\/wp-content\/uploads\/2023\/07\/TUDelft.png?resize=275%2C186&amp;ssl=1 275w\" alt=\"\" \t\tclass=\"so-widget-image\"\/>\n\t<\/div>\n\n<\/div><\/div><\/div><div id=\"pgc-w668c25c294472-5-1\"  class=\"panel-grid-cell\" ><div id=\"panel-w668c25c294472-5-1-0\" class=\"so-panel widget widget_sow-editor panel-first-child panel-last-child\" data-index=\"6\" ><div class=\"panel-widget-style panel-widget-style-for-w668c25c294472-5-1-0\" ><div\n\t\t\t\n\t\t\tclass=\"so-widget-sow-editor so-widget-sow-editor-base\"\n\t\t\t\n\t\t>\n<div class=\"siteorigin-widget-tinymce textwidget\">\n\t<p style=\"text-align: justify;\">A TU Delft \u00e9 a maior e mais antiga universidade t\u00e9cnica dos Pa\u00edses Baixos, contando com 16 licenciaturas e 30 programas de mestrado, nos quais se incluem as \u00e1reas das ci\u00eancias da vida, de nanobiologia, ci\u00eancia molecular, e engenharias biom\u00e9dica e qu\u00edmica. A universidade tem como miss\u00e3o propor solu\u00e7\u00f5es t\u00e9cnico-cient\u00edficas inovadoras que contribuam para impactar e criar uma sociedade melhor. Tem um compromisso com a sustentabilidade, procurando manter um campus biodiverso onde a natureza e as pessoas possam coexistir.<\/p>\n<\/div>\n<\/div><\/div><\/div><\/div><\/div><\/div><div id=\"pg-w668c25c294472-6\"  class=\"panel-grid panel-has-style\" ><div style=\"padding: 100px 0; \" class=\"panel-row-style panel-row-style-for-w668c25c294472-6\" ><div id=\"pgc-w668c25c294472-6-0\"  class=\"panel-grid-cell\" ><div id=\"panel-w668c25c294472-6-0-0\" class=\"so-panel widget widget_lsow-testimonials-slider panel-first-child panel-last-child\" data-index=\"7\" ><div\n\t\t\t\n\t\t\tclass=\"so-widget-lsow-testimonials-slider so-widget-lsow-testimonials-slider-default-d75171398898-16490\"\n\t\t\t\n\t\t>\n<div class=\"lsow-testimonials-slider lsow-flexslider lsow-container\" data-settings='{\"slide_animation\":\"fade\",\"direction\":\"horizontal\",\"slideshow_speed\":500000,\"animation_speed\":600,\"control_nav\":\"\",\"direction_nav\":\"on\",\"pause_on_hover\":\"on\",\"pause_on_action\":\"on\"}'><div class=\"lsow-slides\"><div class=\"lsow-slide lsow-testimonial-wrapper\"><div class=\"lsow-testimonial\"><div class=\"lsow-testimonial-text\"><i class=\"lsow-icon-quote\"><\/i><div class=\"page\" title=\"Page 1\">\n<div class=\"layoutArea\">\n<div class=\"column\">\n<p style=\"text-align: justify;\">Ola\u0301 Biolo\u0301gica! Realizei a minha tese de mestrado na TU Delft na Holanda, uma das melhores faculdades de Engenharia da Europa (top 20 na Europa 2022 em va\u0301rias categorias). Decidi vir para esta universidade por influe\u0302ncia de testemunhos de colegas meus que fizeram ERASMUS ca\u0301 e adoraram, pela minha curiosidade e interesse pela cultura do pai\u0301s, e por terem uma boa reputac\u0327a\u0303o na a\u0301rea em que o meu projeto se insere. Consegui este projeto por entrar em contacto com o Principal Investigator do projeto em meados de Marc\u0327o do ano passado. Uma boa dica: se na\u0303o vos responder ao e-mail tentem entrar em contacto pelo LinkedIn, aparamente aqui eles ligam bastante a essa plataforma.<\/p>\n<p style=\"text-align: justify;\">A cidade de Delft e\u0301 pequena, mas bantante acolhedora. Em cerca de vinte minutos de bicicleta chega-se de uma ponta a\u0300 outra da cidade. E\u0301 uma cidade bastante universita\u0301ria o que ajuda bastante a\u0300 experie\u0302ncia de ERASMUS. Ah sim! Bicicleta e\u0301 fundamental, com ela consegue-se ir a praticamente qualquer lado. Delft localizac\u0327a\u0303o praticamente a meio da Holanda, o que torna muito fa\u0301cil visitar outras cidades da Holanda e ate\u0301 outros pai\u0301ses vizinhos. Por ser uma cidade pequena para uma universidade grande, arranjar casa pode ser complicado. Recomendo tentarem encontrar casa pela DUWO, uma empresa de acomodac\u0327a\u0303o virada para estudantes universita\u0301rios. A ni\u0301vel de custos de vida, os supermercados sa\u0303o ligeiramente mais caros que em Portugal e com menor diversidade.<\/p>\n<p style=\"text-align: justify;\">A relac\u0327a\u0303o trabalho\/vida social que experienciei foi bastante boa, parte se calhar por ter um projeto completamente computacional. Na\u0303o obstante, os meus colegas de casa, colegas do meu departamento (quer PhD quer alunos de mestrado) e colegas do te\u0301cnico que tambe\u0301m vieram fazer a tese tiverem um grande impacto a ni\u0301vel social. Participei tambe\u0301m em bastantes atividades de grupo organizadas pelo departamento. Na universidade tambe\u0301m existem bastantes clubes, festas, festivais e um centro cultural com imensas atividades e desportos.<\/p>\n<p style=\"text-align: justify;\">A ni\u0301vel de transportes, tal como disse, a bicicleta e\u0301 o meio principal, mas tambe\u0301m podem contar com uma excelente rede de comboios, ele\u0301tricos, autocarros e metros por toda a Holanda. No entanto, os transportes sa\u0303o muito mais caros que em Portugal. Contudo, existem passes mensais que vos conseguem dar descontos nos comboios especialmente.<\/p>\n<p style=\"text-align: justify;\">Em conclusa\u0303o, a TU Delft, ou a Holanda em geral, e\u0301 o local indicado para fazer uma tese mestrado, quer pela experie\u0302ncia social, quer pela experie\u0302ncia profissional. Para mim foi uma experie\u0302ncia bastante enriquecedora que ajudou a abrir portas para futuras oportunidades.<\/p>\n\n<\/div>\n<\/div>\n<\/div><\/div><div class=\"lsow-testimonial-user\"><div class=\"lsow-image-wrapper\"><img loading=\"lazy\" decoding=\"async\" width=\"150\" height=\"150\" src=\"https:\/\/i0.wp.com\/neb.ist.utl.pt\/~neb.daemon\/site\/wp-content\/uploads\/2023\/07\/Fotografia-Joao-Jacinto.jpeg?resize=150%2C150&amp;ssl=1\" class=\"lsow-image full\" alt=\"\" srcset=\"https:\/\/i0.wp.com\/neb.ist.utl.pt\/~neb.daemon\/site\/wp-content\/uploads\/2023\/07\/Fotografia-Joao-Jacinto.jpeg?resize=150%2C150&amp;ssl=1 150w, https:\/\/i0.wp.com\/neb.ist.utl.pt\/~neb.daemon\/site\/wp-content\/uploads\/2023\/07\/Fotografia-Joao-Jacinto.jpeg?zoom=2&amp;resize=150%2C150&amp;ssl=1 300w\" sizes=\"(max-width: 150px) 100vw, 150px\" data-attachment-id=\"27760\" data-permalink=\"https:\/\/neb.ist.utl.pt\/~neb.daemon\/site\/plataforma-erasmus\/fotografia-joao-jacinto\/\" data-orig-file=\"https:\/\/i0.wp.com\/neb.ist.utl.pt\/~neb.daemon\/site\/wp-content\/uploads\/2023\/07\/Fotografia-Joao-Jacinto.jpeg?fit=302%2C403&amp;ssl=1\" data-orig-size=\"302,403\" data-comments-opened=\"1\" data-image-meta=\"{&quot;aperture&quot;:&quot;0&quot;,&quot;credit&quot;:&quot;&quot;,&quot;camera&quot;:&quot;&quot;,&quot;caption&quot;:&quot;&quot;,&quot;created_timestamp&quot;:&quot;0&quot;,&quot;copyright&quot;:&quot;&quot;,&quot;focal_length&quot;:&quot;0&quot;,&quot;iso&quot;:&quot;0&quot;,&quot;shutter_speed&quot;:&quot;0&quot;,&quot;title&quot;:&quot;&quot;,&quot;orientation&quot;:&quot;0&quot;}\" data-image-title=\"Fotografia Jo\u00e3o Jacinto\" data-image-description=\"\" data-image-caption=\"\" data-medium-file=\"https:\/\/i0.wp.com\/neb.ist.utl.pt\/~neb.daemon\/site\/wp-content\/uploads\/2023\/07\/Fotografia-Joao-Jacinto.jpeg?fit=225%2C300&amp;ssl=1\" data-large-file=\"https:\/\/i0.wp.com\/neb.ist.utl.pt\/~neb.daemon\/site\/wp-content\/uploads\/2023\/07\/Fotografia-Joao-Jacinto.jpeg?fit=302%2C403&amp;ssl=1\" tabindex=\"0\" role=\"button\" \/><\/div><!-- .lsow-image-wrapper --><div class=\"lsow-text\"><h3 class=\"lsow-author-name\">Jo\u00e3o Jacinto<\/h3><div class=\"lsow-author-credentials\">2022\/2023<\/div><\/div><\/div><!-- .lsow-testimonial-user --><\/div><!-- .lsow-testimonial --><\/div><!-- .lsow-testimonial-wrapper.lsow-slide --><\/div><!-- .lsow-slides --><\/div><!-- .lsow-testimonials-slider --><\/div><\/div><\/div><\/div><\/div><\/div>\t\t\t\t\t\t<\/div>\n\t\t\t\t\t\t\t\t\t\t\t<div class=\"tab-pane  fade\" id=\"tab-\u00c1ustria\" role=\"tabpanel\">\n\t\t\t\t\t\t\t<div id=\"pl-w668c25c294477\"  class=\"panel-layout\" ><div id=\"pg-w668c25c294477-0\"  class=\"panel-grid panel-has-style\" ><div style=\"padding: 25px 0; \" class=\"panel-row-style panel-row-style-for-w668c25c294477-0\" ><div id=\"pgc-w668c25c294477-0-0\"  class=\"panel-grid-cell panel-grid-cell-empty\" ><\/div><\/div><\/div><div id=\"pg-w668c25c294477-1\"  class=\"panel-grid panel-has-style\" ><div style=\"padding: 0px 0; \" class=\"panel-row-style panel-row-style-for-w668c25c294477-1\" ><div id=\"pgc-w668c25c294477-1-0\"  class=\"panel-grid-cell\" ><div id=\"panel-w668c25c294477-1-0-0\" class=\"so-panel widget widget_sow-editor panel-first-child panel-last-child\" data-index=\"0\" ><div\n\t\t\t\n\t\t\tclass=\"so-widget-sow-editor so-widget-sow-editor-base\"\n\t\t\t\n\t\t><h3 class=\"widget-title\">BOKU - University of Natural Resources and Life Sciences<\/h3>\n<div class=\"siteorigin-widget-tinymce textwidget\">\n\t<\/div>\n<\/div><\/div><\/div><\/div><\/div><div id=\"pg-w668c25c294477-2\"  class=\"panel-grid panel-has-style\" ><div style=\"padding: 0px 0; \" class=\"panel-row-style panel-row-style-for-w668c25c294477-2\" ><div id=\"pgc-w668c25c294477-2-0\"  class=\"panel-grid-cell\" ><div id=\"panel-w668c25c294477-2-0-0\" class=\"so-panel widget widget_sow-image panel-first-child panel-last-child\" data-index=\"1\" ><div\n\t\t\t\n\t\t\tclass=\"so-widget-sow-image so-widget-sow-image-default-8b5b6f678277-16490\"\n\t\t\t\n\t\t>\n\n<div class=\"sow-image-container\">\n\t\t<img loading=\"lazy\" decoding=\"async\" src=\"https:\/\/i0.wp.com\/neb.ist.utl.pt\/~neb.daemon\/site\/wp-content\/uploads\/2021\/03\/BOKU-imagem.jpg?fit=1920%2C995&amp;ssl=1\" width=\"1920\" height=\"995\" srcset=\"https:\/\/i0.wp.com\/neb.ist.utl.pt\/~neb.daemon\/site\/wp-content\/uploads\/2021\/03\/BOKU-imagem.jpg?w=1920&amp;ssl=1 1920w, https:\/\/i0.wp.com\/neb.ist.utl.pt\/~neb.daemon\/site\/wp-content\/uploads\/2021\/03\/BOKU-imagem.jpg?resize=300%2C155&amp;ssl=1 300w, https:\/\/i0.wp.com\/neb.ist.utl.pt\/~neb.daemon\/site\/wp-content\/uploads\/2021\/03\/BOKU-imagem.jpg?resize=1024%2C531&amp;ssl=1 1024w, https:\/\/i0.wp.com\/neb.ist.utl.pt\/~neb.daemon\/site\/wp-content\/uploads\/2021\/03\/BOKU-imagem.jpg?resize=768%2C398&amp;ssl=1 768w, https:\/\/i0.wp.com\/neb.ist.utl.pt\/~neb.daemon\/site\/wp-content\/uploads\/2021\/03\/BOKU-imagem.jpg?resize=1536%2C796&amp;ssl=1 1536w, https:\/\/i0.wp.com\/neb.ist.utl.pt\/~neb.daemon\/site\/wp-content\/uploads\/2021\/03\/BOKU-imagem.jpg?resize=480%2C249&amp;ssl=1 480w, https:\/\/i0.wp.com\/neb.ist.utl.pt\/~neb.daemon\/site\/wp-content\/uploads\/2021\/03\/BOKU-imagem.jpg?resize=410%2C212&amp;ssl=1 410w, https:\/\/i0.wp.com\/neb.ist.utl.pt\/~neb.daemon\/site\/wp-content\/uploads\/2021\/03\/BOKU-imagem.jpg?resize=100%2C52&amp;ssl=1 100w, https:\/\/i0.wp.com\/neb.ist.utl.pt\/~neb.daemon\/site\/wp-content\/uploads\/2021\/03\/BOKU-imagem.jpg?resize=275%2C143&amp;ssl=1 275w\" title=\"BOKU imagem\" alt=\"\" \t\tclass=\"so-widget-image\"\/>\n\t<\/div>\n\n<\/div><\/div><\/div><div id=\"pgc-w668c25c294477-2-1\"  class=\"panel-grid-cell\" ><div id=\"panel-w668c25c294477-2-1-0\" class=\"so-panel widget widget_sow-editor panel-first-child panel-last-child\" data-index=\"2\" ><div\n\t\t\t\n\t\t\tclass=\"so-widget-sow-editor so-widget-sow-editor-base\"\n\t\t\t\n\t\t>\n<div class=\"siteorigin-widget-tinymce textwidget\">\n\t<p style=\"text-align: justify;\">BOKU \u00e9 uma universidade em Viena, \u00c1ustria, que se foca em \u00e1reas como a ci\u00eancia, a tecnologia e a economia, sendo uma das universidades europeias mais sustent\u00e1veis e tendo como objetivo aproximar os alunos e a ci\u00eancia dos intervenientes na economia e na pol\u00edtica para o desenvolvimento sustent\u00e1vel da sociedade, integrando estes processos em todos os dom\u00ednios da mesma. Desta forma, nas suas investiga\u00e7\u00f5es, esta universidade procura arranjar solu\u00e7\u00f5es para garantir a conserva\u00e7\u00e3o e o desenvolvimento da economia de mercado, a gest\u00e3o de recursos naturais e a prote\u00e7\u00e3o da alimenta\u00e7\u00e3o e da sa\u00fade.<\/p>\n<\/div>\n<\/div><\/div><\/div><\/div><\/div><div id=\"pg-w668c25c294477-3\"  class=\"panel-grid panel-has-style\" ><div style=\"padding: 100px 0; \" class=\"panel-row-style panel-row-style-for-w668c25c294477-3\" ><div id=\"pgc-w668c25c294477-3-0\"  class=\"panel-grid-cell\" ><div id=\"panel-w668c25c294477-3-0-0\" class=\"so-panel widget widget_lsow-testimonials-slider panel-first-child panel-last-child\" data-index=\"3\" ><div\n\t\t\t\n\t\t\tclass=\"so-widget-lsow-testimonials-slider so-widget-lsow-testimonials-slider-default-d75171398898-16490\"\n\t\t\t\n\t\t>\n<div class=\"lsow-testimonials-slider lsow-flexslider lsow-container\" data-settings='{\"slide_animation\":\"fade\",\"direction\":\"horizontal\",\"slideshow_speed\":5000000,\"animation_speed\":600,\"control_nav\":\"\",\"direction_nav\":\"on\",\"pause_on_hover\":\"on\",\"pause_on_action\":\"on\"}'><div class=\"lsow-slides\"><div class=\"lsow-slide lsow-testimonial-wrapper\"><div class=\"lsow-testimonial\"><div class=\"lsow-testimonial-text\"><i class=\"lsow-icon-quote\"><\/i><p style=\"text-align: justify;\">Durante o meu percurso no curso de MEBiol do IST, o meu interesse pela \u00e1rea de biotecnologia direcionada para a sa\u00fade foi crescendo, motivando-me a escolher um t\u00f3pico relacionado com bioengenharia de c\u00e9lulas estaminais para realizar a minha disserta\u00e7\u00e3o. Decidi fazer Erasmus no grupo de investiga\u00e7\u00e3o Kasper, que explora m\u00e9todos para otimizar o isolamento\/expans\u00e3o\/diferencia\u00e7\u00e3o de c\u00e9lulas estaminais, por exemplo atrav\u00e9s de culturas em plataformas 3D ou cultivo em biorreatores. O grupo Kasper \u00e9 pequeno e jovem (na minha altura tinham dois post-docs e uma aluna de doutoramento respons\u00e1veis por orientar dois alunos de mestrado, eu inclusiv\u00e9, e mais dois alunos de bacharelato), proporcionando um excelente ambiente de trabalho. Por vezes faz\u00edamos retiros de grupo, como ir esquiar a Stuhleck, ou fazer tiro ao arco no meio do bosque (em animais de borracha).<\/p>\n<p style=\"text-align: justify;\">O campus de BOKU, que cont\u00e9m o Departamento de Bioecnologia, \u00e9 recente e os laborat\u00f3rios s\u00e3o impec\u00e1veis, e em \u00f3timas condi\u00e7\u00f5es. Os andares com escrit\u00f3rios t\u00eam grandes salas de conv\u00edvio onde se pode cozinhar e fazer \u2018almo\u00e7aradas\u2019 com o grupo, a t\u00edpica \u201cpesto-pasta\u201d. Uma das salas at\u00e9 tinha um piano de cauda!! Isto s\u00f3 mesmo em Viena...<\/p>\n<p style=\"text-align: justify;\">Viena \u00e9 de facto uma cidade linda e extremamente rica do ponto de vista cultural e de arquitetura. Quando cheguei em fevereiro estava fresquinho (0-5 \u00b0C), mas em julho\/agosto fez verdadeiro calor. O transporte p\u00fablico \u00e9 de qualidade e bem organizado. O passe semestral para alunos (75\u20ac\/semestre) inclui autocarro, metro e bahn, mas bicicleta e trotinete s\u00e3o tamb\u00e9m formas muito populares de desloca\u00e7\u00e3o. Os servi\u00e7os admnistrativos s\u00e3o tamb\u00e9m muito eficentes, a maioria funciona por marca\u00e7\u00e3o, sem atrasos nem filas de espera. Em rela\u00e7\u00e3o ao alojamento, o site da BOKU recomenda v\u00e1rias resid\u00eancias de estudantes (e.g. base19; home4students, OeAD, Wihast, etc.); eu fiquei numa resid\u00eancia da home4students. Relativamente a alimenta\u00e7\u00e3o, os pre\u00e7os s\u00e3o parecidos aos portugueses, exceto peixe e carne, que s\u00e3o mais caros; e peixe fresco s\u00f3 se encontra no mercado. Talvez onde tive mais dificuldade em adaptar-me foi o facto do supermercado e muitos restaurantes fecharem ao domingo e feriados (bem como em muitos outros pa\u00edses europeus para aqueles lados). Por falar em outros pa\u00edses, facilmente se visita pa\u00edses circundantes via FlixBus ou comboio; aproveitei para visitar outros locais dentro da \u00c1ustria, e tamb\u00e9m Eslov\u00e1quia e sul da Pol\u00f3nia, sempre de comboio.<\/p>\n<p style=\"text-align: justify;\">A experi\u00eancia Erasmus permitiu-me crescer a n\u00edvel pessoal e de carreira. Obrigou-me a sair da zona de conforto ao viver fora do meu pa\u00eds de origem, e ter de me adaptar a uma nova realidade. Trabalhar num grupo de investiga\u00e7\u00e3o com uma cultura diferente contribui n\u00e3o s\u00f3 para aumentar o meu networking na comunidade cient\u00edfica, mas tamb\u00e9m para partilhar pontos de vista distintos que beneficiaram a resolu\u00e7\u00e3o de problemas.<\/p>\n<p style=\"text-align: justify;\">Estou dispon\u00edvel para responder a qualquer d\u00favida\/quest\u00e3o que possa surgir acerca da minha experi\u00eancia Erasmus em BOKU (Viena). Bom Erasmus!!<\/p><\/div><div class=\"lsow-testimonial-user\"><div class=\"lsow-image-wrapper\"><img loading=\"lazy\" decoding=\"async\" width=\"150\" height=\"150\" src=\"https:\/\/i0.wp.com\/neb.ist.utl.pt\/~neb.daemon\/site\/wp-content\/uploads\/2021\/03\/FotoMargarida.jpg?resize=150%2C150&amp;ssl=1\" class=\"lsow-image full\" alt=\"\" data-attachment-id=\"23409\" data-permalink=\"https:\/\/neb.ist.utl.pt\/~neb.daemon\/site\/plataforma-erasmus\/fotomargarida\/\" data-orig-file=\"https:\/\/i0.wp.com\/neb.ist.utl.pt\/~neb.daemon\/site\/wp-content\/uploads\/2021\/03\/FotoMargarida.jpg?fit=268%2C334&amp;ssl=1\" data-orig-size=\"268,334\" data-comments-opened=\"1\" data-image-meta=\"{&quot;aperture&quot;:&quot;0&quot;,&quot;credit&quot;:&quot;&quot;,&quot;camera&quot;:&quot;&quot;,&quot;caption&quot;:&quot;&quot;,&quot;created_timestamp&quot;:&quot;1575901512&quot;,&quot;copyright&quot;:&quot;&quot;,&quot;focal_length&quot;:&quot;0&quot;,&quot;iso&quot;:&quot;0&quot;,&quot;shutter_speed&quot;:&quot;0&quot;,&quot;title&quot;:&quot;&quot;,&quot;orientation&quot;:&quot;1&quot;}\" data-image-title=\"FotoMargarida\" data-image-description=\"\" data-image-caption=\"\" data-medium-file=\"https:\/\/i0.wp.com\/neb.ist.utl.pt\/~neb.daemon\/site\/wp-content\/uploads\/2021\/03\/FotoMargarida.jpg?fit=241%2C300&amp;ssl=1\" data-large-file=\"https:\/\/i0.wp.com\/neb.ist.utl.pt\/~neb.daemon\/site\/wp-content\/uploads\/2021\/03\/FotoMargarida.jpg?fit=268%2C334&amp;ssl=1\" tabindex=\"0\" role=\"button\" \/><\/div><!-- .lsow-image-wrapper --><div class=\"lsow-text\"><h3 class=\"lsow-author-name\">Margarida Queluz<\/h3><div class=\"lsow-author-credentials\">2018\/2019<\/div><\/div><\/div><!-- .lsow-testimonial-user --><\/div><!-- .lsow-testimonial --><\/div><!-- .lsow-testimonial-wrapper.lsow-slide --><\/div><!-- .lsow-slides --><\/div><!-- .lsow-testimonials-slider --><\/div><\/div><\/div><\/div><\/div><\/div>\t\t\t\t\t\t<\/div>\n\t\t\t\t\t\t\t\t\t\t\t<div class=\"tab-pane  fade\" id=\"tab-rep\u00fablica-checa\" role=\"tabpanel\">\n\t\t\t\t\t\t\t<div id=\"pl-w668c25c29447b\"  class=\"panel-layout\" ><div id=\"pg-w668c25c29447b-0\"  class=\"panel-grid panel-has-style\" ><div style=\"padding: 100px 0; \" class=\"panel-row-style panel-row-style-for-w668c25c29447b-0\" ><div id=\"pgc-w668c25c29447b-0-0\"  class=\"panel-grid-cell\" ><div id=\"panel-w668c25c29447b-0-0-0\" class=\"so-panel widget widget_sow-editor panel-first-child\" data-index=\"0\" ><div\n\t\t\t\n\t\t\tclass=\"so-widget-sow-editor so-widget-sow-editor-base\"\n\t\t\t\n\t\t><h3 class=\"widget-title\">University of Chemistry and Technology Prague<\/h3>\n<div class=\"siteorigin-widget-tinymce textwidget\">\n\t<\/div>\n<\/div><\/div><div id=\"panel-w668c25c29447b-0-0-1\" class=\"so-panel widget widget_siteorigin-panels-builder\" data-index=\"1\" ><div id=\"pl-w6147b3da16427\"  class=\"panel-layout\" ><div id=\"pg-w6147b3da16427-0\"  class=\"panel-grid panel-has-style\" ><div style=\"padding: 100px 0; \" class=\"panel-row-style panel-row-style-for-w6147b3da16427-0\" ><div id=\"pgc-w6147b3da16427-0-0\"  class=\"panel-grid-cell\" ><div id=\"panel-w6147b3da16427-0-0-0\" class=\"so-panel widget widget_sow-image panel-first-child panel-last-child\" data-index=\"0\" ><div\n\t\t\t\n\t\t\tclass=\"so-widget-sow-image so-widget-sow-image-default-8b5b6f678277\"\n\t\t\t\n\t\t>\n\n<div class=\"sow-image-container\">\n\t\t<img loading=\"lazy\" decoding=\"async\" src=\"https:\/\/i0.wp.com\/neb.ist.utl.pt\/~neb.daemon\/site\/wp-content\/uploads\/2021\/09\/UCT-Prague-3.png?fit=555%2C387&amp;ssl=1\" width=\"555\" height=\"387\" srcset=\"https:\/\/i0.wp.com\/neb.ist.utl.pt\/~neb.daemon\/site\/wp-content\/uploads\/2021\/09\/UCT-Prague-3.png?w=555&amp;ssl=1 555w, https:\/\/i0.wp.com\/neb.ist.utl.pt\/~neb.daemon\/site\/wp-content\/uploads\/2021\/09\/UCT-Prague-3.png?resize=300%2C209&amp;ssl=1 300w, https:\/\/i0.wp.com\/neb.ist.utl.pt\/~neb.daemon\/site\/wp-content\/uploads\/2021\/09\/UCT-Prague-3.png?resize=480%2C335&amp;ssl=1 480w, https:\/\/i0.wp.com\/neb.ist.utl.pt\/~neb.daemon\/site\/wp-content\/uploads\/2021\/09\/UCT-Prague-3.png?resize=410%2C286&amp;ssl=1 410w, https:\/\/i0.wp.com\/neb.ist.utl.pt\/~neb.daemon\/site\/wp-content\/uploads\/2021\/09\/UCT-Prague-3.png?resize=100%2C70&amp;ssl=1 100w, https:\/\/i0.wp.com\/neb.ist.utl.pt\/~neb.daemon\/site\/wp-content\/uploads\/2021\/09\/UCT-Prague-3.png?resize=275%2C192&amp;ssl=1 275w\" title=\"UCT Prague\" alt=\"\" \t\tclass=\"so-widget-image\"\/>\n\t<\/div>\n\n<\/div><\/div><\/div><div id=\"pgc-w6147b3da16427-0-1\"  class=\"panel-grid-cell\" ><div id=\"panel-w6147b3da16427-0-1-0\" class=\"so-panel widget widget_sow-editor panel-first-child panel-last-child\" data-index=\"1\" ><div\n\t\t\t\n\t\t\tclass=\"so-widget-sow-editor so-widget-sow-editor-base\"\n\t\t\t\n\t\t>\n<div class=\"siteorigin-widget-tinymce textwidget\">\n\t<p style=\"text-align: justify;\">A Universidade de Qu\u00edmica e Tecnologia de Praga \u00e9 um centro natural de estudo e investiga\u00e7\u00e3o de excel\u00eancia na \u00e1rea de Qu\u00edmica na Rep\u00fablica Checa e \u00e9 uma das institui\u00e7\u00f5es nacionais de ensino e investiga\u00e7\u00e3o com maior dimens\u00e3o, focando-se nas \u00e1reas da qu\u00edmica t\u00e9cnica, tecnologia qu\u00edmica e bioqu\u00edmica, engenharia material e qu\u00edmica, qu\u00edmica alimentar e estudos ambientais.<\/p>\n<\/div>\n<\/div><\/div><\/div><\/div><\/div><\/div><\/div><div id=\"panel-w668c25c29447b-0-0-2\" class=\"so-panel widget widget_lsow-testimonials-slider panel-last-child\" data-index=\"2\" ><div\n\t\t\t\n\t\t\tclass=\"so-widget-lsow-testimonials-slider so-widget-lsow-testimonials-slider-default-d75171398898-16490\"\n\t\t\t\n\t\t>\n<div class=\"lsow-testimonials-slider lsow-flexslider lsow-container\" data-settings='{\"slide_animation\":\"fade\",\"direction\":\"horizontal\",\"slideshow_speed\":5000,\"animation_speed\":600,\"control_nav\":\"\",\"direction_nav\":\"on\",\"pause_on_hover\":\"on\",\"pause_on_action\":\"on\"}'><div class=\"lsow-slides\"><div class=\"lsow-slide lsow-testimonial-wrapper\"><div class=\"lsow-testimonial\"><div class=\"lsow-testimonial-text\"><i class=\"lsow-icon-quote\"><\/i><p style=\"text-align: justify;\">Iniciei a minha experi\u00eancia de Erasmus em Praga em Fevereiro de 2019. Mais precisamente, no segundo semestre do quinto ano do mestrado integrado, ou seja, no \u00e2mbito da tese final de mestrado.<\/p>\n<p style=\"text-align: justify;\">Realizei o meu estudo na Universidade de Qu\u00edmica e Tecnologia, num departamento exclusivo \u00e0 an\u00e1lise qu\u00edmica de cerveja e dedicado a estudos de diversos processos\/fen\u00f3menos aplicados a este produto, em colabora\u00e7\u00e3o com a Micro-Cervejaria de Brevnov, onde obtive v\u00e1rios conhecimentos acerca de t\u00e9cnicas realizadas no meio de fabrico a larga escala.<\/p>\n<p style=\"text-align: justify;\">A melhor parte da experi\u00eancia foi o contacto com in\u00fameras pessoas de idade pr\u00f3xima e de outras origens, com diferentes, vis\u00f5es, h\u00e1bitos e perspetivas, mas todos com um esp\u00edrito comum. O de conhecer pessoas novas, interligar culturas, abertura ao conhecimento, gosto pelo conv\u00edvio e claro\u2026 festa a toda a hora! A hip\u00e9rbole n\u00e3o \u00e9 assim t\u00e3o exagerada, havia eventos e festas agendadas 5 dias por semana e os planos eram infind\u00e1veis. A oferta era imensa para os gostos mais variados, quer de espa\u00e7o quer de m\u00fasica, pelo qua as op\u00e7\u00f5es de escolha eram significativas.<\/p>\n<p style=\"text-align: justify;\">A cidade est\u00e1 muito virada para o turismo e muito bem preparada para receber estudantes de Erasmus ou estagi\u00e1rios estrangeiros. H\u00e1 variadas op\u00e7\u00f5es de alojamentos, desde dormit\u00f3rios, a hostels, a apartamentos partilhados. Ag\u00eancias exclusivamente designadas para receber estudantes e alocar-lhes alojamento. Ag\u00eancias promotoras de eventos fant\u00e1sticos e muito diversificados para universit\u00e1rios, sempre a promoverem o conv\u00edvio e o esp\u00edrito de uni\u00e3o. Senti que, embora tivesse ido para l\u00e1 por conta pr\u00f3pria, nunca estive um momento sozinho naquela cidade e tinha sempre com quem contar, em qualquer situa\u00e7\u00e3o.<\/p>\n<p style=\"text-align: justify;\">J\u00e1 na micro-cervejaria na qual estagiei, a integra\u00e7\u00e3o foi bastante mais f\u00e1cil. Os colaboradores tinham uma idade mais pr\u00f3xima da minha e partilh\u00e1vamos a mesma paix\u00e3o pela cerveja, pelo que tivemos conversas infind\u00e1veis sobre todos os tipos e m\u00e9todos de produ\u00e7\u00e3o envolvidos, enquanto\u2026 beb\u00edamos uns belos canecos! Foram sempre impec\u00e1veis para comigo l\u00e1, facilitaram-me imenso o trabalho e\nproporcionaram-me belos momentos de lazer e aprendizagem.<\/p>\n<p style=\"text-align: justify;\">Para quem, \u00e0 minha imagem tenha o privil\u00e9gio de realizar o seu Erasmus em Praga, os Beer Meetings \u00e0s quartas-feiras s\u00e3o indispens\u00e1veis para conhecer novas e conhecer s\u00edtios\/bares fant\u00e1sticos espalhados por toda a cidade, os eventos \u00e0s\nsegundas-feiras do Mondays Like Fridays e do Oh My Mondays! dever\u00e3o tornar-se religi\u00e3o, o Kozlovna e o U Magistra Kelly s\u00e3o os meus restaurantes de elei\u00e7\u00e3o, a Pilsner Urquell \u00e9 a melhor cerveja, mais cara tamb\u00e9m, pelo que \u00e9 aconselh\u00e1vel ter sempre umas Krusovice ou Gambrinus no frigor\u00edfico, bem como umas Kozel pretas e uma garrafa de Becherovka. O meu bar predileto, assim como o de muitas pessoas de Erasmus \u00e9 o Popocaf\u00e9 Michalsk\u00e1, caso forem l\u00e1 e encontrarem um bartender chamado Matej digam que s\u00e3o meus conhecidos\u2026 S\u00e3o capazes de ter umas bebidas de borla, amigo para a vida. Assim que chegarem os meses de sol, desfrutem dos belos espa\u00e7os e esplanadas do L\u00e9tna Park, incluindo o m\u00edtico Beergarden, e do lago em Divoka S\u00e1rka.<\/p>\n<p style=\"text-align: justify;\">A cidade tem um grande programa cultural envolvente. Aconselho visitas ao Castelo de Praga\/Catedral de S\u00e3o Vito e patrim\u00f3nios acess\u00f3rios, a visitarem o imenso Museu Nacional que concentra toda a hist\u00f3ria da Rep\u00fablica Checa numa das Pra\u00e7as mais emblem\u00e1ticas da capital, bem como ao lind\u00edssimo Teatro Nacional (se poss\u00edvel assistir a uma \u00f3pera). Adiciono igualmente \u00e0 minha lista de recomenda\u00e7\u00f5es uma visita \u00e0 sala de espet\u00e1culos do Rudolfinum, ao castelo de Vysehrad, uma subida a Petrin para uma vista panor\u00e2mica da cidade, para al\u00e9m de passeios noturnos sobre a c\u00e9lebre Ponte Carlos e uma fotografia no m\u00edtico muro do John Lennon. Para visitas di\u00e1rias ou fins-de-semana fora da cidade, recomendo uma ida a Karlovy Vary, Cesky Krumlov (Patrim\u00f3nio UNESCO) e uma visita \u00e0s f\u00e1bricas de cerveja de Plzen. A localiza\u00e7\u00e3o geogr\u00e1fica de Praga, permite ainda chegar rapidamente a cidades como Dresden (lind\u00edssima), Berlim, Budapeste, Viena, Salzburgo, Bratislava, Wroclaw e Vars\u00f3via, entre outras que merecem uma visita.<\/p>\n<p style=\"text-align: justify;\">Um dos pontos mais fortes da cidade \u00e9 a sua fi\u00e1vel rede de transportes, que ao contr\u00e1rio de Lisboa funciona na perfei\u00e7\u00e3o durante 24h. Metro, autocarros, comboios de superf\u00edcie (com turnos noturnos) permitem chegar a qualquer ponto da cidade em muito pouco tempo, por isso n\u00e3o se preocupem caso fiquem alojados num apartamento ou dormit\u00f3rio um pouco afastado do centro da cidade. A essas op\u00e7\u00f5es ainda se acrescem os meios de transporte privados que s\u00e3o bastante acess\u00edveis monetariamente.<\/p>\n<p style=\"text-align: justify;\">O melhor supermercado \u00e9 o Albert e os in\u00fameros Potraviny espalhados s\u00e3o bastante \u00fateis para compras r\u00e1pidas de bens alimentares e bebidas e, regra geral, ficam abertos at\u00e9 perto da meia-noite. O Caf\u00e9 Louvre tem dos melhores bolos de chocolate que existe e \u00e9 tamb\u00e9m aconselh\u00e1vel para quem quer ter uma tarde de snooker\/pool. Para trocar dinheiro, existe um estabelecimento em frente ao KFC situado numa rua perpendicular \u00e0 Old Town Square com uma excelente taxa de c\u00e2mbio de euros para coroas checas. Durante os 6 meses que l\u00e1 estive n\u00e3o aprendi mais do que 20 palavras em checo. N\u00e3o \u00e9 vivamente necess\u00e1rio o dom\u00ednio da l\u00edngua.<\/p>\n<p style=\"text-align: justify;\">Aqui fica a partilha da minha experi\u00eancia, espero que encontrem utilidade no meio de tantas palavras que comp\u00f5e este guia b\u00edblico sobre Praga. Se tiverem a oportunidade ir para l\u00e1 n\u00e3o hesitem, por certo n\u00e3o se arrepender\u00e3o e ir\u00e3o encontrar muitos dos locais acima mencionados. Desejo-vos boa sorte! Por agora \u00e9 hora de colocar um ponto final tanto no texto como na nostalgia provocada por escrev\u00ea-lo.<\/p><\/div><div class=\"lsow-testimonial-user\"><div class=\"lsow-image-wrapper\"><img loading=\"lazy\" decoding=\"async\" width=\"150\" height=\"150\" src=\"https:\/\/i0.wp.com\/neb.ist.utl.pt\/~neb.daemon\/site\/wp-content\/uploads\/2021\/09\/bernardo-saraiva.jpeg?resize=150%2C150&amp;ssl=1\" class=\"lsow-image full\" alt=\"\" srcset=\"https:\/\/i0.wp.com\/neb.ist.utl.pt\/~neb.daemon\/site\/wp-content\/uploads\/2021\/09\/bernardo-saraiva.jpeg?resize=150%2C150&amp;ssl=1 150w, https:\/\/i0.wp.com\/neb.ist.utl.pt\/~neb.daemon\/site\/wp-content\/uploads\/2021\/09\/bernardo-saraiva.jpeg?zoom=2&amp;resize=150%2C150&amp;ssl=1 300w, https:\/\/i0.wp.com\/neb.ist.utl.pt\/~neb.daemon\/site\/wp-content\/uploads\/2021\/09\/bernardo-saraiva.jpeg?zoom=3&amp;resize=150%2C150&amp;ssl=1 450w\" sizes=\"(max-width: 150px) 100vw, 150px\" data-attachment-id=\"23888\" data-permalink=\"https:\/\/neb.ist.utl.pt\/~neb.daemon\/site\/bernardo-saraiva\/\" data-orig-file=\"https:\/\/i0.wp.com\/neb.ist.utl.pt\/~neb.daemon\/site\/wp-content\/uploads\/2021\/09\/bernardo-saraiva.jpeg?fit=513%2C576&amp;ssl=1\" data-orig-size=\"513,576\" data-comments-opened=\"1\" data-image-meta=\"{&quot;aperture&quot;:&quot;0&quot;,&quot;credit&quot;:&quot;&quot;,&quot;camera&quot;:&quot;&quot;,&quot;caption&quot;:&quot;&quot;,&quot;created_timestamp&quot;:&quot;0&quot;,&quot;copyright&quot;:&quot;&quot;,&quot;focal_length&quot;:&quot;0&quot;,&quot;iso&quot;:&quot;0&quot;,&quot;shutter_speed&quot;:&quot;0&quot;,&quot;title&quot;:&quot;&quot;,&quot;orientation&quot;:&quot;0&quot;}\" data-image-title=\"bernardo saraiva\" data-image-description=\"\" data-image-caption=\"\" data-medium-file=\"https:\/\/i0.wp.com\/neb.ist.utl.pt\/~neb.daemon\/site\/wp-content\/uploads\/2021\/09\/bernardo-saraiva.jpeg?fit=267%2C300&amp;ssl=1\" data-large-file=\"https:\/\/i0.wp.com\/neb.ist.utl.pt\/~neb.daemon\/site\/wp-content\/uploads\/2021\/09\/bernardo-saraiva.jpeg?fit=513%2C576&amp;ssl=1\" tabindex=\"0\" role=\"button\" \/><\/div><!-- .lsow-image-wrapper --><div class=\"lsow-text\"><h3 class=\"lsow-author-name\">Bernardo Saraiva<\/h3><div class=\"lsow-author-credentials\">2019\/2020<\/div><\/div><\/div><!-- .lsow-testimonial-user --><\/div><!-- .lsow-testimonial --><\/div><!-- .lsow-testimonial-wrapper.lsow-slide --><\/div><!-- .lsow-slides --><\/div><!-- .lsow-testimonials-slider --><\/div><\/div><\/div><\/div><\/div><\/div>\t\t\t\t\t\t<\/div>\n\t\t\t\t\t\t\t\t\t\t\t<div class=\"tab-pane  fade\" id=\"tab-outras\" role=\"tabpanel\">\n\t\t\t\t\t\t\t<div id=\"pl-w668c25c29447f\"  class=\"panel-layout\" ><div id=\"pg-w668c25c29447f-0\"  class=\"panel-grid panel-has-style\" ><div class=\"siteorigin-panels-stretch perth-stretch panel-row-style panel-row-style-for-w668c25c29447f-0\" style=\"background-color: #ffffff;color: #000000;padding: 25px 0; \" data-stretch-type=\"full\" data-hascolor=\"hascolor\" ><div id=\"pgc-w668c25c29447f-0-0\"  class=\"panel-grid-cell panel-grid-cell-empty\" ><\/div><\/div><\/div><div id=\"pg-w668c25c29447f-1\"  class=\"panel-grid panel-has-style\" ><div class=\"siteorigin-panels-stretch perth-stretch panel-row-style panel-row-style-for-w668c25c29447f-1\" style=\"padding: 0px 0; \" data-stretch-type=\"full\" ><div id=\"pgc-w668c25c29447f-1-0\"  class=\"panel-grid-cell\" ><div id=\"panel-w668c25c29447f-1-0-0\" class=\"so-panel widget widget_sow-editor panel-first-child panel-last-child\" data-index=\"0\" ><div class=\"panel-widget-style panel-widget-style-for-w668c25c29447f-1-0-0\" ><div\n\t\t\t\n\t\t\tclass=\"so-widget-sow-editor so-widget-sow-editor-base\"\n\t\t\t\n\t\t><h3 class=\"widget-title\">Universidade de Buenos Aires - Argentina<\/h3>\n<div class=\"siteorigin-widget-tinymce textwidget\">\n\t<\/div>\n<\/div><\/div><\/div><\/div><\/div><\/div><div id=\"pg-w668c25c29447f-2\"  class=\"panel-grid panel-has-style\" ><div class=\"siteorigin-panels-stretch perth-stretch panel-row-style panel-row-style-for-w668c25c29447f-2\" style=\"padding: 0px 0; \" data-stretch-type=\"full\" ><div id=\"pgc-w668c25c29447f-2-0\"  class=\"panel-grid-cell\" ><div id=\"panel-w668c25c29447f-2-0-0\" class=\"so-panel widget widget_lsow-testimonials-slider panel-first-child panel-last-child\" data-index=\"1\" ><div\n\t\t\t\n\t\t\tclass=\"so-widget-lsow-testimonials-slider so-widget-lsow-testimonials-slider-default-d75171398898-16490\"\n\t\t\t\n\t\t>\n<div class=\"lsow-testimonials-slider lsow-flexslider lsow-container\" data-settings='{\"slide_animation\":\"fade\",\"direction\":\"horizontal\",\"slideshow_speed\":5000,\"animation_speed\":600,\"control_nav\":\"\",\"direction_nav\":\"on\",\"pause_on_hover\":\"on\",\"pause_on_action\":\"on\"}'><div class=\"lsow-slides\"><div class=\"lsow-slide lsow-testimonial-wrapper\"><div class=\"lsow-testimonial\"><div class=\"lsow-testimonial-text\"><i class=\"lsow-icon-quote\"><\/i><p style=\"text-align: justify;\">Foi em Fevereiro de 2022 que fui para Buenos Aires escrever a minha disserta\u00e7\u00e3o de mestrado. Estive durante 10 meses a trabalhar no Laborat\u00f3rio de Neuroci\u00eancia da Universidade de Buenos Aires, integrada numa equipa diversa e multicultural. O meu projeto consistia no estudo da acumula\u00e7\u00e3o de um glicol\u00edpido numa doen\u00e7a neurodegenerativa especifica.<\/p>\n<p style=\"text-align: justify;\">A minha experi\u00eancia a viver na Argentina foi a melhor at\u00e9 hoje na minha vida; em primeiro lugar, desde pequena que sou apaixonada pela cultura latina, e, ver o meu sonho de ir viver para Buenos Aires cumprido foi das maiores conquistas na minha vida.<\/p>\n<p style=\"text-align: justify;\">O contraste socio-cultural fez-me ter de adaptar \u00e0s mais diversas circunst\u00e2ncias, formas de viver, de pensar, costumes e h\u00e1bitos distintos. Descobri em mim o lado mais humano, o lado mais carism\u00e1tico, soci\u00e1vel, e feliz. A necessidade de enfrentar diferentes obst\u00e1culos, de perceber o que \u00e9 viver noutras condi\u00e7\u00f5es, lidar com outros problemas, faz qualquer pessoa crescer, desenvolver-se enquanto cidad\u00e3o. Para mim, foi pilar e for\u00e7a motriz no meu crescimento enquanto aluna, pessoa e mulher.<\/p>\n<p style=\"text-align: justify;\">A Argentina \u00e9 um pa\u00eds incr\u00edvel, dotado de paisagens fenomenais, gastronomia saborosa, espa\u00e7os culturais imensos, e, acima de tudo, boas pessoas.<\/p>\n<p style=\"text-align: justify;\">\u00c9 sem d\u00favida um destino que recomendo. A educa\u00e7\u00e3o, embora podendo ser em condi\u00e7\u00f5es distintas das europeias, \u00e9 de alto n\u00edvel, e exige ao aluno uma capacidade de organiza\u00e7\u00e3o e disciplina que ainda hoje prezo ter ganho.<\/p><\/div><div class=\"lsow-testimonial-user\"><div class=\"lsow-image-wrapper\"><img loading=\"lazy\" decoding=\"async\" width=\"150\" height=\"150\" src=\"https:\/\/i0.wp.com\/neb.ist.utl.pt\/~neb.daemon\/site\/wp-content\/uploads\/2023\/05\/33400e4c-9009-4fe7-8da7-53e5454a7958.jpg?resize=150%2C150&amp;ssl=1\" class=\"lsow-image full\" alt=\"\" srcset=\"https:\/\/i0.wp.com\/neb.ist.utl.pt\/~neb.daemon\/site\/wp-content\/uploads\/2023\/05\/33400e4c-9009-4fe7-8da7-53e5454a7958.jpg?resize=150%2C150&amp;ssl=1 150w, https:\/\/i0.wp.com\/neb.ist.utl.pt\/~neb.daemon\/site\/wp-content\/uploads\/2023\/05\/33400e4c-9009-4fe7-8da7-53e5454a7958.jpg?zoom=2&amp;resize=150%2C150&amp;ssl=1 300w, https:\/\/i0.wp.com\/neb.ist.utl.pt\/~neb.daemon\/site\/wp-content\/uploads\/2023\/05\/33400e4c-9009-4fe7-8da7-53e5454a7958.jpg?zoom=3&amp;resize=150%2C150&amp;ssl=1 450w\" sizes=\"(max-width: 150px) 100vw, 150px\" data-attachment-id=\"27666\" data-permalink=\"https:\/\/neb.ist.utl.pt\/~neb.daemon\/site\/plataforma-erasmus\/33400e4c-9009-4fe7-8da7-53e5454a7958\/\" data-orig-file=\"https:\/\/i0.wp.com\/neb.ist.utl.pt\/~neb.daemon\/site\/wp-content\/uploads\/2023\/05\/33400e4c-9009-4fe7-8da7-53e5454a7958.jpg?fit=1536%2C2048&amp;ssl=1\" data-orig-size=\"1536,2048\" data-comments-opened=\"1\" data-image-meta=\"{&quot;aperture&quot;:&quot;0&quot;,&quot;credit&quot;:&quot;&quot;,&quot;camera&quot;:&quot;&quot;,&quot;caption&quot;:&quot;&quot;,&quot;created_timestamp&quot;:&quot;0&quot;,&quot;copyright&quot;:&quot;&quot;,&quot;focal_length&quot;:&quot;0&quot;,&quot;iso&quot;:&quot;0&quot;,&quot;shutter_speed&quot;:&quot;0&quot;,&quot;title&quot;:&quot;&quot;,&quot;orientation&quot;:&quot;0&quot;}\" data-image-title=\"33400e4c-9009-4fe7-8da7-53e5454a7958\" data-image-description=\"\" data-image-caption=\"\" data-medium-file=\"https:\/\/i0.wp.com\/neb.ist.utl.pt\/~neb.daemon\/site\/wp-content\/uploads\/2023\/05\/33400e4c-9009-4fe7-8da7-53e5454a7958.jpg?fit=225%2C300&amp;ssl=1\" data-large-file=\"https:\/\/i0.wp.com\/neb.ist.utl.pt\/~neb.daemon\/site\/wp-content\/uploads\/2023\/05\/33400e4c-9009-4fe7-8da7-53e5454a7958.jpg?fit=768%2C1024&amp;ssl=1\" tabindex=\"0\" role=\"button\" \/><\/div><!-- .lsow-image-wrapper --><div class=\"lsow-text\"><h3 class=\"lsow-author-name\">Teresa Santos<\/h3><div class=\"lsow-author-credentials\">Interc\u00e2mbio 2022<\/div><\/div><\/div><!-- .lsow-testimonial-user --><\/div><!-- .lsow-testimonial --><\/div><!-- .lsow-testimonial-wrapper.lsow-slide --><\/div><!-- .lsow-slides --><\/div><!-- .lsow-testimonials-slider --><\/div><\/div><\/div><\/div><\/div><div id=\"pg-w668c25c29447f-3\"  class=\"panel-grid panel-has-style\" ><div class=\"siteorigin-panels-stretch perth-stretch panel-row-style panel-row-style-for-w668c25c29447f-3\" style=\"background-color: #ffffff;color: #000000;padding: 25px 0; \" data-stretch-type=\"full\" data-hascolor=\"hascolor\" ><div id=\"pgc-w668c25c29447f-3-0\"  class=\"panel-grid-cell panel-grid-cell-empty\" ><\/div><\/div><\/div><div id=\"pg-w668c25c29447f-4\"  class=\"panel-grid panel-has-style\" ><div class=\"siteorigin-panels-stretch perth-stretch panel-row-style panel-row-style-for-w668c25c29447f-4\" style=\"background-color: #ffffff;color: #000000;padding: 25px 0; \" data-stretch-type=\"full\" data-hascolor=\"hascolor\" ><div id=\"pgc-w668c25c29447f-4-0\"  class=\"panel-grid-cell panel-grid-cell-empty\" ><\/div><\/div><\/div><div id=\"pg-w668c25c29447f-5\"  class=\"panel-grid panel-has-style\" ><div class=\"siteorigin-panels-stretch perth-stretch panel-row-style panel-row-style-for-w668c25c29447f-5\" style=\"padding: 0px 0; \" data-stretch-type=\"full\" ><div id=\"pgc-w668c25c29447f-5-0\"  class=\"panel-grid-cell\" ><div id=\"panel-w668c25c29447f-5-0-0\" class=\"so-panel widget widget_sow-editor panel-first-child panel-last-child\" data-index=\"2\" ><div class=\"panel-widget-style panel-widget-style-for-w668c25c29447f-5-0-0\" ><div\n\t\t\t\n\t\t\tclass=\"so-widget-sow-editor so-widget-sow-editor-base\"\n\t\t\t\n\t\t><h3 class=\"widget-title\">Instituto Tecnol\u00f3gico de Buenos Aires - Argentina<\/h3>\n<div class=\"siteorigin-widget-tinymce textwidget\">\n\t<\/div>\n<\/div><\/div><\/div><\/div><\/div><\/div><div id=\"pg-w668c25c29447f-6\"  class=\"panel-grid panel-has-style\" ><div class=\"siteorigin-panels-stretch perth-stretch panel-row-style panel-row-style-for-w668c25c29447f-6\" style=\"padding: 0px 0; \" data-stretch-type=\"full\" ><div id=\"pgc-w668c25c29447f-6-0\"  class=\"panel-grid-cell\" ><div id=\"panel-w668c25c29447f-6-0-0\" class=\"so-panel widget widget_lsow-testimonials-slider panel-first-child panel-last-child\" data-index=\"3\" ><div\n\t\t\t\n\t\t\tclass=\"so-widget-lsow-testimonials-slider so-widget-lsow-testimonials-slider-default-d75171398898-16490\"\n\t\t\t\n\t\t>\n<div class=\"lsow-testimonials-slider lsow-flexslider lsow-container\" data-settings='{\"slide_animation\":\"fade\",\"direction\":\"horizontal\",\"slideshow_speed\":5000,\"animation_speed\":600,\"control_nav\":\"\",\"direction_nav\":\"on\",\"pause_on_hover\":\"on\",\"pause_on_action\":\"on\"}'><div class=\"lsow-slides\"><div class=\"lsow-slide lsow-testimonial-wrapper\"><div class=\"lsow-testimonial\"><div class=\"lsow-testimonial-text\"><i class=\"lsow-icon-quote\"><\/i><p style=\"text-align: justify;\">Fiz interc\u00e2mbio no primeiro semestre de 2019\/20 e decidi ir para a Argentina pois queria algo fora da Europa, um choque cultural um pouco mais forte e a Am\u00e9rica latina em especial sempre me atraiu. O interc\u00e2mbio foi feito no \u00e2mbito do programa SMILE onde um aluno de cada curso ganhava uma bolsa Santander de cerca de 2 300\u20ac. O semestre come\u00e7ou no in\u00edcio de Agosto e terminou no in\u00edcio de Dezembro. Antes de ir aconselharam-me a n\u00e3o fazer contrato de arrendamento de habita\u00e7\u00e3o antes de l\u00e1 chegar pois poderia parecer uma coisa nas fotos e depois na realidade ser numa zona pouco aconselh\u00e1vel ou desiludir de outra forma. Aconselho a ficar num Airbnb nas primeiras semanas e nunca marcar casa sem ir visitar primeiro. N\u00e3o existem resid\u00eancias de Estudantes e todos os estudantes dividem casas, os pre\u00e7os s\u00e3o similares aos de Lisboa. Aconselho tamb\u00e9m a a fazer o cart\u00e3o internacional do Santander que permite levantar dinheiro sem taxas em qualquer balc\u00e3o Santander. Buenos Aires \u00e9 uma cidade com cerca de 20 M de habitantes e \u00e9 uma energia completamente diferente do que estamos habituados em Portugal sempre a fervilhar de eventos, festas e pessoas de todos os tipos! A rede de transportes p\u00fablicos funciona muito bem, t\u00eam um cart\u00e3o chamado SUBE que funciona no metro, autocarros e at\u00e9 alguns comboios que funciona apenas com zapping, n\u00e3o existem passes, cada viagem custa cerca de 30 c\u00eantimos. A universidade, o ITBA, \u00e9 privada e funciona com uma din\u00e2mica muito pr\u00f3xima entre professores e alunos. Cada aula tem cerca de 30 alunos e h\u00e1 muita comunica\u00e7\u00e3o entre todos (principalmente sempre a partilharem mate), sempre em Castelhano. A faculdade \u00e9 na zona de Puerto Madero (mais moderna e desenvolvida de Bs As), perto do rio e de uma reserva natural onde podemos ir passear. O ITBA tem tamb\u00e9m um roof top com uma mesa de ping pong para podermos apreciar a vista.<\/p>\n<p style=\"text-align: justify;\">Fiz 4 cadeiras, Organizaci\u00f3n Estrat\u00e9gica = GPO, Gesti\u00f3n Ambiental = TA, Comunicaci\u00f3n Estrat\u00e9gica = Op\u00e7\u00e3o II e Teoria de la Decisi\u00f3n = Op\u00e7\u00e3o III, Tinha aulas apenas dois dias por semana de tarde. Quando voltei em Janeiro ainda tive oportunidade de fazer EBI por exame mas decidi n\u00e3o o fazer por op\u00e7\u00e3o. Quanto \u00e0 avalia\u00e7\u00e3o, os professores s\u00e3o bastante exigentes porque a faculdade tem fama de ser de excel\u00eancia e das melhores da Am\u00e9rica do Sul, ainda assim consegui ter uma m\u00e9dia de 15 valores nas quatro cadeiras que fiz.<\/p>\n<p style=\"text-align: justify;\">Outra faceta bastante positiva sobre viver em Bs As \u00e9 que as sa\u00eddas nos bares, as refei\u00e7\u00f5es nos restaurantes e os t\u00e1xis\/ubers s\u00e3o substancialmente mais baratos, nota para o Glovo que permite comer por 2,5\u20ac e para os bares secretos tem\u00e1ticos que existem pela cidade que podemos descobrir um por um com noites inesquec\u00edveis. De resto o custo de vida \u00e9 muito semelhante com o de Portugal sendo que os supermercados s\u00e3o ligeiramente mais caros, principalmente no peixe que \u00e9 quase inexistente. Por oposi\u00e7\u00e3o, a carne \u00e9 super barata e, obviamente, de \u00f3tima qualidade.<\/p>\n<p style=\"text-align: justify;\">A moeda \u00e9 o peso Argentino e quando l\u00e1 estive, a Argentina passava uma fase de crise que tinha como consequ\u00eancia uma infla\u00e7\u00e3o elevad\u00edssima. Quando cheguei, em julho, o\u00a0 c\u00e2mbio estava a 1\u20ac=47$ e em outubro chegou a 1\u20ac=65$. Viver com esta infla\u00e7\u00e3o foi um desafio que mostra a forma de os Argentinos viverem, cada dia de cada vez.<\/p>\n<p style=\"text-align: justify;\">Apesar de ser uma megacidade na Am\u00e9rica do Sul, \u00e9 bastante seguro, nos bairros certos (principalmente Palermo e Recoleta), mas \u00e9 sempre necess\u00e1rio ter algum cuidado extra, principalmente perto das estradas onde passam as motas, nos bares e nos transportes p\u00fablicos. O tr\u00e2nsito \u00e9 super ca\u00f3tico (100% dos argentinos chumbavam no c\u00f3digo) e os carros NUNCA param nas passadeiras. Todas as pessoas se cumprimentam com um beijinho, at\u00e9 entre homens (pr\u00e9 covid, obviamente...). O clima \u00e9 semelhante ao de Lisboa apenas mais h\u00famido e com mais chuva no ver\u00e3o. Os argentinos t\u00eam uma cultura muito semelhante \u00e0 nossa, talvez com uma personalidade um pouco mais aberta! Fiz grandes amigos durante o semestre, tanto de l\u00e1 como de muitas outras nacionalidades. Viajei bastante pela Argentina e posso dizer que \u00e9 um pa\u00eds diverso com as mais lindas paisagens que j\u00e1 vi, desde a maravilha do mundo que \u00e9 a Foz do Igua\u00e7\u00fa ao Norte, passando pelas pampas e terminando na maravilhosa Patag\u00f3nia ao Sul. No fim do semestre \u00e9 comum fazer-se tamb\u00e9m um mochil\u00e3o pelos restantes pa\u00edses da Am\u00e9rica do Sul que, apesar de n\u00e3o ter feito, garanto que \u00e9 uma experi\u00eancia que marca a vida de qualquer pessoa. Gracias e qualquer d\u00favida ou dica extra que precisem, podem perguntar! (:<\/p><\/div><div class=\"lsow-testimonial-user\"><div class=\"lsow-image-wrapper\"><img loading=\"lazy\" decoding=\"async\" width=\"150\" height=\"150\" src=\"https:\/\/i0.wp.com\/neb.ist.utl.pt\/~neb.daemon\/site\/wp-content\/uploads\/2021\/02\/Jose-Pedro-Fragoso.jpg?resize=150%2C150&amp;ssl=1\" class=\"lsow-image full\" alt=\"\" srcset=\"https:\/\/i0.wp.com\/neb.ist.utl.pt\/~neb.daemon\/site\/wp-content\/uploads\/2021\/02\/Jose-Pedro-Fragoso.jpg?resize=150%2C150&amp;ssl=1 150w, https:\/\/i0.wp.com\/neb.ist.utl.pt\/~neb.daemon\/site\/wp-content\/uploads\/2021\/02\/Jose-Pedro-Fragoso.jpg?zoom=2&amp;resize=150%2C150&amp;ssl=1 300w, https:\/\/i0.wp.com\/neb.ist.utl.pt\/~neb.daemon\/site\/wp-content\/uploads\/2021\/02\/Jose-Pedro-Fragoso.jpg?zoom=3&amp;resize=150%2C150&amp;ssl=1 450w\" sizes=\"(max-width: 150px) 100vw, 150px\" data-attachment-id=\"22880\" data-permalink=\"https:\/\/neb.ist.utl.pt\/~neb.daemon\/site\/plataforma-erasmus\/jose-pedro-fragoso\/\" data-orig-file=\"https:\/\/i0.wp.com\/neb.ist.utl.pt\/~neb.daemon\/site\/wp-content\/uploads\/2021\/02\/Jose-Pedro-Fragoso.jpg?fit=750%2C763&amp;ssl=1\" data-orig-size=\"750,763\" data-comments-opened=\"1\" data-image-meta=\"{&quot;aperture&quot;:&quot;0&quot;,&quot;credit&quot;:&quot;&quot;,&quot;camera&quot;:&quot;&quot;,&quot;caption&quot;:&quot;&quot;,&quot;created_timestamp&quot;:&quot;0&quot;,&quot;copyright&quot;:&quot;&quot;,&quot;focal_length&quot;:&quot;0&quot;,&quot;iso&quot;:&quot;0&quot;,&quot;shutter_speed&quot;:&quot;0&quot;,&quot;title&quot;:&quot;&quot;,&quot;orientation&quot;:&quot;0&quot;}\" data-image-title=\"Jos\u00e9 Pedro Fragoso\" data-image-description=\"\" data-image-caption=\"\" data-medium-file=\"https:\/\/i0.wp.com\/neb.ist.utl.pt\/~neb.daemon\/site\/wp-content\/uploads\/2021\/02\/Jose-Pedro-Fragoso.jpg?fit=295%2C300&amp;ssl=1\" data-large-file=\"https:\/\/i0.wp.com\/neb.ist.utl.pt\/~neb.daemon\/site\/wp-content\/uploads\/2021\/02\/Jose-Pedro-Fragoso.jpg?fit=750%2C763&amp;ssl=1\" tabindex=\"0\" role=\"button\" \/><\/div><!-- .lsow-image-wrapper --><div class=\"lsow-text\"><h3 class=\"lsow-author-name\">Jos\u00e9 Pedro Fragoso <\/h3><div class=\"lsow-author-credentials\">2019\/2020<\/div><\/div><\/div><!-- .lsow-testimonial-user --><\/div><!-- .lsow-testimonial --><\/div><!-- .lsow-testimonial-wrapper.lsow-slide --><\/div><!-- .lsow-slides --><\/div><!-- .lsow-testimonials-slider --><\/div><\/div><\/div><\/div><\/div><div id=\"pg-w668c25c29447f-7\"  class=\"panel-grid panel-has-style\" ><div class=\"siteorigin-panels-stretch perth-stretch panel-row-style panel-row-style-for-w668c25c29447f-7\" style=\"background-color: #ffffff;color: #000000;padding: 25px 0; \" data-stretch-type=\"full\" data-hascolor=\"hascolor\" ><div id=\"pgc-w668c25c29447f-7-0\"  class=\"panel-grid-cell panel-grid-cell-empty\" ><\/div><\/div><\/div><div id=\"pg-w668c25c29447f-8\"  class=\"panel-grid panel-has-style\" ><div class=\"siteorigin-panels-stretch perth-stretch panel-row-style panel-row-style-for-w668c25c29447f-8\" style=\"background-color: #ffffff;color: #000000;padding: 25px 0; \" data-stretch-type=\"full\" data-hascolor=\"hascolor\" ><div id=\"pgc-w668c25c29447f-8-0\"  class=\"panel-grid-cell panel-grid-cell-empty\" ><\/div><\/div><\/div><div id=\"pg-w668c25c29447f-9\"  class=\"panel-grid panel-has-style\" ><div class=\"siteorigin-panels-stretch perth-stretch panel-row-style panel-row-style-for-w668c25c29447f-9\" style=\"padding: 0px 0; \" data-stretch-type=\"full\" ><div id=\"pgc-w668c25c29447f-9-0\"  class=\"panel-grid-cell\" ><div id=\"panel-w668c25c29447f-9-0-0\" class=\"so-panel widget widget_sow-editor panel-first-child panel-last-child\" data-index=\"4\" ><div class=\"panel-widget-style panel-widget-style-for-w668c25c29447f-9-0-0\" ><div\n\t\t\t\n\t\t\tclass=\"so-widget-sow-editor so-widget-sow-editor-base\"\n\t\t\t\n\t\t><h3 class=\"widget-title\">NIZO Food Research - Ede, Holanda <\/h3>\n<div class=\"siteorigin-widget-tinymce textwidget\">\n\t<\/div>\n<\/div><\/div><\/div><\/div><\/div><\/div><div id=\"pg-w668c25c29447f-10\"  class=\"panel-grid panel-has-style\" ><div class=\"siteorigin-panels-stretch perth-stretch panel-row-style panel-row-style-for-w668c25c29447f-10\" style=\"padding: 0px 0; \" data-stretch-type=\"full\" ><div id=\"pgc-w668c25c29447f-10-0\"  class=\"panel-grid-cell\" ><div id=\"panel-w668c25c29447f-10-0-0\" class=\"so-panel widget widget_lsow-testimonials-slider panel-first-child panel-last-child\" data-index=\"5\" ><div\n\t\t\t\n\t\t\tclass=\"so-widget-lsow-testimonials-slider so-widget-lsow-testimonials-slider-default-d75171398898-16490\"\n\t\t\t\n\t\t>\n<div class=\"lsow-testimonials-slider lsow-flexslider lsow-container\" data-settings='{\"slide_animation\":\"fade\",\"direction\":\"horizontal\",\"slideshow_speed\":5000,\"animation_speed\":600,\"control_nav\":\"\",\"direction_nav\":\"on\",\"pause_on_hover\":\"on\",\"pause_on_action\":\"on\"}'><div class=\"lsow-slides\"><div class=\"lsow-slide lsow-testimonial-wrapper\"><div class=\"lsow-testimonial\"><div class=\"lsow-testimonial-text\"><i class=\"lsow-icon-quote\"><\/i><p style=\"text-align: justify;\">Sou a Beatriz e terminei o curso Engenharia Biol\u00f3gica no in\u00edcio de 2021, depois de ter feito a parte experimental da minha tese na NIZO Food Research, uma empresa de tecnologia alimentar em Ede, nos Pa\u00edses Baixos.<\/p>\n<p style=\"text-align: justify;\">N\u00e3o foi a \u201ct\u00edpica\u201d experi\u00eancia de Erasmus, Ede \u00e9 uma cidade pequena (e das poucas sem canais naquele pa\u00eds), sem vida estudantil e sem muito para fazer. No entanto tive a sorte de ter um pequeno mas incr\u00edvel grupo de pessoas que me acompanharam naqueles meses e por isso, mesmo com uma pandemia pelo meio, n\u00e3o deixa de ser um per\u00edodo que agora ao olhar para tr\u00e1s recordo com carinho.<\/p>\n<p style=\"text-align: justify;\">\u00c9 engra\u00e7ado como um pa\u00eds que n\u00e3o fica assim t\u00e3o longe consegue ter h\u00e1bitos t\u00e3o diferentes. Jantares \u00e0s 18:30h, sandes e comidas frias, mais bicicletas do que pessoas. Foi tamb\u00e9m durante estes meses que dei verdadeiro valor aos fins de semana, n\u00e3o havia um \u00fanico em que n\u00e3o entrasse num comboio ao final do dia de sexta, rumo \u00e0 casa de algum amigo na outra ponta do pa\u00eds! Domingo \u00e0 noite estava de volta e j\u00e1 a planear o pr\u00f3ximo. Acho que sem d\u00favida o ter tido amigos que tamb\u00e9m estavam a fazer a tese espalhados pelo pa\u00eds foi das melhores coisas desta experi\u00eancia, as hist\u00f3rias e as mem\u00f3rias s\u00e3o insubstitu\u00edveis.<\/p>\n<p style=\"text-align: justify;\">Completamente satisfeita de ter escolhido os Pa\u00edses Baixos como \u201ccasa\u201d para a minha experi\u00eancia de Erasmus, apesar da l\u00edngua estranha, fui muito bem recebida e conheci pessoas que levarei comigo por muito tempo. Este tempo foi sem d\u00favida de adapta\u00e7\u00e3o, de sair da zona de conforto, de ir ter ao caf\u00e9 depois do trabalho, mesmo quando a vontade \u00e9 s\u00f3 ficar a dormir no sof\u00e1. Dormir pouco, aproveitar todos os momentos, porque se quando sa\u00edmos de Portugal, uns quantos meses parecem muito tempo, quando regressamos vemos que passou a voar!<\/p><\/div><div class=\"lsow-testimonial-user\"><div class=\"lsow-image-wrapper\"><img loading=\"lazy\" decoding=\"async\" width=\"150\" height=\"150\" src=\"https:\/\/i0.wp.com\/neb.ist.utl.pt\/~neb.daemon\/site\/wp-content\/uploads\/2021\/01\/Foto-Beatriz-Jubert.jpeg?resize=150%2C150&amp;ssl=1\" class=\"lsow-image full\" alt=\"\" srcset=\"https:\/\/i0.wp.com\/neb.ist.utl.pt\/~neb.daemon\/site\/wp-content\/uploads\/2021\/01\/Foto-Beatriz-Jubert.jpeg?resize=150%2C150&amp;ssl=1 150w, https:\/\/i0.wp.com\/neb.ist.utl.pt\/~neb.daemon\/site\/wp-content\/uploads\/2021\/01\/Foto-Beatriz-Jubert.jpeg?zoom=2&amp;resize=150%2C150&amp;ssl=1 300w, https:\/\/i0.wp.com\/neb.ist.utl.pt\/~neb.daemon\/site\/wp-content\/uploads\/2021\/01\/Foto-Beatriz-Jubert.jpeg?zoom=3&amp;resize=150%2C150&amp;ssl=1 450w\" sizes=\"(max-width: 150px) 100vw, 150px\" data-attachment-id=\"22834\" data-permalink=\"https:\/\/neb.ist.utl.pt\/~neb.daemon\/site\/foto-beatriz-jubert\/\" data-orig-file=\"https:\/\/i0.wp.com\/neb.ist.utl.pt\/~neb.daemon\/site\/wp-content\/uploads\/2021\/01\/Foto-Beatriz-Jubert.jpeg?fit=768%2C1024&amp;ssl=1\" data-orig-size=\"768,1024\" data-comments-opened=\"1\" data-image-meta=\"{&quot;aperture&quot;:&quot;0&quot;,&quot;credit&quot;:&quot;&quot;,&quot;camera&quot;:&quot;&quot;,&quot;caption&quot;:&quot;&quot;,&quot;created_timestamp&quot;:&quot;0&quot;,&quot;copyright&quot;:&quot;&quot;,&quot;focal_length&quot;:&quot;0&quot;,&quot;iso&quot;:&quot;0&quot;,&quot;shutter_speed&quot;:&quot;0&quot;,&quot;title&quot;:&quot;&quot;,&quot;orientation&quot;:&quot;0&quot;}\" data-image-title=\"Foto Beatriz Jubert\" data-image-description=\"\" data-image-caption=\"\" data-medium-file=\"https:\/\/i0.wp.com\/neb.ist.utl.pt\/~neb.daemon\/site\/wp-content\/uploads\/2021\/01\/Foto-Beatriz-Jubert.jpeg?fit=225%2C300&amp;ssl=1\" data-large-file=\"https:\/\/i0.wp.com\/neb.ist.utl.pt\/~neb.daemon\/site\/wp-content\/uploads\/2021\/01\/Foto-Beatriz-Jubert.jpeg?fit=768%2C1024&amp;ssl=1\" tabindex=\"0\" role=\"button\" \/><\/div><!-- .lsow-image-wrapper --><div class=\"lsow-text\"><h3 class=\"lsow-author-name\">Beatriz Jubert de Almeida <\/h3><div class=\"lsow-author-credentials\">Disserta\u00e7\u00e3o 2019\/2020<\/div><\/div><\/div><!-- .lsow-testimonial-user --><\/div><!-- .lsow-testimonial --><\/div><!-- .lsow-testimonial-wrapper.lsow-slide --><\/div><!-- .lsow-slides --><\/div><!-- .lsow-testimonials-slider --><\/div><\/div><\/div><\/div><\/div><div id=\"pg-w668c25c29447f-11\"  class=\"panel-grid panel-has-style\" ><div class=\"siteorigin-panels-stretch perth-stretch panel-row-style panel-row-style-for-w668c25c29447f-11\" style=\"background-color: #ffffff;color: #000000;padding: 25px 0; \" data-stretch-type=\"full\" data-hascolor=\"hascolor\" ><div id=\"pgc-w668c25c29447f-11-0\"  class=\"panel-grid-cell panel-grid-cell-empty\" ><\/div><\/div><\/div><div id=\"pg-w668c25c29447f-12\"  class=\"panel-grid panel-has-style\" ><div class=\"siteorigin-panels-stretch perth-stretch panel-row-style panel-row-style-for-w668c25c29447f-12\" style=\"background-color: #ffffff;color: #000000;padding: 25px 0; \" data-stretch-type=\"full\" data-hascolor=\"hascolor\" ><div id=\"pgc-w668c25c29447f-12-0\"  class=\"panel-grid-cell panel-grid-cell-empty\" ><\/div><\/div><\/div><div id=\"pg-w668c25c29447f-13\"  class=\"panel-grid panel-has-style\" ><div class=\"siteorigin-panels-stretch perth-stretch panel-row-style panel-row-style-for-w668c25c29447f-13\" style=\"padding: 0px 0; \" data-stretch-type=\"full\" ><div id=\"pgc-w668c25c29447f-13-0\"  class=\"panel-grid-cell\" ><div id=\"panel-w668c25c29447f-13-0-0\" class=\"so-panel widget widget_sow-editor panel-first-child panel-last-child\" data-index=\"6\" ><div class=\"panel-widget-style panel-widget-style-for-w668c25c29447f-13-0-0\" ><div\n\t\t\t\n\t\t\tclass=\"so-widget-sow-editor so-widget-sow-editor-base\"\n\t\t\t\n\t\t><h3 class=\"widget-title\">Interc\u00e2mbio - Tsinghua University, China <\/h3>\n<div class=\"siteorigin-widget-tinymce textwidget\">\n\t<\/div>\n<\/div><\/div><\/div><\/div><\/div><\/div><div id=\"pg-w668c25c29447f-14\"  class=\"panel-grid panel-has-style\" ><div class=\"siteorigin-panels-stretch perth-stretch panel-row-style panel-row-style-for-w668c25c29447f-14\" style=\"padding: 0px 0; \" data-stretch-type=\"full\" ><div id=\"pgc-w668c25c29447f-14-0\"  class=\"panel-grid-cell\" ><div id=\"panel-w668c25c29447f-14-0-0\" class=\"so-panel widget widget_lsow-testimonials-slider panel-first-child panel-last-child\" data-index=\"7\" ><div\n\t\t\t\n\t\t\tclass=\"so-widget-lsow-testimonials-slider so-widget-lsow-testimonials-slider-default-d75171398898-16490\"\n\t\t\t\n\t\t>\n<div class=\"lsow-testimonials-slider lsow-flexslider lsow-container\" data-settings='{\"slide_animation\":\"fade\",\"direction\":\"horizontal\",\"slideshow_speed\":5000,\"animation_speed\":600,\"control_nav\":\"\",\"direction_nav\":\"on\",\"pause_on_hover\":\"on\",\"pause_on_action\":\"on\"}'><div class=\"lsow-slides\"><div class=\"lsow-slide lsow-testimonial-wrapper\"><div class=\"lsow-testimonial\"><div class=\"lsow-testimonial-text\"><i class=\"lsow-icon-quote\"><\/i><p style=\"text-align: justify;\">Todos os ver\u00f5es, a Tsinghua University (melhor universidade da \u00c1sia para engenharia!) organiza o programa Experiencing China, de duas semanas, em que acolhe alunos de todo o mundo e d\u00e1 a conhecer a China de um ponto de vista social, econ\u00f3mico e cient\u00edfico e vale 2 ECTS. Alunos das melhores universidades do mundo s\u00e3o selecionados (r\u00e1cio de 1 para 7 geralmente) e \u00e9-lhes atribu\u00edda uma bolsa de estudos de duas semanas que cobre alojamento (quarto individual com WC), alimenta\u00e7\u00e3o e estudos, apesar do pa\u00eds ser muito barato. Esta candidatura\/escolha pode ser feita atrav\u00e9s da faculdade de origem (o T\u00e9cnico tem duas vagas reservadas, mas poucas candidaturas) ou individualmente. No meu caso, decidi candidatar-me individualmente.<\/p>\n<p style=\"text-align: justify;\">Dentro do programa candidatamo-nos a \u201ctracks\u201d que variam desde tecnologia e industria at\u00e9 arquitetura, educa\u00e7\u00e3o e estudos de g\u00e9nero. No meu caso, escolhi a track de Creative Cities, que se dedica a estudar como podemos fazer uma cidade evoluir de forma a fomentar a felicidade, produtividade e creatividade (super biol\u00f3gica, eu sei...). Todos estes programas t\u00eam imensas visitas de estudo a s\u00edtios relevantes da track e aulas\/workshops. Nos fins de semana, a universidade organiza visitas tur\u00edsticas \u00e0 cidade e \u00e0 Grande Muralha da China.<\/p>\n<p style=\"text-align: justify;\">Tenho a dizer que foi o melhor m\u00eas (e o mais quente) da minha vida. Se acham que o T\u00e9cnico \u00e9 grande, nem imaginam a Tsinghua. Todas as manh\u00e3s, caminh\u00e1vamos 30 min para atravessar meio campus para as aulas. Ao final da tarde, mais meia hora para ir \u00e0s compras num dos v\u00e1rios centros comerciais do campus, mais meia hora para ir beber bubble tea e outra meia hora para visitar um dos muitos templos do campus. Conheci pessoas de todos os cantos do mundo e formei amizades t\u00e3o fortes e improv\u00e1veis que ainda hoje marcamos viagens entre as nossas cidades e pa\u00edses natais para nos vermos. Experimentei de tudo, vi de tudo e comi de tudo!<\/p>\n<p style=\"text-align: justify;\">Aproveit\u00e1vamos todos os momentos livres para conhecer Pequim. Durante o dia visit\u00e1vamos todos os pontos tur\u00edsticos (e instagramable) da cidade e durante a noite deix\u00e1vamos tudo nas discotecas mais intensas que alguma vez ir\u00e3o conhecer. As discotecas em Pequim s\u00e3o para milion\u00e1rios, mas o facto de termos uma apar\u00eancia ocidental significa entrada gr\u00e1tis e garantida, com direito a tratamento VIP durante toda a noite! A popula\u00e7\u00e3o chinesa n\u00e3o est\u00e1 muito habituada a ter contacto com popula\u00e7\u00e3o ocidental, por isso um cabelo mais diferente, cor de pele mais escura ou um estilo menos normativo \u00e9 considerado meio ex\u00f3tico e resulta sempre em selfies. Imaginem um rapazinho gigante, loiro, de \u00f3culos redondos e meias coloridas... 500 selfies por dia!<\/p>\n<p style=\"text-align: justify;\">Depois destas duas semanas incr\u00edveis, pus a mala \u00e0s costas e passei as duas semanas seguintes a visitar o resto da China sozinho. Visitei pequenas aldeias no deserto, a cidade da Mulan, natureza incr\u00edvel, a heran\u00e7a portuguesa em Macau e a cidade mais cosmopolita do mundo, Hong Kong. Mas nem tudo foi um mar de rosas... A barreira lingu\u00edstica \u00e9 um entrave enorme que exigia que fizesse bastantes (e rid\u00edculos) teatros, desenhos etc, fui confrontado com um furac\u00e3o em Macau e com os protestos violentos de independ\u00eancia em Hong Kong. Mesmo assim, repetia sem qualquer sombra de d\u00favida toda esta experi\u00eancia e recomendo muito muito muito! Cresci imenso e conheci um estilo de vida diferente do que estava habituado e isso n\u00e3o tem pre\u00e7o \ud83d\ude42<\/p><\/div><div class=\"lsow-testimonial-user\"><div class=\"lsow-image-wrapper\"><img loading=\"lazy\" decoding=\"async\" width=\"150\" height=\"150\" src=\"https:\/\/i0.wp.com\/neb.ist.utl.pt\/~neb.daemon\/site\/wp-content\/uploads\/2021\/02\/Captura-de-ecra\u0303-2021-02-16-a\u0300s-21.33.21.png?resize=150%2C150&amp;ssl=1\" class=\"lsow-image full\" alt=\"\" srcset=\"https:\/\/i0.wp.com\/neb.ist.utl.pt\/~neb.daemon\/site\/wp-content\/uploads\/2021\/02\/Captura-de-ecra\u0303-2021-02-16-a\u0300s-21.33.21.png?resize=150%2C150&amp;ssl=1 150w, https:\/\/i0.wp.com\/neb.ist.utl.pt\/~neb.daemon\/site\/wp-content\/uploads\/2021\/02\/Captura-de-ecra\u0303-2021-02-16-a\u0300s-21.33.21.png?zoom=2&amp;resize=150%2C150&amp;ssl=1 300w, https:\/\/i0.wp.com\/neb.ist.utl.pt\/~neb.daemon\/site\/wp-content\/uploads\/2021\/02\/Captura-de-ecra\u0303-2021-02-16-a\u0300s-21.33.21.png?zoom=3&amp;resize=150%2C150&amp;ssl=1 450w\" sizes=\"(max-width: 150px) 100vw, 150px\" data-attachment-id=\"22974\" data-permalink=\"https:\/\/neb.ist.utl.pt\/~neb.daemon\/site\/plataforma-erasmus\/captura-de-ecra%cc%83-2021-02-16-as-21-33-21\/\" data-orig-file=\"https:\/\/i0.wp.com\/neb.ist.utl.pt\/~neb.daemon\/site\/wp-content\/uploads\/2021\/02\/Captura-de-ecra\u0303-2021-02-16-a\u0300s-21.33.21.png?fit=569%2C691&amp;ssl=1\" data-orig-size=\"569,691\" data-comments-opened=\"1\" data-image-meta=\"{&quot;aperture&quot;:&quot;0&quot;,&quot;credit&quot;:&quot;&quot;,&quot;camera&quot;:&quot;&quot;,&quot;caption&quot;:&quot;&quot;,&quot;created_timestamp&quot;:&quot;0&quot;,&quot;copyright&quot;:&quot;&quot;,&quot;focal_length&quot;:&quot;0&quot;,&quot;iso&quot;:&quot;0&quot;,&quot;shutter_speed&quot;:&quot;0&quot;,&quot;title&quot;:&quot;&quot;,&quot;orientation&quot;:&quot;0&quot;}\" data-image-title=\"Miguel Mata\" data-image-description=\"\" data-image-caption=\"\" data-medium-file=\"https:\/\/i0.wp.com\/neb.ist.utl.pt\/~neb.daemon\/site\/wp-content\/uploads\/2021\/02\/Captura-de-ecra\u0303-2021-02-16-a\u0300s-21.33.21.png?fit=247%2C300&amp;ssl=1\" data-large-file=\"https:\/\/i0.wp.com\/neb.ist.utl.pt\/~neb.daemon\/site\/wp-content\/uploads\/2021\/02\/Captura-de-ecra\u0303-2021-02-16-a\u0300s-21.33.21.png?fit=569%2C691&amp;ssl=1\" tabindex=\"0\" role=\"button\" \/><\/div><!-- .lsow-image-wrapper --><div class=\"lsow-text\"><h3 class=\"lsow-author-name\">Miguel Mata <\/h3><div class=\"lsow-author-credentials\">Interc\u00e2mbio 2019 <\/div><\/div><\/div><!-- .lsow-testimonial-user --><\/div><!-- .lsow-testimonial --><\/div><!-- .lsow-testimonial-wrapper.lsow-slide --><\/div><!-- .lsow-slides --><\/div><!-- .lsow-testimonials-slider --><\/div><\/div><\/div><\/div><\/div><\/div>\t\t\t\t\t\t<\/div>\n\t\t\t\t\t\t\t\t\t\t<\/div>\n\t\t\t\t\t\t\t<\/div>\n\n\t\t\t<\/div><\/div><\/div><\/div><\/div><div id=\"pg-16490-3\"  class=\"panel-grid panel-has-style\" ><div class=\"siteorigin-panels-stretch perth-stretch panel-row-style panel-row-style-for-16490-3\" style=\"background-color: #ffffff;color: #000000;padding: 15px 0; \" data-stretch-type=\"full\" data-hascolor=\"hascolor\" ><div id=\"pgc-16490-3-0\"  class=\"panel-grid-cell panel-grid-cell-empty\" ><\/div><\/div><\/div><\/div>","protected":false},"excerpt":{"rendered":"<p>Plataforma Erasmus Conhecer um pa\u00eds, novas pessoas e culturas enquanto completas o teu curso? Abra\u00e7a o conceito Erasmus e vais de certeza sair a ganhar! Fica a saber um pouco mais sobre as universidades mais procuradas pelos alunos de Biol\u00f3gica. N\u00e3o percas tamb\u00e9m os testemunhos dos teus colegas que j\u00e1 passaram por estas universidades. Se [&hellip;]<\/p>\n","protected":false},"author":1,"featured_media":0,"parent":0,"menu_order":0,"comment_status":"closed","ping_status":"closed","template":"page-templates\/page_front-page.php","meta":{"jetpack_post_was_ever_published":false,"footnotes":""},"wf_page_folders":[],"jetpack_sharing_enabled":true,"jetpack_shortlink":"https:\/\/wp.me\/P2fvZo-4hY","jetpack-related-posts":[],"_links":{"self":[{"href":"https:\/\/neb.ist.utl.pt\/~neb.daemon\/site\/wp-json\/wp\/v2\/pages\/16490"}],"collection":[{"href":"https:\/\/neb.ist.utl.pt\/~neb.daemon\/site\/wp-json\/wp\/v2\/pages"}],"about":[{"href":"https:\/\/neb.ist.utl.pt\/~neb.daemon\/site\/wp-json\/wp\/v2\/types\/page"}],"author":[{"embeddable":true,"href":"https:\/\/neb.ist.utl.pt\/~neb.daemon\/site\/wp-json\/wp\/v2\/users\/1"}],"replies":[{"embeddable":true,"href":"https:\/\/neb.ist.utl.pt\/~neb.daemon\/site\/wp-json\/wp\/v2\/comments?post=16490"}],"version-history":[{"count":0,"href":"https:\/\/neb.ist.utl.pt\/~neb.daemon\/site\/wp-json\/wp\/v2\/pages\/16490\/revisions"}],"wp:attachment":[{"href":"https:\/\/neb.ist.utl.pt\/~neb.daemon\/site\/wp-json\/wp\/v2\/media?parent=16490"}],"wp:term":[{"taxonomy":"wf_page_folders","embeddable":true,"href":"https:\/\/neb.ist.utl.pt\/~neb.daemon\/site\/wp-json\/wp\/v2\/wf_page_folders?post=16490"}],"curies":[{"name":"wp","href":"https:\/\/api.w.org\/{rel}","templated":true}]}}